{"id":128,"date":"2025-04-25T11:29:19","date_gmt":"2025-04-25T11:29:19","guid":{"rendered":"https:\/\/elsalvador.onda.es\/?page_id=128"},"modified":"2025-05-29T10:33:38","modified_gmt":"2025-05-29T10:33:38","slug":"el-ermitorio","status":"publish","type":"page","link":"https:\/\/elsalvador.onda.es\/?page_id=128","title":{"rendered":"El Ermitorio"},"content":{"rendered":"\t\t<div data-elementor-type=\"wp-page\" data-elementor-id=\"128\" class=\"elementor elementor-128\">\n\t\t\t\t<div data-particle_enable=\"false\" data-particle-mobile-disabled=\"false\" class=\"elementor-element elementor-element-70bc0971 e-grid e-con-boxed e-con e-parent\" data-id=\"70bc0971\" data-element_type=\"container\" data-settings=\"{&quot;background_background&quot;:&quot;classic&quot;}\">\n\t\t\t\t\t<div class=\"e-con-inner\">\n\t\t\t\t<div class=\"elementor-element elementor-element-13a41a71 elementor-widget elementor-widget-image\" data-id=\"13a41a71\" data-element_type=\"widget\" data-widget_type=\"image.default\">\n\t\t\t\t<div class=\"elementor-widget-container\">\n\t\t\t\t\t\t\t\t\t\t\t\t\t\t\t\t<a href=\"https:\/\/elsalvador.onda.es\/\">\n\t\t\t\t\t\t\t<img fetchpriority=\"high\" decoding=\"async\" width=\"888\" height=\"404\" src=\"https:\/\/elsalvador.onda.es\/wp-content\/uploads\/2025\/05\/AJUNTAMENT-ONDA-BLANC-1.png\" class=\"attachment-large size-large wp-image-493\" alt=\"\" srcset=\"https:\/\/elsalvador.onda.es\/wp-content\/uploads\/2025\/05\/AJUNTAMENT-ONDA-BLANC-1.png 888w, https:\/\/elsalvador.onda.es\/wp-content\/uploads\/2025\/05\/AJUNTAMENT-ONDA-BLANC-1-300x136.png 300w, https:\/\/elsalvador.onda.es\/wp-content\/uploads\/2025\/05\/AJUNTAMENT-ONDA-BLANC-1-768x349.png 768w\" sizes=\"(max-width: 888px) 100vw, 888px\" \/>\t\t\t\t\t\t\t\t<\/a>\n\t\t\t\t\t\t\t\t\t\t\t\t\t\t\t<\/div>\n\t\t\t\t<\/div>\n\t\t\t\t<div class=\"elementor-element elementor-element-50b01a3c eael_advanced_menu_hamburger_disable_selected_menu_hide eael-advanced-menu-hamburger-align-center eael-advanced-menu--stretch eael-hamburger--mobile elementor-widget__width-auto elementor-widget elementor-widget-eael-advanced-menu\" data-id=\"50b01a3c\" data-element_type=\"widget\" data-widget_type=\"eael-advanced-menu.skin-one\">\n\t\t\t\t<div class=\"elementor-widget-container\">\n\t\t\t\t\t<style>\n                        @media screen and (max-width: 767px) {\n                            .eael-hamburger--mobile {\n                                .eael-advanced-menu-horizontal,\n                                .eael-advanced-menu-vertical {\n                                    display: none;\n                                }\n                            }\n                            .eael-hamburger--mobile {\n                                .eael-advanced-menu-container .eael-advanced-menu-toggle {\n                                    display: block;\n                                }\n                            }\n                        }\n                    <\/style>            <div data-hamburger-icon=\"&lt;svg aria-hidden=&quot;true&quot; class=&quot;e-font-icon-svg e-fas-bars&quot; viewBox=&quot;0 0 448 512&quot; xmlns=&quot;http:\/\/www.w3.org\/2000\/svg&quot;&gt;&lt;path d=&quot;M16 132h416c8.837 0 16-7.163 16-16V76c0-8.837-7.163-16-16-16H16C7.163 60 0 67.163 0 76v40c0 8.837 7.163 16 16 16zm0 160h416c8.837 0 16-7.163 16-16v-40c0-8.837-7.163-16-16-16H16c-8.837 0-16 7.163-16 16v40c0 8.837 7.163 16 16 16zm0 160h416c8.837 0 16-7.163 16-16v-40c0-8.837-7.163-16-16-16H16c-8.837 0-16 7.163-16 16v40c0 8.837 7.163 16 16 16z&quot;&gt;&lt;\/path&gt;&lt;\/svg&gt;\" data-indicator-class=\"\" data-dropdown-indicator-class=\"&lt;svg aria-hidden=&quot;true&quot; class=&quot;e-font-icon-svg e-fas-angle-down&quot; viewBox=&quot;0 0 320 512&quot; xmlns=&quot;http:\/\/www.w3.org\/2000\/svg&quot;&gt;&lt;path d=&quot;M143 352.3L7 216.3c-9.4-9.4-9.4-24.6 0-33.9l22.6-22.6c9.4-9.4 24.6-9.4 33.9 0l96.4 96.4 96.4-96.4c9.4-9.4 24.6-9.4 33.9 0l22.6 22.6c9.4 9.4 9.4 24.6 0 33.9l-136 136c-9.2 9.4-24.4 9.4-33.8 0z&quot;&gt;&lt;\/path&gt;&lt;\/svg&gt;\" class=\"eael-advanced-menu-container eael-advanced-menu-align-center eael-advanced-menu-dropdown-align-left\" data-hamburger-breakpoints=\"{&quot;mobile&quot;:&quot;M\\u00f3vil vertical (&gt; 767px)&quot;,&quot;tablet&quot;:&quot;Tableta vertical (&gt; 1024px)&quot;,&quot;desktop&quot;:&quot;Desktop (&gt; 2400px)&quot;,&quot;none&quot;:&quot;None&quot;}\" data-hamburger-device=\"mobile\">\n                <ul id=\"menu-menu-1\" class=\"eael-advanced-menu eael-advanced-menu-dropdown-animate-fade eael-advanced-menu-indicator eael-advanced-menu-horizontal\"><li id=\"menu-item-413\" class=\"menu-item menu-item-type-post_type menu-item-object-page menu-item-home menu-item-413\"><a href=\"https:\/\/elsalvador.onda.es\/\">Inicio<\/a><\/li>\n<li id=\"menu-item-684\" class=\"menu-item menu-item-type-post_type menu-item-object-page menu-item-684\"><a href=\"https:\/\/elsalvador.onda.es\/?page_id=629\">Festividad<\/a><\/li>\n<li id=\"menu-item-416\" class=\"menu-item menu-item-type-post_type menu-item-object-page menu-item-has-children menu-item-416\"><a href=\"https:\/\/elsalvador.onda.es\/?page_id=86\">Historia<\/a>\n<ul class=\"sub-menu\">\n\t<li id=\"menu-item-415\" class=\"menu-item menu-item-type-post_type menu-item-object-page menu-item-415\"><a href=\"https:\/\/elsalvador.onda.es\/?page_id=128\">El Ermitorio<\/a><\/li>\n\t<li id=\"menu-item-417\" class=\"menu-item menu-item-type-post_type menu-item-object-page menu-item-417\"><a href=\"https:\/\/elsalvador.onda.es\/?page_id=209\">La Imagen del Salvador<\/a><\/li>\n\t<li id=\"menu-item-418\" class=\"menu-item menu-item-type-post_type menu-item-object-page menu-item-418\"><a href=\"https:\/\/elsalvador.onda.es\/?page_id=241\">Los Gozos al Salvador<\/a><\/li>\n<\/ul>\n<\/li>\n<li id=\"menu-item-419\" class=\"menu-item menu-item-type-post_type menu-item-object-page menu-item-419\"><a href=\"https:\/\/elsalvador.onda.es\/?page_id=344\">Tradiciones<\/a><\/li>\n<\/ul>                <button class=\"eael-advanced-menu-toggle\" aria-label=\"Essential Addons Toggle Menu\">\n                    <svg aria-hidden=\"true\" class=\"e-font-icon-svg e-fas-bars\" viewBox=\"0 0 448 512\" xmlns=\"http:\/\/www.w3.org\/2000\/svg\"><path d=\"M16 132h416c8.837 0 16-7.163 16-16V76c0-8.837-7.163-16-16-16H16C7.163 60 0 67.163 0 76v40c0 8.837 7.163 16 16 16zm0 160h416c8.837 0 16-7.163 16-16v-40c0-8.837-7.163-16-16-16H16c-8.837 0-16 7.163-16 16v40c0 8.837 7.163 16 16 16zm0 160h416c8.837 0 16-7.163 16-16v-40c0-8.837-7.163-16-16-16H16c-8.837 0-16 7.163-16 16v40c0 8.837 7.163 16 16 16z\"><\/path><\/svg>                <\/button>\n            <\/div>\n            \t\t\t\t<\/div>\n\t\t\t\t<\/div>\n\t\t\t\t\t<\/div>\n\t\t\t\t<\/div>\n\t\t\t\t<section data-particle_enable=\"false\" data-particle-mobile-disabled=\"false\" class=\"elementor-section elementor-top-section elementor-element elementor-element-28485768 elementor-section-height-min-height htmega_mobile_fit elementor-section-full_width elementor-section-height-default elementor-section-items-middle\" data-id=\"28485768\" data-element_type=\"section\" data-settings=\"{&quot;background_background&quot;:&quot;classic&quot;}\">\n\t\t\t\t\t\t\t<div class=\"elementor-background-overlay\"><\/div>\n\t\t\t\t\t\t\t<div class=\"elementor-container elementor-column-gap-default\">\n\t\t\t\t\t<div class=\"elementor-column elementor-col-100 elementor-top-column elementor-element elementor-element-16c6639\" data-id=\"16c6639\" data-element_type=\"column\">\n\t\t\t<div class=\"elementor-widget-wrap elementor-element-populated\">\n\t\t\t\t\t\t<div class=\"elementor-element elementor-element-26240707 elementor-invisible elementor-widget elementor-widget-heading\" data-id=\"26240707\" data-element_type=\"widget\" data-settings=\"{&quot;_animation&quot;:&quot;fadeInUp&quot;,&quot;_animation_delay&quot;:100}\" data-widget_type=\"heading.default\">\n\t\t\t\t<div class=\"elementor-widget-container\">\n\t\t\t\t\t<h2 class=\"elementor-heading-title elementor-size-default\">El Ermitorio<\/h2>\t\t\t\t<\/div>\n\t\t\t\t<\/div>\n\t\t\t\t\t<\/div>\n\t\t<\/div>\n\t\t\t\t\t<\/div>\n\t\t<\/section>\n\t\t\t\t<section data-particle_enable=\"false\" data-particle-mobile-disabled=\"false\" class=\"elementor-section elementor-top-section elementor-element elementor-element-a6f2b33 elementor-section-content-middle elementor-section-boxed elementor-section-height-default elementor-section-height-default\" data-id=\"a6f2b33\" data-element_type=\"section\">\n\t\t\t\t\t\t<div class=\"elementor-container elementor-column-gap-default\">\n\t\t\t\t\t<div class=\"elementor-column elementor-col-50 elementor-top-column elementor-element elementor-element-d47b610\" data-id=\"d47b610\" data-element_type=\"column\">\n\t\t\t<div class=\"elementor-widget-wrap elementor-element-populated\">\n\t\t\t\t\t\t<div class=\"elementor-element elementor-element-5e4ef25 elementor-widget elementor-widget-image\" data-id=\"5e4ef25\" data-element_type=\"widget\" data-widget_type=\"image.default\">\n\t\t\t\t<div class=\"elementor-widget-container\">\n\t\t\t\t\t\t\t\t\t\t\t\t\t\t\t<img decoding=\"async\" width=\"768\" height=\"768\" src=\"https:\/\/elsalvador.onda.es\/wp-content\/uploads\/2025\/04\/Ermita-Dibujo-768x768.png\" class=\"attachment-medium_large size-medium_large wp-image-148\" alt=\"\" srcset=\"https:\/\/elsalvador.onda.es\/wp-content\/uploads\/2025\/04\/Ermita-Dibujo-768x768.png 768w, https:\/\/elsalvador.onda.es\/wp-content\/uploads\/2025\/04\/Ermita-Dibujo-300x300.png 300w, https:\/\/elsalvador.onda.es\/wp-content\/uploads\/2025\/04\/Ermita-Dibujo-150x150.png 150w, https:\/\/elsalvador.onda.es\/wp-content\/uploads\/2025\/04\/Ermita-Dibujo-700x700.png 700w, https:\/\/elsalvador.onda.es\/wp-content\/uploads\/2025\/04\/Ermita-Dibujo.png 1024w\" sizes=\"(max-width: 768px) 100vw, 768px\" \/>\t\t\t\t\t\t\t\t\t\t\t\t\t\t\t<\/div>\n\t\t\t\t<\/div>\n\t\t\t\t\t<\/div>\n\t\t<\/div>\n\t\t\t\t<div class=\"elementor-column elementor-col-50 elementor-top-column elementor-element elementor-element-7b7a03e\" data-id=\"7b7a03e\" data-element_type=\"column\">\n\t\t\t<div class=\"elementor-widget-wrap elementor-element-populated\">\n\t\t\t\t\t\t<div class=\"elementor-element elementor-element-23cf200 elementor-widget elementor-widget-text-editor\" data-id=\"23cf200\" data-element_type=\"widget\" data-widget_type=\"text-editor.default\">\n\t\t\t\t<div class=\"elementor-widget-container\">\n\t\t\t\t\t\t\t\t\t<p>A tan solo cuatro kil\u00f3metros del n\u00facleo urbano de Onda, enclavado entre pinares y bancales antiguos, <b>se alza el Ermitorio del Sant\u00edsimo Salvador<\/b>, un conjunto arquitect\u00f3nico que conjuga fe, historia y naturaleza. M\u00e1s que un simple edificio religioso, este espacio constituye un s\u00edmbolo profundo de la identidad del pueblo de Onda, tanto por su valor patrimonial como por el arraigo popular de su devoci\u00f3n.<\/p>\t\t\t\t\t\t\t\t<\/div>\n\t\t\t\t<\/div>\n\t\t\t\t\t<\/div>\n\t\t<\/div>\n\t\t\t\t\t<\/div>\n\t\t<\/section>\n\t\t\t\t<section data-particle_enable=\"false\" data-particle-mobile-disabled=\"false\" class=\"elementor-section elementor-top-section elementor-element elementor-element-577f5764 elementor-section-boxed elementor-section-height-default elementor-section-height-default\" data-id=\"577f5764\" data-element_type=\"section\" data-settings=\"{&quot;background_background&quot;:&quot;classic&quot;}\">\n\t\t\t\t\t\t<div class=\"elementor-container elementor-column-gap-no\">\n\t\t\t\t\t<div class=\"elementor-column elementor-col-100 elementor-top-column elementor-element elementor-element-23490e16\" data-id=\"23490e16\" data-element_type=\"column\">\n\t\t\t<div class=\"elementor-widget-wrap elementor-element-populated\">\n\t\t\t\t\t\t<div class=\"elementor-element elementor-element-f5559d9 elementor-widget elementor-widget-text-editor\" data-id=\"f5559d9\" data-element_type=\"widget\" data-widget_type=\"text-editor.default\">\n\t\t\t\t<div class=\"elementor-widget-container\">\n\t\t\t\t\t\t\t\t\t<p>La <b>construcci\u00f3n original de la ermita data de finales del siglo XIV o comienzos del XV.<\/b> Deb\u00eda ser bastante sencillo, si atendemos a las escasas referencias documentales conocidas, y no fue sino hasta 1724 cuando se llevaron a cabo unas importantes obras de reforma, que sirvieron para<br \/>dotar a la capilla de una mayor amplitud y m\u00e1s rica decoraci\u00f3n de estilo barroco tard\u00edo, trabajos que tambi\u00e9n afectaron a la hospeder\u00eda y otras<br \/>dependencias del conjunto arquitect\u00f3nico, que de este modo consigui\u00f3 tener un car\u00e1cter mucho m\u00e1s monumental, en el que destaca limpia fachada as\u00ed como su caracter\u00edstico porche, para atender mejor a todos cuanto lo visitasen.<\/p>\t\t\t\t\t\t\t\t<\/div>\n\t\t\t\t<\/div>\n\t\t\t\t\t<\/div>\n\t\t<\/div>\n\t\t\t\t\t<\/div>\n\t\t<\/section>\n\t\t\t\t<section data-particle_enable=\"false\" data-particle-mobile-disabled=\"false\" class=\"elementor-section elementor-top-section elementor-element elementor-element-a0abdcf elementor-section-content-middle elementor-section-boxed elementor-section-height-default elementor-section-height-default\" data-id=\"a0abdcf\" data-element_type=\"section\">\n\t\t\t\t\t\t<div class=\"elementor-container elementor-column-gap-default\">\n\t\t\t\t\t<div class=\"elementor-column elementor-col-50 elementor-top-column elementor-element elementor-element-ed6bd00\" data-id=\"ed6bd00\" data-element_type=\"column\">\n\t\t\t<div class=\"elementor-widget-wrap elementor-element-populated\">\n\t\t\t\t\t\t<div class=\"elementor-element elementor-element-98b605c elementor-widget elementor-widget-text-editor\" data-id=\"98b605c\" data-element_type=\"widget\" data-widget_type=\"text-editor.default\">\n\t\t\t\t<div class=\"elementor-widget-container\">\n\t\t\t\t\t\t\t\t\t<p>La ermita tiene planta de cruz latina y se cubre con b\u00f3veda de ca\u00f1\u00f3n con lunetos. La decoraci\u00f3n interior, rica en rocallas de escayola de estilo barroco, se remata en el altar mayor con un retablo de los a\u00f1os cuarenta del siglo XX, de front\u00f3n curvo partido, en cuya parte central se encuentra la venerada imagen del Salvador, que tambi\u00e9n es de las mismas fechas, pues retablo y talla fueron destruidos durante la \u00faltima guerra espa\u00f1ola. El nuevo retablo no sigue las trazas del anterior, conocido por fotograf\u00edas antiguas, mientras que la talla del Salvador, que en origen era una pieza g\u00f3tica del siglo XV, repintada en 1555 por el gran pintor renacentista valenciano Juan de Juanes, quien le otorg\u00f3 el colorido y la expresi\u00f3n renacentista que ten\u00eda; a la hora de reproducirla se hizo de la manera m\u00e1s fiel posible a partir de antiguas fotograf\u00edas y pinturas del original destruido.<\/p>\t\t\t\t\t\t\t\t<\/div>\n\t\t\t\t<\/div>\n\t\t\t\t\t<\/div>\n\t\t<\/div>\n\t\t\t\t<div class=\"elementor-column elementor-col-50 elementor-top-column elementor-element elementor-element-3eb68f2\" data-id=\"3eb68f2\" data-element_type=\"column\">\n\t\t\t<div class=\"elementor-widget-wrap elementor-element-populated\">\n\t\t\t\t\t\t<div class=\"elementor-element elementor-element-43fea21 elementor-widget elementor-widget-image\" data-id=\"43fea21\" data-element_type=\"widget\" data-widget_type=\"image.default\">\n\t\t\t\t<div class=\"elementor-widget-container\">\n\t\t\t\t\t\t\t\t\t\t\t\t\t\t\t<img decoding=\"async\" width=\"1024\" height=\"1024\" src=\"https:\/\/elsalvador.onda.es\/wp-content\/uploads\/2025\/04\/ChatGPT-Image-25-abr-2025-13_50_56.png\" class=\"attachment-full size-full wp-image-147\" alt=\"\" srcset=\"https:\/\/elsalvador.onda.es\/wp-content\/uploads\/2025\/04\/ChatGPT-Image-25-abr-2025-13_50_56.png 1024w, https:\/\/elsalvador.onda.es\/wp-content\/uploads\/2025\/04\/ChatGPT-Image-25-abr-2025-13_50_56-300x300.png 300w, https:\/\/elsalvador.onda.es\/wp-content\/uploads\/2025\/04\/ChatGPT-Image-25-abr-2025-13_50_56-150x150.png 150w, https:\/\/elsalvador.onda.es\/wp-content\/uploads\/2025\/04\/ChatGPT-Image-25-abr-2025-13_50_56-768x768.png 768w, https:\/\/elsalvador.onda.es\/wp-content\/uploads\/2025\/04\/ChatGPT-Image-25-abr-2025-13_50_56-700x700.png 700w\" sizes=\"(max-width: 1024px) 100vw, 1024px\" \/>\t\t\t\t\t\t\t\t\t\t\t\t\t\t\t<\/div>\n\t\t\t\t<\/div>\n\t\t\t\t\t<\/div>\n\t\t<\/div>\n\t\t\t\t\t<\/div>\n\t\t<\/section>\n\t\t\t\t<section data-particle_enable=\"false\" data-particle-mobile-disabled=\"false\" class=\"elementor-section elementor-top-section elementor-element elementor-element-c10c503 elementor-section-boxed elementor-section-height-default elementor-section-height-default\" data-id=\"c10c503\" data-element_type=\"section\" data-settings=\"{&quot;background_background&quot;:&quot;classic&quot;}\">\n\t\t\t\t\t\t<div class=\"elementor-container elementor-column-gap-no\">\n\t\t\t\t\t<div class=\"elementor-column elementor-col-100 elementor-top-column elementor-element elementor-element-869f0df\" data-id=\"869f0df\" data-element_type=\"column\">\n\t\t\t<div class=\"elementor-widget-wrap elementor-element-populated\">\n\t\t\t\t\t\t<div class=\"elementor-element elementor-element-7b8d0a7 elementor-widget elementor-widget-text-editor\" data-id=\"7b8d0a7\" data-element_type=\"widget\" data-widget_type=\"text-editor.default\">\n\t\t\t\t<div class=\"elementor-widget-container\">\n\t\t\t\t\t\t\t\t\t<p>Adosada al templo se encuentra la antigua hospeder\u00eda, edificio de tres plantas con cubierta a dos aguas y fachada regular, que durante siglos acogi\u00f3 a peregrinos, visitantes y, m\u00e1s recientemente, celebraciones sociales. Su escalera central con claraboya de vidrio, la cer\u00e1mica modernista de la planta baja y los balcones de forja, son solo algunos de los muchos elementos que conservan el encanto de su pasado.<\/p><p>El porche, de construcci\u00f3n sencilla, serv\u00eda anta\u00f1o de refugio para romeros, con sus carretas y animales. Compuesto por pilares de ladrillo y techumbre de teja \u00e1rabe, delimita una explanada que act\u00faa como coraz\u00f3n del conjunto. En ella destaca una columna toscana de piedra, con cruz de forja en la parte superior, que preside este espacio abierto a la meditaci\u00f3n y la convivencia.<\/p><p>Todo el entorno est\u00e1 cuidadosamente integrado en el paisaje, con zonas arboladas, fuentes y senderos que serpentean entre bancales, ofreciendo un espacio ideal para la introspecci\u00f3n y el encuentro espiritual. En la parte posterior, junto a las construcciones anexas, una fuente con pila de piedra y un panel cer\u00e1mico del Salvador y la Samaritana evocan pasajes b\u00edblicos e invitan a la contemplaci\u00f3n.<\/p>\t\t\t\t\t\t\t\t<\/div>\n\t\t\t\t<\/div>\n\t\t\t\t\t<\/div>\n\t\t<\/div>\n\t\t\t\t\t<\/div>\n\t\t<\/section>\n\t\t\t\t<section data-particle_enable=\"false\" data-particle-mobile-disabled=\"false\" class=\"elementor-section elementor-top-section elementor-element elementor-element-f17249d elementor-section-content-middle elementor-section-boxed elementor-section-height-default elementor-section-height-default\" data-id=\"f17249d\" data-element_type=\"section\">\n\t\t\t\t\t\t<div class=\"elementor-container elementor-column-gap-default\">\n\t\t\t\t\t<div class=\"elementor-column elementor-col-50 elementor-top-column elementor-element elementor-element-597a747d\" data-id=\"597a747d\" data-element_type=\"column\">\n\t\t\t<div class=\"elementor-widget-wrap elementor-element-populated\">\n\t\t\t\t\t\t<div class=\"elementor-element elementor-element-79ddc5 elementor-widget elementor-widget-image\" data-id=\"79ddc5\" data-element_type=\"widget\" data-widget_type=\"image.default\">\n\t\t\t\t<div class=\"elementor-widget-container\">\n\t\t\t\t\t\t\t\t\t\t\t\t\t\t\t<img loading=\"lazy\" decoding=\"async\" width=\"768\" height=\"768\" src=\"https:\/\/elsalvador.onda.es\/wp-content\/uploads\/2025\/04\/Romeria-768x768.png\" class=\"attachment-medium_large size-medium_large wp-image-155\" alt=\"\" srcset=\"https:\/\/elsalvador.onda.es\/wp-content\/uploads\/2025\/04\/Romeria-768x768.png 768w, https:\/\/elsalvador.onda.es\/wp-content\/uploads\/2025\/04\/Romeria-300x300.png 300w, https:\/\/elsalvador.onda.es\/wp-content\/uploads\/2025\/04\/Romeria-150x150.png 150w, https:\/\/elsalvador.onda.es\/wp-content\/uploads\/2025\/04\/Romeria-700x700.png 700w, https:\/\/elsalvador.onda.es\/wp-content\/uploads\/2025\/04\/Romeria.png 1024w\" sizes=\"(max-width: 768px) 100vw, 768px\" \/>\t\t\t\t\t\t\t\t\t\t\t\t\t\t\t<\/div>\n\t\t\t\t<\/div>\n\t\t\t\t\t<\/div>\n\t\t<\/div>\n\t\t\t\t<div class=\"elementor-column elementor-col-50 elementor-top-column elementor-element elementor-element-3419029\" data-id=\"3419029\" data-element_type=\"column\">\n\t\t\t<div class=\"elementor-widget-wrap elementor-element-populated\">\n\t\t\t\t\t\t<div class=\"elementor-element elementor-element-52b0ef20 elementor-widget elementor-widget-text-editor\" data-id=\"52b0ef20\" data-element_type=\"widget\" data-widget_type=\"text-editor.default\">\n\t\t\t\t<div class=\"elementor-widget-container\">\n\t\t\t\t\t\t\t\t\t<p>A lo largo de los siglos, el ermitorio ha sido testigo de romer\u00edas, promesas, fiestas patronales, encuentros entre pueblos vecinos como son Onda y Fanzara, y celebraciones tan singulares como las Fiestas Constantinianas, celebradas cada siglo en conmemoraci\u00f3n del Edicto de Mil\u00e1n de 1313, que reconoci\u00f3 la libertad de culto en el Imperio Romano.<\/p><p>Este conjunto es un espacio vivo, cargado de memoria y devoci\u00f3n, que sigue convocando cada a\u00f1o a cientos de personas que ascienden en romer\u00eda con devoci\u00f3n infinita.<\/p>\t\t\t\t\t\t\t\t<\/div>\n\t\t\t\t<\/div>\n\t\t\t\t\t<\/div>\n\t\t<\/div>\n\t\t\t\t\t<\/div>\n\t\t<\/section>\n\t\t<div data-particle_enable=\"false\" data-particle-mobile-disabled=\"false\" class=\"elementor-element elementor-element-51447779 e-flex e-con-boxed e-con e-parent\" data-id=\"51447779\" data-element_type=\"container\" data-settings=\"{&quot;background_background&quot;:&quot;classic&quot;}\">\n\t\t\t\t\t<div class=\"e-con-inner\">\n\t\t<div data-particle_enable=\"false\" data-particle-mobile-disabled=\"false\" class=\"elementor-element elementor-element-10d87dc2 e-con-full e-flex e-con e-child\" data-id=\"10d87dc2\" data-element_type=\"container\">\n\t\t\t\t<div class=\"elementor-element elementor-element-7905e770 elementor-widget elementor-widget-text-editor\" data-id=\"7905e770\" data-element_type=\"widget\" data-widget_type=\"text-editor.default\">\n\t\t\t\t<div class=\"elementor-widget-container\">\n\t\t\t\t\t\t\t\t\t<p>\u00a0<\/p><h3><span style=\"color: #ffffff;\"><strong>Onda en las Redes<\/strong><\/span><\/h3><p><span style=\"color: #ffffff;\"><em>Comparte con nosotros la actualidad de Onda:<\/em><\/span><\/p>\t\t\t\t\t\t\t\t<\/div>\n\t\t\t\t<\/div>\n\t\t\t\t<div class=\"elementor-element elementor-element-4d531dbb e-grid-align-left elementor-shape-rounded elementor-grid-0 elementor-widget elementor-widget-social-icons\" data-id=\"4d531dbb\" data-element_type=\"widget\" data-widget_type=\"social-icons.default\">\n\t\t\t\t<div class=\"elementor-widget-container\">\n\t\t\t\t\t\t\t<div class=\"elementor-social-icons-wrapper elementor-grid\">\n\t\t\t\t\t\t\t<span class=\"elementor-grid-item\">\n\t\t\t\t\t<a class=\"elementor-icon elementor-social-icon elementor-social-icon-facebook elementor-repeater-item-69c90de\" href=\"https:\/\/www.facebook.com\/OndaAjuntament\/\" target=\"_blank\">\n\t\t\t\t\t\t<span class=\"elementor-screen-only\">Facebook<\/span>\n\t\t\t\t\t\t<svg class=\"e-font-icon-svg e-fab-facebook\" viewBox=\"0 0 512 512\" xmlns=\"http:\/\/www.w3.org\/2000\/svg\"><path d=\"M504 256C504 119 393 8 256 8S8 119 8 256c0 123.78 90.69 226.38 209.25 245V327.69h-63V256h63v-54.64c0-62.15 37-96.48 93.67-96.48 27.14 0 55.52 4.84 55.52 4.84v61h-31.28c-30.8 0-40.41 19.12-40.41 38.73V256h68.78l-11 71.69h-57.78V501C413.31 482.38 504 379.78 504 256z\"><\/path><\/svg>\t\t\t\t\t<\/a>\n\t\t\t\t<\/span>\n\t\t\t\t\t\t\t<span class=\"elementor-grid-item\">\n\t\t\t\t\t<a class=\"elementor-icon elementor-social-icon elementor-social-icon-twitter elementor-repeater-item-95df075\" href=\"https:\/\/x.com\/ondaajuntament\" target=\"_blank\">\n\t\t\t\t\t\t<span class=\"elementor-screen-only\">Twitter<\/span>\n\t\t\t\t\t\t<svg class=\"e-font-icon-svg e-fab-twitter\" viewBox=\"0 0 512 512\" xmlns=\"http:\/\/www.w3.org\/2000\/svg\"><path d=\"M459.37 151.716c.325 4.548.325 9.097.325 13.645 0 138.72-105.583 298.558-298.558 298.558-59.452 0-114.68-17.219-161.137-47.106 8.447.974 16.568 1.299 25.34 1.299 49.055 0 94.213-16.568 130.274-44.832-46.132-.975-84.792-31.188-98.112-72.772 6.498.974 12.995 1.624 19.818 1.624 9.421 0 18.843-1.3 27.614-3.573-48.081-9.747-84.143-51.98-84.143-102.985v-1.299c13.969 7.797 30.214 12.67 47.431 13.319-28.264-18.843-46.781-51.005-46.781-87.391 0-19.492 5.197-37.36 14.294-52.954 51.655 63.675 129.3 105.258 216.365 109.807-1.624-7.797-2.599-15.918-2.599-24.04 0-57.828 46.782-104.934 104.934-104.934 30.213 0 57.502 12.67 76.67 33.137 23.715-4.548 46.456-13.32 66.599-25.34-7.798 24.366-24.366 44.833-46.132 57.827 21.117-2.273 41.584-8.122 60.426-16.243-14.292 20.791-32.161 39.308-52.628 54.253z\"><\/path><\/svg>\t\t\t\t\t<\/a>\n\t\t\t\t<\/span>\n\t\t\t\t\t\t\t<span class=\"elementor-grid-item\">\n\t\t\t\t\t<a class=\"elementor-icon elementor-social-icon elementor-social-icon-youtube elementor-repeater-item-98fb40c\" href=\"https:\/\/www.youtube.com\/user\/OndaAyuntamiento\" target=\"_blank\">\n\t\t\t\t\t\t<span class=\"elementor-screen-only\">Youtube<\/span>\n\t\t\t\t\t\t<svg class=\"e-font-icon-svg e-fab-youtube\" viewBox=\"0 0 576 512\" xmlns=\"http:\/\/www.w3.org\/2000\/svg\"><path d=\"M549.655 124.083c-6.281-23.65-24.787-42.276-48.284-48.597C458.781 64 288 64 288 64S117.22 64 74.629 75.486c-23.497 6.322-42.003 24.947-48.284 48.597-11.412 42.867-11.412 132.305-11.412 132.305s0 89.438 11.412 132.305c6.281 23.65 24.787 41.5 48.284 47.821C117.22 448 288 448 288 448s170.78 0 213.371-11.486c23.497-6.321 42.003-24.171 48.284-47.821 11.412-42.867 11.412-132.305 11.412-132.305s0-89.438-11.412-132.305zm-317.51 213.508V175.185l142.739 81.205-142.739 81.201z\"><\/path><\/svg>\t\t\t\t\t<\/a>\n\t\t\t\t<\/span>\n\t\t\t\t\t\t\t<span class=\"elementor-grid-item\">\n\t\t\t\t\t<a class=\"elementor-icon elementor-social-icon elementor-social-icon-instagram elementor-repeater-item-e3e482e\" href=\"https:\/\/www.instagram.com\/ondaajuntament\" target=\"_blank\">\n\t\t\t\t\t\t<span class=\"elementor-screen-only\">Instagram<\/span>\n\t\t\t\t\t\t<svg class=\"e-font-icon-svg e-fab-instagram\" viewBox=\"0 0 448 512\" xmlns=\"http:\/\/www.w3.org\/2000\/svg\"><path d=\"M224.1 141c-63.6 0-114.9 51.3-114.9 114.9s51.3 114.9 114.9 114.9S339 319.5 339 255.9 287.7 141 224.1 141zm0 189.6c-41.1 0-74.7-33.5-74.7-74.7s33.5-74.7 74.7-74.7 74.7 33.5 74.7 74.7-33.6 74.7-74.7 74.7zm146.4-194.3c0 14.9-12 26.8-26.8 26.8-14.9 0-26.8-12-26.8-26.8s12-26.8 26.8-26.8 26.8 12 26.8 26.8zm76.1 27.2c-1.7-35.9-9.9-67.7-36.2-93.9-26.2-26.2-58-34.4-93.9-36.2-37-2.1-147.9-2.1-184.9 0-35.8 1.7-67.6 9.9-93.9 36.1s-34.4 58-36.2 93.9c-2.1 37-2.1 147.9 0 184.9 1.7 35.9 9.9 67.7 36.2 93.9s58 34.4 93.9 36.2c37 2.1 147.9 2.1 184.9 0 35.9-1.7 67.7-9.9 93.9-36.2 26.2-26.2 34.4-58 36.2-93.9 2.1-37 2.1-147.8 0-184.8zM398.8 388c-7.8 19.6-22.9 34.7-42.6 42.6-29.5 11.7-99.5 9-132.1 9s-102.7 2.6-132.1-9c-19.6-7.8-34.7-22.9-42.6-42.6-11.7-29.5-9-99.5-9-132.1s-2.6-102.7 9-132.1c7.8-19.6 22.9-34.7 42.6-42.6 29.5-11.7 99.5-9 132.1-9s102.7-2.6 132.1 9c19.6 7.8 34.7 22.9 42.6 42.6 11.7 29.5 9 99.5 9 132.1s2.7 102.7-9 132.1z\"><\/path><\/svg>\t\t\t\t\t<\/a>\n\t\t\t\t<\/span>\n\t\t\t\t\t\t\t<span class=\"elementor-grid-item\">\n\t\t\t\t\t<a class=\"elementor-icon elementor-social-icon elementor-social-icon-linkedin elementor-repeater-item-a9deeb8\" href=\"https:\/\/www.linkedin.com\/in\/ajuntament-d-onda-24a5111b4\/\" target=\"_blank\">\n\t\t\t\t\t\t<span class=\"elementor-screen-only\">Linkedin<\/span>\n\t\t\t\t\t\t<svg class=\"e-font-icon-svg e-fab-linkedin\" viewBox=\"0 0 448 512\" xmlns=\"http:\/\/www.w3.org\/2000\/svg\"><path d=\"M416 32H31.9C14.3 32 0 46.5 0 64.3v383.4C0 465.5 14.3 480 31.9 480H416c17.6 0 32-14.5 32-32.3V64.3c0-17.8-14.4-32.3-32-32.3zM135.4 416H69V202.2h66.5V416zm-33.2-243c-21.3 0-38.5-17.3-38.5-38.5S80.9 96 102.2 96c21.2 0 38.5 17.3 38.5 38.5 0 21.3-17.2 38.5-38.5 38.5zm282.1 243h-66.4V312c0-24.8-.5-56.7-34.5-56.7-34.6 0-39.9 27-39.9 54.9V416h-66.4V202.2h63.7v29.2h.9c8.9-16.8 30.6-34.5 62.9-34.5 67.2 0 79.7 44.3 79.7 101.9V416z\"><\/path><\/svg>\t\t\t\t\t<\/a>\n\t\t\t\t<\/span>\n\t\t\t\t\t<\/div>\n\t\t\t\t\t\t<\/div>\n\t\t\t\t<\/div>\n\t\t\t\t<div class=\"elementor-element elementor-element-3771edee elementor-widget elementor-widget-text-editor\" data-id=\"3771edee\" data-element_type=\"widget\" data-widget_type=\"text-editor.default\">\n\t\t\t\t<div class=\"elementor-widget-container\">\n\t\t\t\t\t\t\t\t\t<h3><span style=\"color: #ffffff;\"><strong>Ajuntament de Onda<\/strong><\/span><\/h3><p><span style=\"color: #ffffff;\"><em>El Pla, 1 &#8211; C.P.: 12200 &#8211; CIF: P1208400J &#8211; Tel\u00e9fono: 964 60 00 50 &#8211;\u00a0<\/em><\/span><\/p><p><span style=\"color: #ffffff;\"><em>N\u00ba Reg. Entidad Local 01120846<\/em><\/span><\/p><p><span style=\"color: #ffffff;\"><a style=\"color: #ffffff;\" href=\"https:\/\/elsalvador.onda.es\/?page_id=546\">Aviso Legal.<\/a> \u2022 <a style=\"color: #ffffff;\" href=\"https:\/\/elsalvador.onda.es\/?page_id=3\">Pol\u00edtica de privacidad.<\/a><\/span><\/p>\t\t\t\t\t\t\t\t<\/div>\n\t\t\t\t<\/div>\n\t\t\t\t<\/div>\n\t\t<div data-particle_enable=\"false\" data-particle-mobile-disabled=\"false\" class=\"elementor-element elementor-element-2bb665f0 e-con-full e-flex e-con e-child\" data-id=\"2bb665f0\" data-element_type=\"container\">\n\t\t\t\t<div class=\"elementor-element elementor-element-6c8c176e elementor-widget elementor-widget-heading\" data-id=\"6c8c176e\" data-element_type=\"widget\" data-widget_type=\"heading.default\">\n\t\t\t\t<div class=\"elementor-widget-container\">\n\t\t\t\t\t<h3 class=\"elementor-heading-title elementor-size-default\">Ubicaci\u00f3n<\/h3>\t\t\t\t<\/div>\n\t\t\t\t<\/div>\n\t\t\t\t<div class=\"elementor-element elementor-element-76cb21cc elementor-widget elementor-widget-google_maps\" data-id=\"76cb21cc\" data-element_type=\"widget\" data-widget_type=\"google_maps.default\">\n\t\t\t\t<div class=\"elementor-widget-container\">\n\t\t\t\t\t\t\t<div class=\"elementor-custom-embed\">\n\t\t\t<iframe loading=\"lazy\"\n\t\t\t\t\tsrc=\"https:\/\/maps.google.com\/maps?q=Salvador%20Onda&#038;t=m&#038;z=16&#038;output=embed&#038;iwloc=near\"\n\t\t\t\t\ttitle=\"Salvador Onda\"\n\t\t\t\t\taria-label=\"Salvador Onda\"\n\t\t\t><\/iframe>\n\t\t<\/div>\n\t\t\t\t\t\t<\/div>\n\t\t\t\t<\/div>\n\t\t\t\t<\/div>\n\t\t\t\t\t<\/div>\n\t\t\t\t<\/div>\n\t\t\t\t<\/div>\n\t\t","protected":false},"excerpt":{"rendered":"<p>Inicio Historia El Ermitorio La Imagen del Salvador Los Gozos al Salvador Tradiciones El Ermitorio A tan solo cuatro kil\u00f3metros del n\u00facleo urbano de Onda, enclavado entre pinares y bancales antiguos, se alza el Ermitorio del Sant\u00edsimo Salvador, un conjunto arquitect\u00f3nico que conjuga fe, historia y naturaleza. M\u00e1s que un simple edificio religioso, este espacio [&hellip;]<\/p>\n","protected":false},"author":2,"featured_media":0,"parent":0,"menu_order":0,"comment_status":"closed","ping_status":"closed","template":"elementor_canvas","meta":{"footnotes":""},"class_list":["post-128","page","type-page","status-publish","hentry"],"yoast_head":"<!-- This site is optimized with the Yoast SEO plugin v24.9 - https:\/\/yoast.com\/wordpress\/plugins\/seo\/ -->\n<title>El Ermitorio - El Salvador<\/title>\n<meta name=\"robots\" content=\"index, follow, max-snippet:-1, max-image-preview:large, max-video-preview:-1\" \/>\n<link rel=\"canonical\" href=\"https:\/\/elsalvador.onda.es\/?page_id=128\" \/>\n<meta property=\"og:locale\" content=\"es_ES\" \/>\n<meta property=\"og:type\" content=\"article\" \/>\n<meta property=\"og:title\" content=\"El Ermitorio - El Salvador\" \/>\n<meta property=\"og:description\" content=\"Inicio Historia El Ermitorio La Imagen del Salvador Los Gozos al Salvador Tradiciones El Ermitorio A tan solo cuatro kil\u00f3metros del n\u00facleo urbano de Onda, enclavado entre pinares y bancales antiguos, se alza el Ermitorio del Sant\u00edsimo Salvador, un conjunto arquitect\u00f3nico que conjuga fe, historia y naturaleza. M\u00e1s que un simple edificio religioso, este espacio [&hellip;]\" \/>\n<meta property=\"og:url\" content=\"https:\/\/elsalvador.onda.es\/?page_id=128\" \/>\n<meta property=\"og:site_name\" content=\"El Salvador\" \/>\n<meta property=\"article:modified_time\" content=\"2025-05-29T10:33:38+00:00\" \/>\n<meta property=\"og:image\" content=\"https:\/\/elsalvador.onda.es\/wp-content\/uploads\/2025\/05\/AJUNTAMENT-ONDA-BLANC-1.png\" \/>\n<meta name=\"twitter:card\" content=\"summary_large_image\" \/>\n<meta name=\"twitter:label1\" content=\"Tiempo de lectura\" \/>\n\t<meta name=\"twitter:data1\" content=\"4 minutos\" \/>\n<script type=\"application\/ld+json\" class=\"yoast-schema-graph\">{\"@context\":\"https:\/\/schema.org\",\"@graph\":[{\"@type\":\"WebPage\",\"@id\":\"https:\/\/elsalvador.onda.es\/?page_id=128\",\"url\":\"https:\/\/elsalvador.onda.es\/?page_id=128\",\"name\":\"El Ermitorio - El Salvador\",\"isPartOf\":{\"@id\":\"https:\/\/elsalvador.onda.es\/#website\"},\"primaryImageOfPage\":{\"@id\":\"https:\/\/elsalvador.onda.es\/?page_id=128#primaryimage\"},\"image\":{\"@id\":\"https:\/\/elsalvador.onda.es\/?page_id=128#primaryimage\"},\"thumbnailUrl\":\"https:\/\/elsalvador.onda.es\/wp-content\/uploads\/2025\/05\/AJUNTAMENT-ONDA-BLANC-1.png\",\"datePublished\":\"2025-04-25T11:29:19+00:00\",\"dateModified\":\"2025-05-29T10:33:38+00:00\",\"breadcrumb\":{\"@id\":\"https:\/\/elsalvador.onda.es\/?page_id=128#breadcrumb\"},\"inLanguage\":\"es\",\"potentialAction\":[{\"@type\":\"ReadAction\",\"target\":[\"https:\/\/elsalvador.onda.es\/?page_id=128\"]}]},{\"@type\":\"ImageObject\",\"inLanguage\":\"es\",\"@id\":\"https:\/\/elsalvador.onda.es\/?page_id=128#primaryimage\",\"url\":\"https:\/\/elsalvador.onda.es\/wp-content\/uploads\/2025\/05\/AJUNTAMENT-ONDA-BLANC-1.png\",\"contentUrl\":\"https:\/\/elsalvador.onda.es\/wp-content\/uploads\/2025\/05\/AJUNTAMENT-ONDA-BLANC-1.png\",\"width\":888,\"height\":404},{\"@type\":\"BreadcrumbList\",\"@id\":\"https:\/\/elsalvador.onda.es\/?page_id=128#breadcrumb\",\"itemListElement\":[{\"@type\":\"ListItem\",\"position\":1,\"name\":\"Portada\",\"item\":\"https:\/\/elsalvador.onda.es\/\"},{\"@type\":\"ListItem\",\"position\":2,\"name\":\"El Ermitorio\"}]},{\"@type\":\"WebSite\",\"@id\":\"https:\/\/elsalvador.onda.es\/#website\",\"url\":\"https:\/\/elsalvador.onda.es\/\",\"name\":\"El Salvador\",\"description\":\"\",\"potentialAction\":[{\"@type\":\"SearchAction\",\"target\":{\"@type\":\"EntryPoint\",\"urlTemplate\":\"https:\/\/elsalvador.onda.es\/?s={search_term_string}\"},\"query-input\":{\"@type\":\"PropertyValueSpecification\",\"valueRequired\":true,\"valueName\":\"search_term_string\"}}],\"inLanguage\":\"es\"}]}<\/script>\n<!-- \/ Yoast SEO plugin. -->","yoast_head_json":{"title":"El Ermitorio - El Salvador","robots":{"index":"index","follow":"follow","max-snippet":"max-snippet:-1","max-image-preview":"max-image-preview:large","max-video-preview":"max-video-preview:-1"},"canonical":"https:\/\/elsalvador.onda.es\/?page_id=128","og_locale":"es_ES","og_type":"article","og_title":"El Ermitorio - El Salvador","og_description":"Inicio Historia El Ermitorio La Imagen del Salvador Los Gozos al Salvador Tradiciones El Ermitorio A tan solo cuatro kil\u00f3metros del n\u00facleo urbano de Onda, enclavado entre pinares y bancales antiguos, se alza el Ermitorio del Sant\u00edsimo Salvador, un conjunto arquitect\u00f3nico que conjuga fe, historia y naturaleza. M\u00e1s que un simple edificio religioso, este espacio [&hellip;]","og_url":"https:\/\/elsalvador.onda.es\/?page_id=128","og_site_name":"El Salvador","article_modified_time":"2025-05-29T10:33:38+00:00","og_image":[{"url":"https:\/\/elsalvador.onda.es\/wp-content\/uploads\/2025\/05\/AJUNTAMENT-ONDA-BLANC-1.png","type":"","width":"","height":""}],"twitter_card":"summary_large_image","twitter_misc":{"Tiempo de lectura":"4 minutos"},"schema":{"@context":"https:\/\/schema.org","@graph":[{"@type":"WebPage","@id":"https:\/\/elsalvador.onda.es\/?page_id=128","url":"https:\/\/elsalvador.onda.es\/?page_id=128","name":"El Ermitorio - El Salvador","isPartOf":{"@id":"https:\/\/elsalvador.onda.es\/#website"},"primaryImageOfPage":{"@id":"https:\/\/elsalvador.onda.es\/?page_id=128#primaryimage"},"image":{"@id":"https:\/\/elsalvador.onda.es\/?page_id=128#primaryimage"},"thumbnailUrl":"https:\/\/elsalvador.onda.es\/wp-content\/uploads\/2025\/05\/AJUNTAMENT-ONDA-BLANC-1.png","datePublished":"2025-04-25T11:29:19+00:00","dateModified":"2025-05-29T10:33:38+00:00","breadcrumb":{"@id":"https:\/\/elsalvador.onda.es\/?page_id=128#breadcrumb"},"inLanguage":"es","potentialAction":[{"@type":"ReadAction","target":["https:\/\/elsalvador.onda.es\/?page_id=128"]}]},{"@type":"ImageObject","inLanguage":"es","@id":"https:\/\/elsalvador.onda.es\/?page_id=128#primaryimage","url":"https:\/\/elsalvador.onda.es\/wp-content\/uploads\/2025\/05\/AJUNTAMENT-ONDA-BLANC-1.png","contentUrl":"https:\/\/elsalvador.onda.es\/wp-content\/uploads\/2025\/05\/AJUNTAMENT-ONDA-BLANC-1.png","width":888,"height":404},{"@type":"BreadcrumbList","@id":"https:\/\/elsalvador.onda.es\/?page_id=128#breadcrumb","itemListElement":[{"@type":"ListItem","position":1,"name":"Portada","item":"https:\/\/elsalvador.onda.es\/"},{"@type":"ListItem","position":2,"name":"El Ermitorio"}]},{"@type":"WebSite","@id":"https:\/\/elsalvador.onda.es\/#website","url":"https:\/\/elsalvador.onda.es\/","name":"El Salvador","description":"","potentialAction":[{"@type":"SearchAction","target":{"@type":"EntryPoint","urlTemplate":"https:\/\/elsalvador.onda.es\/?s={search_term_string}"},"query-input":{"@type":"PropertyValueSpecification","valueRequired":true,"valueName":"search_term_string"}}],"inLanguage":"es"}]}},"_links":{"self":[{"href":"https:\/\/elsalvador.onda.es\/index.php?rest_route=\/wp\/v2\/pages\/128","targetHints":{"allow":["GET"]}}],"collection":[{"href":"https:\/\/elsalvador.onda.es\/index.php?rest_route=\/wp\/v2\/pages"}],"about":[{"href":"https:\/\/elsalvador.onda.es\/index.php?rest_route=\/wp\/v2\/types\/page"}],"author":[{"embeddable":true,"href":"https:\/\/elsalvador.onda.es\/index.php?rest_route=\/wp\/v2\/users\/2"}],"replies":[{"embeddable":true,"href":"https:\/\/elsalvador.onda.es\/index.php?rest_route=%2Fwp%2Fv2%2Fcomments&post=128"}],"version-history":[{"count":16,"href":"https:\/\/elsalvador.onda.es\/index.php?rest_route=\/wp\/v2\/pages\/128\/revisions"}],"predecessor-version":[{"id":612,"href":"https:\/\/elsalvador.onda.es\/index.php?rest_route=\/wp\/v2\/pages\/128\/revisions\/612"}],"wp:attachment":[{"href":"https:\/\/elsalvador.onda.es\/index.php?rest_route=%2Fwp%2Fv2%2Fmedia&parent=128"}],"curies":[{"name":"wp","href":"https:\/\/api.w.org\/{rel}","templated":true}]}}