{"id":344,"date":"2025-05-08T12:15:33","date_gmt":"2025-05-08T12:15:33","guid":{"rendered":"https:\/\/elsalvador.onda.es\/?page_id=344"},"modified":"2025-06-02T08:40:25","modified_gmt":"2025-06-02T08:40:25","slug":"los-gozos-al-salvador-copy","status":"publish","type":"page","link":"https:\/\/elsalvador.onda.es\/?page_id=344","title":{"rendered":"Tradiciones"},"content":{"rendered":"\t\t<div data-elementor-type=\"wp-page\" data-elementor-id=\"344\" class=\"elementor elementor-344\">\n\t\t\t\t<div data-particle_enable=\"false\" data-particle-mobile-disabled=\"false\" class=\"elementor-element elementor-element-46108bf8 e-grid e-con-boxed e-con e-parent\" data-id=\"46108bf8\" data-element_type=\"container\" data-settings=\"{&quot;background_background&quot;:&quot;classic&quot;}\">\n\t\t\t\t\t<div class=\"e-con-inner\">\n\t\t\t\t<div class=\"elementor-element elementor-element-58100099 elementor-widget elementor-widget-image\" data-id=\"58100099\" data-element_type=\"widget\" data-widget_type=\"image.default\">\n\t\t\t\t<div class=\"elementor-widget-container\">\n\t\t\t\t\t\t\t\t\t\t\t\t\t\t\t\t<a href=\"https:\/\/elsalvador.onda.es\/\">\n\t\t\t\t\t\t\t<img fetchpriority=\"high\" decoding=\"async\" width=\"888\" height=\"404\" src=\"https:\/\/elsalvador.onda.es\/wp-content\/uploads\/2025\/05\/AJUNTAMENT-ONDA-BLANC-1.png\" class=\"attachment-large size-large wp-image-493\" alt=\"\" srcset=\"https:\/\/elsalvador.onda.es\/wp-content\/uploads\/2025\/05\/AJUNTAMENT-ONDA-BLANC-1.png 888w, https:\/\/elsalvador.onda.es\/wp-content\/uploads\/2025\/05\/AJUNTAMENT-ONDA-BLANC-1-300x136.png 300w, https:\/\/elsalvador.onda.es\/wp-content\/uploads\/2025\/05\/AJUNTAMENT-ONDA-BLANC-1-768x349.png 768w\" sizes=\"(max-width: 888px) 100vw, 888px\" \/>\t\t\t\t\t\t\t\t<\/a>\n\t\t\t\t\t\t\t\t\t\t\t\t\t\t\t<\/div>\n\t\t\t\t<\/div>\n\t\t\t\t<div class=\"elementor-element elementor-element-538a5e02 eael_advanced_menu_hamburger_disable_selected_menu_hide eael-advanced-menu-hamburger-align-center eael-advanced-menu--stretch eael-hamburger--mobile elementor-widget__width-auto elementor-widget elementor-widget-eael-advanced-menu\" data-id=\"538a5e02\" data-element_type=\"widget\" data-widget_type=\"eael-advanced-menu.skin-one\">\n\t\t\t\t<div class=\"elementor-widget-container\">\n\t\t\t\t\t<style>\n                        @media screen and (max-width: 767px) {\n                            .eael-hamburger--mobile {\n                                .eael-advanced-menu-horizontal,\n                                .eael-advanced-menu-vertical {\n                                    display: none;\n                                }\n                            }\n                            .eael-hamburger--mobile {\n                                .eael-advanced-menu-container .eael-advanced-menu-toggle {\n                                    display: block;\n                                }\n                            }\n                        }\n                    <\/style>            <div data-hamburger-icon=\"&lt;svg aria-hidden=&quot;true&quot; class=&quot;e-font-icon-svg e-fas-bars&quot; viewBox=&quot;0 0 448 512&quot; xmlns=&quot;http:\/\/www.w3.org\/2000\/svg&quot;&gt;&lt;path d=&quot;M16 132h416c8.837 0 16-7.163 16-16V76c0-8.837-7.163-16-16-16H16C7.163 60 0 67.163 0 76v40c0 8.837 7.163 16 16 16zm0 160h416c8.837 0 16-7.163 16-16v-40c0-8.837-7.163-16-16-16H16c-8.837 0-16 7.163-16 16v40c0 8.837 7.163 16 16 16zm0 160h416c8.837 0 16-7.163 16-16v-40c0-8.837-7.163-16-16-16H16c-8.837 0-16 7.163-16 16v40c0 8.837 7.163 16 16 16z&quot;&gt;&lt;\/path&gt;&lt;\/svg&gt;\" data-indicator-class=\"\" data-dropdown-indicator-class=\"&lt;svg aria-hidden=&quot;true&quot; class=&quot;e-font-icon-svg e-fas-angle-down&quot; viewBox=&quot;0 0 320 512&quot; xmlns=&quot;http:\/\/www.w3.org\/2000\/svg&quot;&gt;&lt;path d=&quot;M143 352.3L7 216.3c-9.4-9.4-9.4-24.6 0-33.9l22.6-22.6c9.4-9.4 24.6-9.4 33.9 0l96.4 96.4 96.4-96.4c9.4-9.4 24.6-9.4 33.9 0l22.6 22.6c9.4 9.4 9.4 24.6 0 33.9l-136 136c-9.2 9.4-24.4 9.4-33.8 0z&quot;&gt;&lt;\/path&gt;&lt;\/svg&gt;\" class=\"eael-advanced-menu-container eael-advanced-menu-align-center eael-advanced-menu-dropdown-align-left\" data-hamburger-breakpoints=\"{&quot;mobile&quot;:&quot;M\\u00f3vil vertical (&gt; 767px)&quot;,&quot;tablet&quot;:&quot;Tableta vertical (&gt; 1024px)&quot;,&quot;desktop&quot;:&quot;Desktop (&gt; 2400px)&quot;,&quot;none&quot;:&quot;None&quot;}\" data-hamburger-device=\"mobile\">\n                <ul id=\"menu-menu-1\" class=\"eael-advanced-menu eael-advanced-menu-dropdown-animate-fade eael-advanced-menu-indicator eael-advanced-menu-horizontal\"><li id=\"menu-item-413\" class=\"menu-item menu-item-type-post_type menu-item-object-page menu-item-home menu-item-413\"><a href=\"https:\/\/elsalvador.onda.es\/\">Inicio<\/a><\/li>\n<li id=\"menu-item-684\" class=\"menu-item menu-item-type-post_type menu-item-object-page menu-item-684\"><a href=\"https:\/\/elsalvador.onda.es\/?page_id=629\">Festividad<\/a><\/li>\n<li id=\"menu-item-416\" class=\"menu-item menu-item-type-post_type menu-item-object-page menu-item-has-children menu-item-416\"><a href=\"https:\/\/elsalvador.onda.es\/?page_id=86\">Historia<\/a>\n<ul class=\"sub-menu\">\n\t<li id=\"menu-item-415\" class=\"menu-item menu-item-type-post_type menu-item-object-page menu-item-415\"><a href=\"https:\/\/elsalvador.onda.es\/?page_id=128\">El Ermitorio<\/a><\/li>\n\t<li id=\"menu-item-417\" class=\"menu-item menu-item-type-post_type menu-item-object-page menu-item-417\"><a href=\"https:\/\/elsalvador.onda.es\/?page_id=209\">La Imagen del Salvador<\/a><\/li>\n\t<li id=\"menu-item-418\" class=\"menu-item menu-item-type-post_type menu-item-object-page menu-item-418\"><a href=\"https:\/\/elsalvador.onda.es\/?page_id=241\">Los Gozos al Salvador<\/a><\/li>\n<\/ul>\n<\/li>\n<li id=\"menu-item-419\" class=\"menu-item menu-item-type-post_type menu-item-object-page menu-item-419\"><a href=\"https:\/\/elsalvador.onda.es\/?page_id=344\">Tradiciones<\/a><\/li>\n<\/ul>                <button class=\"eael-advanced-menu-toggle\" aria-label=\"Essential Addons Toggle Menu\">\n                    <svg aria-hidden=\"true\" class=\"e-font-icon-svg e-fas-bars\" viewBox=\"0 0 448 512\" xmlns=\"http:\/\/www.w3.org\/2000\/svg\"><path d=\"M16 132h416c8.837 0 16-7.163 16-16V76c0-8.837-7.163-16-16-16H16C7.163 60 0 67.163 0 76v40c0 8.837 7.163 16 16 16zm0 160h416c8.837 0 16-7.163 16-16v-40c0-8.837-7.163-16-16-16H16c-8.837 0-16 7.163-16 16v40c0 8.837 7.163 16 16 16zm0 160h416c8.837 0 16-7.163 16-16v-40c0-8.837-7.163-16-16-16H16c-8.837 0-16 7.163-16 16v40c0 8.837 7.163 16 16 16z\"><\/path><\/svg>                <\/button>\n            <\/div>\n            \t\t\t\t<\/div>\n\t\t\t\t<\/div>\n\t\t\t\t\t<\/div>\n\t\t\t\t<\/div>\n\t\t\t\t<section data-particle_enable=\"false\" data-particle-mobile-disabled=\"false\" class=\"elementor-section elementor-top-section elementor-element elementor-element-28485768 elementor-section-height-min-height htmega_mobile_fit elementor-section-full_width elementor-section-height-default elementor-section-items-middle\" data-id=\"28485768\" data-element_type=\"section\" data-settings=\"{&quot;background_background&quot;:&quot;classic&quot;}\">\n\t\t\t\t\t\t\t<div class=\"elementor-background-overlay\"><\/div>\n\t\t\t\t\t\t\t<div class=\"elementor-container elementor-column-gap-default\">\n\t\t\t\t\t<div class=\"elementor-column elementor-col-100 elementor-top-column elementor-element elementor-element-16c6639\" data-id=\"16c6639\" data-element_type=\"column\">\n\t\t\t<div class=\"elementor-widget-wrap elementor-element-populated\">\n\t\t\t\t\t\t<div class=\"elementor-element elementor-element-26240707 elementor-invisible elementor-widget elementor-widget-heading\" data-id=\"26240707\" data-element_type=\"widget\" data-settings=\"{&quot;_animation&quot;:&quot;fadeInUp&quot;,&quot;_animation_delay&quot;:100}\" data-widget_type=\"heading.default\">\n\t\t\t\t<div class=\"elementor-widget-container\">\n\t\t\t\t\t<h2 class=\"elementor-heading-title elementor-size-default\">Tradiciones populares <br>y otras curiosidades \n<\/h2>\t\t\t\t<\/div>\n\t\t\t\t<\/div>\n\t\t\t\t\t<\/div>\n\t\t<\/div>\n\t\t\t\t\t<\/div>\n\t\t<\/section>\n\t\t<div data-particle_enable=\"false\" data-particle-mobile-disabled=\"false\" class=\"elementor-element elementor-element-b7f0d17 e-flex e-con-boxed e-con e-parent\" data-id=\"b7f0d17\" data-element_type=\"container\">\n\t\t\t\t\t<div class=\"e-con-inner\">\n\t\t\t\t<div class=\"elementor-element elementor-element-df54156 elementor-widget elementor-widget-spacer\" data-id=\"df54156\" data-element_type=\"widget\" data-widget_type=\"spacer.default\">\n\t\t\t\t<div class=\"elementor-widget-container\">\n\t\t\t\t\t\t\t<div class=\"elementor-spacer\">\n\t\t\t<div class=\"elementor-spacer-inner\"><\/div>\n\t\t<\/div>\n\t\t\t\t\t\t<\/div>\n\t\t\t\t<\/div>\n\t\t\t\t<div class=\"elementor-element elementor-element-56d2fb6 elementor-widget elementor-widget-text-editor\" data-id=\"56d2fb6\" data-element_type=\"widget\" data-widget_type=\"text-editor.default\">\n\t\t\t\t<div class=\"elementor-widget-container\">\n\t\t\t\t\t\t\t\t\t<p><span id=\"docs-internal-guid-29524c11-7fff-52f9-7312-5039ca42af23\"><span style=\"font-size: 12pt; font-family: Poppins, sans-serif; color: #000000; background-color: transparent; font-variant-numeric: normal; font-variant-east-asian: normal; font-variant-alternates: normal; font-variant-position: normal; font-variant-emoji: normal; vertical-align: baseline; white-space-collapse: preserve;\">Las manifestaciones de la religiosidad popular son muy variadas, <\/span><\/span><\/p><p><span style=\"font-size: 12pt; font-family: Poppins, sans-serif; color: #000000; background-color: transparent; font-variant-numeric: normal; font-variant-east-asian: normal; font-variant-alternates: normal; font-variant-position: normal; font-variant-emoji: normal; vertical-align: baseline; white-space-collapse: preserve;\">pero entre los principales ejemplos, destacaremos los tres siguientes:<\/span><\/p>\t\t\t\t\t\t\t\t<\/div>\n\t\t\t\t<\/div>\n\t\t\t\t<div class=\"elementor-element elementor-element-c2256e6 elementor-widget elementor-widget-spacer\" data-id=\"c2256e6\" data-element_type=\"widget\" data-widget_type=\"spacer.default\">\n\t\t\t\t<div class=\"elementor-widget-container\">\n\t\t\t\t\t\t\t<div class=\"elementor-spacer\">\n\t\t\t<div class=\"elementor-spacer-inner\"><\/div>\n\t\t<\/div>\n\t\t\t\t\t\t<\/div>\n\t\t\t\t<\/div>\n\t\t\t\t\t<\/div>\n\t\t\t\t<\/div>\n\t\t\t\t<section data-particle_enable=\"false\" data-particle-mobile-disabled=\"false\" class=\"elementor-section elementor-top-section elementor-element elementor-element-8a79423 elementor-section-content-middle elementor-section-boxed elementor-section-height-default elementor-section-height-default\" data-id=\"8a79423\" data-element_type=\"section\">\n\t\t\t\t\t\t<div class=\"elementor-container elementor-column-gap-default\">\n\t\t\t\t\t<div class=\"elementor-column elementor-col-50 elementor-top-column elementor-element elementor-element-c8ef8bc\" data-id=\"c8ef8bc\" data-element_type=\"column\">\n\t\t\t<div class=\"elementor-widget-wrap elementor-element-populated\">\n\t\t\t\t\t\t<div class=\"elementor-element elementor-element-6a03865 elementor-widget elementor-widget-image\" data-id=\"6a03865\" data-element_type=\"widget\" data-widget_type=\"image.default\">\n\t\t\t\t<div class=\"elementor-widget-container\">\n\t\t\t\t\t\t\t\t\t\t\t\t\t\t\t<img decoding=\"async\" width=\"768\" height=\"572\" src=\"https:\/\/elsalvador.onda.es\/wp-content\/uploads\/2025\/05\/CRO_1721-1-768x572.jpg\" class=\"attachment-medium_large size-medium_large wp-image-348\" alt=\"\" srcset=\"https:\/\/elsalvador.onda.es\/wp-content\/uploads\/2025\/05\/CRO_1721-1-768x572.jpg 768w, https:\/\/elsalvador.onda.es\/wp-content\/uploads\/2025\/05\/CRO_1721-1-300x224.jpg 300w, https:\/\/elsalvador.onda.es\/wp-content\/uploads\/2025\/05\/CRO_1721-1-1024x763.jpg 1024w, https:\/\/elsalvador.onda.es\/wp-content\/uploads\/2025\/05\/CRO_1721-1-1536x1145.jpg 1536w, https:\/\/elsalvador.onda.es\/wp-content\/uploads\/2025\/05\/CRO_1721-1-2048x1526.jpg 2048w\" sizes=\"(max-width: 768px) 100vw, 768px\" \/>\t\t\t\t\t\t\t\t\t\t\t\t\t\t\t<\/div>\n\t\t\t\t<\/div>\n\t\t\t\t\t<\/div>\n\t\t<\/div>\n\t\t\t\t<div class=\"elementor-column elementor-col-50 elementor-top-column elementor-element elementor-element-675f6d8\" data-id=\"675f6d8\" data-element_type=\"column\">\n\t\t\t<div class=\"elementor-widget-wrap elementor-element-populated\">\n\t\t\t\t\t\t<div class=\"elementor-element elementor-element-0d74840 elementor-widget elementor-widget-heading\" data-id=\"0d74840\" data-element_type=\"widget\" data-widget_type=\"heading.default\">\n\t\t\t\t<div class=\"elementor-widget-container\">\n\t\t\t\t\t<h2 class=\"elementor-heading-title elementor-size-default\">Ofrendas<\/h2>\t\t\t\t<\/div>\n\t\t\t\t<\/div>\n\t\t\t\t<div class=\"elementor-element elementor-element-dea9b36 elementor-widget-divider--view-line elementor-widget elementor-widget-divider\" data-id=\"dea9b36\" data-element_type=\"widget\" data-widget_type=\"divider.default\">\n\t\t\t\t<div class=\"elementor-widget-container\">\n\t\t\t\t\t\t\t<div class=\"elementor-divider\">\n\t\t\t<span class=\"elementor-divider-separator\">\n\t\t\t\t\t\t<\/span>\n\t\t<\/div>\n\t\t\t\t\t\t<\/div>\n\t\t\t\t<\/div>\n\t\t\t\t<div class=\"elementor-element elementor-element-fbdc825 elementor-widget elementor-widget-text-editor\" data-id=\"fbdc825\" data-element_type=\"widget\" data-widget_type=\"text-editor.default\">\n\t\t\t\t<div class=\"elementor-widget-container\">\n\t\t\t\t\t\t\t\t\t<p>La tradici\u00f3n m\u00e1s antigua consiste en llevar al ermitorio del Salvador exvotos de cera moldeados en distintas formas \u2014sobre todo brazos o piernas\u2014 como muestra de gratitud o pedido de curaci\u00f3n tras la oraci\u00f3n. Estas figuras se fueron acumulando en un lugar espec\u00edfico del templo; hoy d\u00eda, decenas de ellas reposan en un armario de madera con puertas de cristal a la izquierda de la entrada, testigos mudos de tantas historias de sufrimiento, esperanza y fe.<\/p><div><span style=\"font-size: 12pt; font-family: Poppins,sans-serif; color: #000000; background-color: transparent; font-weight: 400; font-style: normal; font-variant: normal; text-decoration: none; vertical-align: baseline; white-space: pre-wrap;\">\u00a0<\/span><\/div>\t\t\t\t\t\t\t\t<\/div>\n\t\t\t\t<\/div>\n\t\t\t\t\t<\/div>\n\t\t<\/div>\n\t\t\t\t\t<\/div>\n\t\t<\/section>\n\t\t\t\t<section data-particle_enable=\"false\" data-particle-mobile-disabled=\"false\" class=\"elementor-section elementor-top-section elementor-element elementor-element-769f73c elementor-section-content-middle elementor-section-boxed elementor-section-height-default elementor-section-height-default\" data-id=\"769f73c\" data-element_type=\"section\">\n\t\t\t\t\t\t<div class=\"elementor-container elementor-column-gap-default\">\n\t\t\t\t\t<div class=\"elementor-column elementor-col-50 elementor-top-column elementor-element elementor-element-6781f6d\" data-id=\"6781f6d\" data-element_type=\"column\">\n\t\t\t<div class=\"elementor-widget-wrap elementor-element-populated\">\n\t\t\t\t\t\t<div class=\"elementor-element elementor-element-4a3581e elementor-widget elementor-widget-heading\" data-id=\"4a3581e\" data-element_type=\"widget\" data-widget_type=\"heading.default\">\n\t\t\t\t<div class=\"elementor-widget-container\">\n\t\t\t\t\t<h2 class=\"elementor-heading-title elementor-size-default\">Protecci\u00f3n motora<\/h2>\t\t\t\t<\/div>\n\t\t\t\t<\/div>\n\t\t\t\t<div class=\"elementor-element elementor-element-66dacea elementor-widget-divider--view-line elementor-widget elementor-widget-divider\" data-id=\"66dacea\" data-element_type=\"widget\" data-widget_type=\"divider.default\">\n\t\t\t\t<div class=\"elementor-widget-container\">\n\t\t\t\t\t\t\t<div class=\"elementor-divider\">\n\t\t\t<span class=\"elementor-divider-separator\">\n\t\t\t\t\t\t<\/span>\n\t\t<\/div>\n\t\t\t\t\t\t<\/div>\n\t\t\t\t<\/div>\n\t\t\t\t<div class=\"elementor-element elementor-element-2e6b580 elementor-widget elementor-widget-text-editor\" data-id=\"2e6b580\" data-element_type=\"widget\" data-widget_type=\"text-editor.default\">\n\t\t\t\t<div class=\"elementor-widget-container\">\n\t\t\t\t\t\t\t\t\t<p><span style=\"font-weight: 400;\">En sus comienzos, cuando los veh\u00edculos a motor entraron a formar parte de la vida de las personas, eran bastantes las personas que acud\u00edan al Salvador, con su nuevo veh\u00edculo, para obtener la bendici\u00f3n del patr\u00f3n, tanto si era el primer coche de un joven conductos, una furgoneta para el trabajo, o un coche familiar. No hab\u00eda, ni hay ceremonia oficial ni protocolo: bastaba con estacionar el veh\u00edculo en la explanada del ermitorio y, su propietario, dentro o fuera de la ermita, ped\u00eda la protecci\u00f3n del Salvador en cualquier desplazamiento que tuviera que realizar con su veh\u00edculo.<\/span><\/p>\t\t\t\t\t\t\t\t<\/div>\n\t\t\t\t<\/div>\n\t\t\t\t\t<\/div>\n\t\t<\/div>\n\t\t\t\t<div class=\"elementor-column elementor-col-50 elementor-top-column elementor-element elementor-element-7aeed7b\" data-id=\"7aeed7b\" data-element_type=\"column\">\n\t\t\t<div class=\"elementor-widget-wrap elementor-element-populated\">\n\t\t\t\t\t\t<div class=\"elementor-element elementor-element-c3499ba elementor-widget elementor-widget-image\" data-id=\"c3499ba\" data-element_type=\"widget\" data-widget_type=\"image.default\">\n\t\t\t\t<div class=\"elementor-widget-container\">\n\t\t\t\t\t\t\t\t\t\t\t\t\t\t\t<img decoding=\"async\" width=\"768\" height=\"660\" src=\"https:\/\/elsalvador.onda.es\/wp-content\/uploads\/2025\/05\/CRO_1151-768x660.jpg\" class=\"attachment-medium_large size-medium_large wp-image-346\" alt=\"\" srcset=\"https:\/\/elsalvador.onda.es\/wp-content\/uploads\/2025\/05\/CRO_1151-768x660.jpg 768w, https:\/\/elsalvador.onda.es\/wp-content\/uploads\/2025\/05\/CRO_1151-300x258.jpg 300w, https:\/\/elsalvador.onda.es\/wp-content\/uploads\/2025\/05\/CRO_1151-1024x880.jpg 1024w, https:\/\/elsalvador.onda.es\/wp-content\/uploads\/2025\/05\/CRO_1151-1536x1320.jpg 1536w, https:\/\/elsalvador.onda.es\/wp-content\/uploads\/2025\/05\/CRO_1151-2048x1759.jpg 2048w\" sizes=\"(max-width: 768px) 100vw, 768px\" \/>\t\t\t\t\t\t\t\t\t\t\t\t\t\t\t<\/div>\n\t\t\t\t<\/div>\n\t\t\t\t\t<\/div>\n\t\t<\/div>\n\t\t\t\t\t<\/div>\n\t\t<\/section>\n\t\t\t\t<section data-particle_enable=\"false\" data-particle-mobile-disabled=\"false\" class=\"elementor-section elementor-top-section elementor-element elementor-element-a6f2b33 elementor-section-content-middle elementor-section-boxed elementor-section-height-default elementor-section-height-default\" data-id=\"a6f2b33\" data-element_type=\"section\">\n\t\t\t\t\t\t<div class=\"elementor-container elementor-column-gap-default\">\n\t\t\t\t\t<div class=\"elementor-column elementor-col-50 elementor-top-column elementor-element elementor-element-d47b610\" data-id=\"d47b610\" data-element_type=\"column\">\n\t\t\t<div class=\"elementor-widget-wrap elementor-element-populated\">\n\t\t\t\t\t\t<div class=\"elementor-element elementor-element-5e4ef25 elementor-widget elementor-widget-image\" data-id=\"5e4ef25\" data-element_type=\"widget\" data-widget_type=\"image.default\">\n\t\t\t\t<div class=\"elementor-widget-container\">\n\t\t\t\t\t\t\t\t\t\t\t\t\t\t\t<img loading=\"lazy\" decoding=\"async\" width=\"768\" height=\"520\" src=\"https:\/\/elsalvador.onda.es\/wp-content\/uploads\/2025\/05\/CRO_1147-768x520.jpg\" class=\"attachment-medium_large size-medium_large wp-image-347\" alt=\"\" srcset=\"https:\/\/elsalvador.onda.es\/wp-content\/uploads\/2025\/05\/CRO_1147-768x520.jpg 768w, https:\/\/elsalvador.onda.es\/wp-content\/uploads\/2025\/05\/CRO_1147-300x203.jpg 300w, https:\/\/elsalvador.onda.es\/wp-content\/uploads\/2025\/05\/CRO_1147-1024x694.jpg 1024w, https:\/\/elsalvador.onda.es\/wp-content\/uploads\/2025\/05\/CRO_1147-1536x1040.jpg 1536w, https:\/\/elsalvador.onda.es\/wp-content\/uploads\/2025\/05\/CRO_1147-2048x1387.jpg 2048w\" sizes=\"(max-width: 768px) 100vw, 768px\" \/>\t\t\t\t\t\t\t\t\t\t\t\t\t\t\t<\/div>\n\t\t\t\t<\/div>\n\t\t\t\t\t<\/div>\n\t\t<\/div>\n\t\t\t\t<div class=\"elementor-column elementor-col-50 elementor-top-column elementor-element elementor-element-7b7a03e\" data-id=\"7b7a03e\" data-element_type=\"column\">\n\t\t\t<div class=\"elementor-widget-wrap elementor-element-populated\">\n\t\t\t\t\t\t<div class=\"elementor-element elementor-element-a58fddf elementor-widget elementor-widget-heading\" data-id=\"a58fddf\" data-element_type=\"widget\" data-widget_type=\"heading.default\">\n\t\t\t\t<div class=\"elementor-widget-container\">\n\t\t\t\t\t<h2 class=\"elementor-heading-title elementor-size-default\">Dos pueblos: una misma devoci\u00f3n<\/h2>\t\t\t\t<\/div>\n\t\t\t\t<\/div>\n\t\t\t\t<div class=\"elementor-element elementor-element-8517b7b elementor-widget-divider--view-line elementor-widget elementor-widget-divider\" data-id=\"8517b7b\" data-element_type=\"widget\" data-widget_type=\"divider.default\">\n\t\t\t\t<div class=\"elementor-widget-container\">\n\t\t\t\t\t\t\t<div class=\"elementor-divider\">\n\t\t\t<span class=\"elementor-divider-separator\">\n\t\t\t\t\t\t<\/span>\n\t\t<\/div>\n\t\t\t\t\t\t<\/div>\n\t\t\t\t<\/div>\n\t\t\t\t<div class=\"elementor-element elementor-element-23cf200 elementor-widget elementor-widget-text-editor\" data-id=\"23cf200\" data-element_type=\"widget\" data-widget_type=\"text-editor.default\">\n\t\t\t\t<div class=\"elementor-widget-container\">\n\t\t\t\t\t\t\t\t\t<p>La leyenda explica c\u00f3mo, tras hallar la imagen del Salvador en el l\u00edmite entre Onda y Fanzara despu\u00e9s de la conquista cristiana, ambos pueblos reclamaron su posesi\u00f3n. Seg\u00fan una versi\u00f3n, pasaron toda una noche en oraci\u00f3n y al amanecer vieron que la figura miraba hacia Onda, interpret\u00e1ndolo como se\u00f1al divina. La otra versi\u00f3n cuenta que, al no ponerse de acuerdo, lanzaron una moneda al aire y \u00e9sta qued\u00f3 orientada hacia Onda, decidiendo as\u00ed de forma simb\u00f3lica que el Salvador deb\u00eda quedarse all\u00ed.<\/p><div><span style=\"font-size: 12pt; font-family: Poppins,sans-serif; color: #000000; background-color: transparent; font-weight: 400; font-style: normal; font-variant: normal; text-decoration: none; vertical-align: baseline; white-space: pre-wrap;\">\u00a0<\/span><\/div>\t\t\t\t\t\t\t\t<\/div>\n\t\t\t\t<\/div>\n\t\t\t\t\t<\/div>\n\t\t<\/div>\n\t\t\t\t\t<\/div>\n\t\t<\/section>\n\t\t<div data-particle_enable=\"false\" data-particle-mobile-disabled=\"false\" class=\"elementor-element elementor-element-67ae6bc e-flex e-con-boxed e-con e-parent\" data-id=\"67ae6bc\" data-element_type=\"container\">\n\t\t\t\t\t<div class=\"e-con-inner\">\n\t\t\t\t<div class=\"elementor-element elementor-element-34a647a elementor-widget elementor-widget-heading\" data-id=\"34a647a\" data-element_type=\"widget\" data-widget_type=\"heading.default\">\n\t\t\t\t<div class=\"elementor-widget-container\">\n\t\t\t\t\t<h2 class=\"elementor-heading-title elementor-size-default\">M\u00e1s informaci\u00f3n<\/h2>\t\t\t\t<\/div>\n\t\t\t\t<\/div>\n\t\t\t\t<div class=\"elementor-element elementor-element-824ceba elementor-widget elementor-widget-eael-adv-accordion\" data-id=\"824ceba\" data-element_type=\"widget\" data-widget_type=\"eael-adv-accordion.default\">\n\t\t\t\t<div class=\"elementor-widget-container\">\n\t\t\t\t\t        <div class=\"eael-adv-accordion\" id=\"eael-adv-accordion-824ceba\" data-scroll-on-click=\"no\" data-scroll-speed=\"300\" data-accordion-id=\"824ceba\" data-accordion-type=\"accordion\" data-toogle-speed=\"300\">\n    <div class=\"eael-accordion-list\">\n                <div id=\"festividades\" class=\"elementor-tab-title eael-accordion-header\" tabindex=\"0\" data-tab=\"1\" aria-controls=\"elementor-tab-content-1361\"><span class=\"eael-advanced-accordion-icon-closed\"><svg aria-hidden=\"true\" class=\"fa-accordion-icon e-font-icon-svg e-fas-plus\" viewBox=\"0 0 448 512\" xmlns=\"http:\/\/www.w3.org\/2000\/svg\"><path d=\"M416 208H272V64c0-17.67-14.33-32-32-32h-32c-17.67 0-32 14.33-32 32v144H32c-17.67 0-32 14.33-32 32v32c0 17.67 14.33 32 32 32h144v144c0 17.67 14.33 32 32 32h32c17.67 0 32-14.33 32-32V304h144c17.67 0 32-14.33 32-32v-32c0-17.67-14.33-32-32-32z\"><\/path><\/svg><\/span><span class=\"eael-advanced-accordion-icon-opened\"><svg aria-hidden=\"true\" class=\"fa-accordion-icon e-font-icon-svg e-fas-minus\" viewBox=\"0 0 448 512\" xmlns=\"http:\/\/www.w3.org\/2000\/svg\"><path d=\"M416 208H32c-17.67 0-32 14.33-32 32v32c0 17.67 14.33 32 32 32h384c17.67 0 32-14.33 32-32v-32c0-17.67-14.33-32-32-32z\"><\/path><\/svg><\/span><span class=\"eael-accordion-tab-title\">Festividades<\/span><svg aria-hidden=\"true\" class=\"fa-toggle e-font-icon-svg e-fas-angle-right\" viewBox=\"0 0 256 512\" xmlns=\"http:\/\/www.w3.org\/2000\/svg\"><path d=\"M224.3 273l-136 136c-9.4 9.4-24.6 9.4-33.9 0l-22.6-22.6c-9.4-9.4-9.4-24.6 0-33.9l96.4-96.4-96.4-96.4c-9.4-9.4-9.4-24.6 0-33.9L54.3 103c9.4-9.4 24.6-9.4 33.9 0l136 136c9.5 9.4 9.5 24.6.1 34z\"><\/path><\/svg><\/div><div id=\"elementor-tab-content-1361\" class=\"eael-accordion-content clearfix\" data-tab=\"1\" aria-labelledby=\"festividades\"><p><span style=\"font-weight: 400;\">El <strong>6 de agosto<\/strong> se celebra en Onda una de las fechas m\u00e1s se\u00f1aladas del calendario local: la festividad del Sant\u00edsimo Salvador, patr\u00f3n de la villa. <\/span><\/p><p><span style=\"font-weight: 400;\">Esta jornada convoca cada a\u00f1o a cientos de ondenses y visitantes que acuden al ermitorio para rendir homenaje a la imagen sagrada que ha formado parte de la historia de sus habitantes desde la Edad Media.<\/span><\/p><\/div>\n                <\/div><div class=\"eael-accordion-list\">\n                <div id=\"la-romera\" class=\"elementor-tab-title eael-accordion-header\" tabindex=\"0\" data-tab=\"2\" aria-controls=\"elementor-tab-content-1362\"><span class=\"eael-advanced-accordion-icon-closed\"><svg aria-hidden=\"true\" class=\"fa-accordion-icon e-font-icon-svg e-fas-plus\" viewBox=\"0 0 448 512\" xmlns=\"http:\/\/www.w3.org\/2000\/svg\"><path d=\"M416 208H272V64c0-17.67-14.33-32-32-32h-32c-17.67 0-32 14.33-32 32v144H32c-17.67 0-32 14.33-32 32v32c0 17.67 14.33 32 32 32h144v144c0 17.67 14.33 32 32 32h32c17.67 0 32-14.33 32-32V304h144c17.67 0 32-14.33 32-32v-32c0-17.67-14.33-32-32-32z\"><\/path><\/svg><\/span><span class=\"eael-advanced-accordion-icon-opened\"><svg aria-hidden=\"true\" class=\"fa-accordion-icon e-font-icon-svg e-fas-minus\" viewBox=\"0 0 448 512\" xmlns=\"http:\/\/www.w3.org\/2000\/svg\"><path d=\"M416 208H32c-17.67 0-32 14.33-32 32v32c0 17.67 14.33 32 32 32h384c17.67 0 32-14.33 32-32v-32c0-17.67-14.33-32-32-32z\"><\/path><\/svg><\/span><span class=\"eael-accordion-tab-title\">La romer\u00eda<\/span><svg aria-hidden=\"true\" class=\"fa-toggle e-font-icon-svg e-fas-angle-right\" viewBox=\"0 0 256 512\" xmlns=\"http:\/\/www.w3.org\/2000\/svg\"><path d=\"M224.3 273l-136 136c-9.4 9.4-24.6 9.4-33.9 0l-22.6-22.6c-9.4-9.4-9.4-24.6 0-33.9l96.4-96.4-96.4-96.4c-9.4-9.4-9.4-24.6 0-33.9L54.3 103c9.4-9.4 24.6-9.4 33.9 0l136 136c9.5 9.4 9.5 24.6.1 34z\"><\/path><\/svg><\/div><div id=\"elementor-tab-content-1362\" class=\"eael-accordion-content clearfix\" data-tab=\"2\" aria-labelledby=\"la-romera\"><p><span style=\"font-weight: 400;\">Cada a\u00f1o, una multitud de ondenses y visitantes participa en la tradicional romer\u00eda al Ermitorio del Salvador. Desde primeras horas de la tarde del d\u00eda 5 de agosto, los preparativos ya est\u00e1n en marcha. Las familias se organizan, se llenan mochilas, se sube a pie, en autob\u00fas o en coche.<\/span><\/p><p>\u00a0<\/p><p><span style=\"font-weight: 400;\">La tradicional romer\u00eda hasta el ermitorio se convierte en una aut\u00e9ntica peregrinaci\u00f3n festiva, donde la devoci\u00f3n se mezcla con la alegr\u00eda y la convivencia. Es un momento muy esperado, que marca una cita anual con la memoria familiar y la identidad colectiva; y que culmina con el canto del Himno al Salvador al un\u00edsono, por parte de todos los ondenses.<\/span><\/p><\/div>\n                <\/div><div class=\"eael-accordion-list\">\n                <div id=\"las-misas\" class=\"elementor-tab-title eael-accordion-header\" tabindex=\"0\" data-tab=\"3\" aria-controls=\"elementor-tab-content-1363\"><span class=\"eael-advanced-accordion-icon-closed\"><svg aria-hidden=\"true\" class=\"fa-accordion-icon e-font-icon-svg e-fas-plus\" viewBox=\"0 0 448 512\" xmlns=\"http:\/\/www.w3.org\/2000\/svg\"><path d=\"M416 208H272V64c0-17.67-14.33-32-32-32h-32c-17.67 0-32 14.33-32 32v144H32c-17.67 0-32 14.33-32 32v32c0 17.67 14.33 32 32 32h144v144c0 17.67 14.33 32 32 32h32c17.67 0 32-14.33 32-32V304h144c17.67 0 32-14.33 32-32v-32c0-17.67-14.33-32-32-32z\"><\/path><\/svg><\/span><span class=\"eael-advanced-accordion-icon-opened\"><svg aria-hidden=\"true\" class=\"fa-accordion-icon e-font-icon-svg e-fas-minus\" viewBox=\"0 0 448 512\" xmlns=\"http:\/\/www.w3.org\/2000\/svg\"><path d=\"M416 208H32c-17.67 0-32 14.33-32 32v32c0 17.67 14.33 32 32 32h384c17.67 0 32-14.33 32-32v-32c0-17.67-14.33-32-32-32z\"><\/path><\/svg><\/span><span class=\"eael-accordion-tab-title\">Las misas<\/span><svg aria-hidden=\"true\" class=\"fa-toggle e-font-icon-svg e-fas-angle-right\" viewBox=\"0 0 256 512\" xmlns=\"http:\/\/www.w3.org\/2000\/svg\"><path d=\"M224.3 273l-136 136c-9.4 9.4-24.6 9.4-33.9 0l-22.6-22.6c-9.4-9.4-9.4-24.6 0-33.9l96.4-96.4-96.4-96.4c-9.4-9.4-9.4-24.6 0-33.9L54.3 103c9.4-9.4 24.6-9.4 33.9 0l136 136c9.5 9.4 9.5 24.6.1 34z\"><\/path><\/svg><\/div><div id=\"elementor-tab-content-1363\" class=\"eael-accordion-content clearfix\" data-tab=\"3\" aria-labelledby=\"las-misas\"><p><span style=\"font-weight: 400;\">Las misas en honor al Salvador son el coraz\u00f3n de las festividades religiosas. Durante todo el a\u00f1o, especialmente en fechas se\u00f1aladas como el 6 de agosto y el primer viernes de abril (d\u00eda de los devotos de Fanzara), los fieles se re\u00fanen para rezar y agradecer las bendiciones recibidas.<\/span><\/p><\/div>\n                <\/div><div class=\"eael-accordion-list\">\n                <div id=\"himno-del-salvador\" class=\"elementor-tab-title eael-accordion-header\" tabindex=\"0\" data-tab=\"4\" aria-controls=\"elementor-tab-content-1364\"><span class=\"eael-advanced-accordion-icon-closed\"><svg aria-hidden=\"true\" class=\"fa-accordion-icon e-font-icon-svg e-fas-plus\" viewBox=\"0 0 448 512\" xmlns=\"http:\/\/www.w3.org\/2000\/svg\"><path d=\"M416 208H272V64c0-17.67-14.33-32-32-32h-32c-17.67 0-32 14.33-32 32v144H32c-17.67 0-32 14.33-32 32v32c0 17.67 14.33 32 32 32h144v144c0 17.67 14.33 32 32 32h32c17.67 0 32-14.33 32-32V304h144c17.67 0 32-14.33 32-32v-32c0-17.67-14.33-32-32-32z\"><\/path><\/svg><\/span><span class=\"eael-advanced-accordion-icon-opened\"><svg aria-hidden=\"true\" class=\"fa-accordion-icon e-font-icon-svg e-fas-minus\" viewBox=\"0 0 448 512\" xmlns=\"http:\/\/www.w3.org\/2000\/svg\"><path d=\"M416 208H32c-17.67 0-32 14.33-32 32v32c0 17.67 14.33 32 32 32h384c17.67 0 32-14.33 32-32v-32c0-17.67-14.33-32-32-32z\"><\/path><\/svg><\/span><span class=\"eael-accordion-tab-title\">Himno del Salvador<\/span><svg aria-hidden=\"true\" class=\"fa-toggle e-font-icon-svg e-fas-angle-right\" viewBox=\"0 0 256 512\" xmlns=\"http:\/\/www.w3.org\/2000\/svg\"><path d=\"M224.3 273l-136 136c-9.4 9.4-24.6 9.4-33.9 0l-22.6-22.6c-9.4-9.4-9.4-24.6 0-33.9l96.4-96.4-96.4-96.4c-9.4-9.4-9.4-24.6 0-33.9L54.3 103c9.4-9.4 24.6-9.4 33.9 0l136 136c9.5 9.4 9.5 24.6.1 34z\"><\/path><\/svg><\/div><div id=\"elementor-tab-content-1364\" class=\"eael-accordion-content clearfix\" data-tab=\"4\" aria-labelledby=\"himno-del-salvador\"><p><span style=\"font-weight: 400;\">El Himno del Salvador es una de las piezas musicales m\u00e1s emblem\u00e1ticas y queridas por los ondenses. Se entona con solemnidad y emoci\u00f3n en las principales celebraciones en honor al patr\u00f3n, especialmente durante la festividad del 6 de agosto y en muchas otras circunstancias, tanto de car\u00e1cter p\u00fablico como privado. A trav\u00e9s de sus versos, invoca la figura del Salvador como gu\u00eda, luz y esperanza para su pueblo, y refuerza la dimensi\u00f3n espiritual y colectiva de la devoci\u00f3n.\u00a0<\/span><\/p><p><br \/><span style=\"font-weight: 400;\">Al parecer, su autor fue el can\u00f3nigo Villar, quien la debi\u00f3 redactar a comienzos del siglo XX, con motivo de la declaraci\u00f3n del papa P\u00edo X estableciendo que el Sant\u00edsimo Salvador fuese patr\u00f3n principal, tal como parece confirmar dos de los versos del himno: \u00ab<\/span><i><span style=\"font-weight: 400;\">pues el Papa desde Roma, nuestra fe quiere alentar<\/span><\/i><span style=\"font-weight: 400;\">\u00bb, lo cual pudo haber sucedido a partir de la festividad de 1906, si bien no se ha podido establecer por ahora si realmente fue en esta fecha o en otra algo posterior, pero, en todo caso, ya se cita en la documentaci\u00f3n conservada relativa a la celebraci\u00f3n de las Fiestas Constantinianas de 1913.<\/span><\/p><p>\u00a0<\/p><p style=\"text-align: center;\"><strong>Himno del Sant\u00edsimo Salvador<\/strong><\/p><p style=\"text-align: center;\"><em><span style=\"font-weight: 400; color: #ff0000;\">ESTRIBILLO<\/span><\/em><\/p><p style=\"text-align: center;\"><span style=\"font-weight: 400;\">Mostremos ondenses la fe y el cari\u00f1o<\/span><\/p><p style=\"text-align: center;\"><span style=\"font-weight: 400;\">que el alma atesora y el pueblo hered\u00f3,<\/span><\/p><p style=\"text-align: center;\"><span style=\"font-weight: 400;\">al rico venero de paz y ventura,<\/span><\/p><p style=\"text-align: center;\"><span style=\"font-weight: 400;\">la imagen bendita del gran Salvador.<\/span><\/p><p style=\"text-align: center;\">\u00a0<\/p><p style=\"text-align: center;\"><span style=\"font-weight: 400;\">Hoy es d\u00eda de alegr\u00eda<\/span><\/p><p style=\"text-align: center;\"><span style=\"font-weight: 400;\">y de gozo singular,<\/span><\/p><p style=\"text-align: center;\"><span style=\"font-weight: 400;\">pues el Papa desde Roma<\/span><\/p><p style=\"text-align: center;\"><span style=\"font-weight: 400;\">nuestra fe quiere alentar;<\/span><\/p><p style=\"text-align: center;\"><span style=\"font-weight: 400;\">cual soldados aguerridos<\/span><\/p><p style=\"text-align: center;\"><span style=\"font-weight: 400;\">de las huestes de la fe<\/span><\/p><p style=\"text-align: center;\"><span style=\"font-weight: 400;\">al Salvador aclamemos<\/span><\/p><p style=\"text-align: center;\"><span style=\"font-weight: 400;\">nuestro Padre y nuestro Rey.<\/span><\/p><p style=\"text-align: center;\">\u00a0<\/p><p style=\"text-align: center;\"><span style=\"font-weight: 400;\">De la monta\u00f1a a la cumbre<\/span><\/p><p style=\"text-align: center;\"><span style=\"font-weight: 400;\">nos espera el Salvador,<\/span><\/p><p style=\"text-align: center;\"><span style=\"font-weight: 400;\">con la mano levantada<\/span><\/p><p style=\"text-align: center;\"><span style=\"font-weight: 400;\">para dar la bendici\u00f3n.<\/span><\/p><p style=\"text-align: center;\">\u00a0<\/p><p style=\"text-align: center;\"><span style=\"color: #ff0000;\"><em><span style=\"font-weight: 400;\">ESTRIBILLO<\/span><\/em><\/span><\/p><p style=\"text-align: center;\"><span style=\"font-weight: 400;\">Mostremos ondenses la fe y el cari\u00f1o<\/span><\/p><p style=\"text-align: center;\"><span style=\"font-weight: 400;\">que el alma atesora y el pueblo hered\u00f3,<\/span><\/p><p style=\"text-align: center;\"><span style=\"font-weight: 400;\">al rico venero de paz y ventura,<\/span><\/p><p style=\"text-align: center;\"><span style=\"font-weight: 400;\">la imagen bendita del gran Salvador.<\/span><\/p><p style=\"text-align: center;\">\u00a0<\/p><p style=\"text-align: center;\"><span style=\"font-weight: 400;\">La ventura y la bonanza,<\/span><\/p><p style=\"text-align: center;\"><span style=\"font-weight: 400;\">el consuelo en el dolor,<\/span><\/p><p style=\"text-align: center;\"><span style=\"font-weight: 400;\">todo es prenda del auxilio<\/span><\/p><p style=\"text-align: center;\"><span style=\"font-weight: 400;\">del Divino Salvador;<\/span><\/p><p style=\"text-align: center;\"><span style=\"font-weight: 400;\">nuestros cat\u00f3licos padres,<\/span><\/p><p style=\"text-align: center;\"><span style=\"font-weight: 400;\">de una virtud ejemplar,<\/span><\/p><p style=\"text-align: center;\"><span style=\"font-weight: 400;\">nos han legado en herencia<\/span><\/p><p style=\"text-align: center;\"><span style=\"font-weight: 400;\">su honradez y su piedad.<\/span><\/p><p style=\"text-align: center;\">\u00a0<\/p><p style=\"text-align: center;\"><span style=\"font-weight: 400;\">Ondenses, para sentirnos<\/span><\/p><p style=\"text-align: center;\"><span style=\"font-weight: 400;\">de entusiasmo enardecer,<\/span><\/p><p style=\"text-align: center;\"><span style=\"font-weight: 400;\">basta evocar el recuerdo<\/span><\/p><p style=\"text-align: center;\"><span style=\"font-weight: 400;\">de nuestra dulce ni\u00f1ez.<\/span><\/p><p style=\"text-align: center;\">\u00a0<\/p><p style=\"text-align: center;\"><span style=\"color: #ff0000;\"><em><span style=\"font-weight: 400;\">ESTRIBILLO<\/span><\/em><\/span><\/p><p style=\"text-align: center;\"><span style=\"font-weight: 400;\">Mostremos ondenses la fe y el cari\u00f1o<\/span><\/p><p style=\"text-align: center;\"><span style=\"font-weight: 400;\">que el alma atesora y el pueblo hered\u00f3,<\/span><\/p><p style=\"text-align: center;\"><span style=\"font-weight: 400;\">al rico venero de paz y ventura,<\/span><\/p><p style=\"text-align: center;\"><span style=\"font-weight: 400;\">la imagen bendita del gran Salvador.<\/span><\/p><\/div>\n                <\/div><\/div>\t\t\t\t<\/div>\n\t\t\t\t<\/div>\n\t\t\t\t<div class=\"elementor-element elementor-element-c92f513 elementor-widget elementor-widget-image\" data-id=\"c92f513\" data-element_type=\"widget\" data-widget_type=\"image.default\">\n\t\t\t\t<div class=\"elementor-widget-container\">\n\t\t\t\t\t\t\t\t\t\t\t\t\t\t\t<img loading=\"lazy\" decoding=\"async\" width=\"663\" height=\"429\" src=\"https:\/\/elsalvador.onda.es\/wp-content\/uploads\/2025\/04\/CRO_1963-copy.jpg\" class=\"attachment-large size-large wp-image-35\" alt=\"\" srcset=\"https:\/\/elsalvador.onda.es\/wp-content\/uploads\/2025\/04\/CRO_1963-copy.jpg 663w, https:\/\/elsalvador.onda.es\/wp-content\/uploads\/2025\/04\/CRO_1963-copy-300x194.jpg 300w\" sizes=\"(max-width: 663px) 100vw, 663px\" \/>\t\t\t\t\t\t\t\t\t\t\t\t\t\t\t<\/div>\n\t\t\t\t<\/div>\n\t\t\t\t\t<\/div>\n\t\t\t\t<\/div>\n\t\t<div data-particle_enable=\"false\" data-particle-mobile-disabled=\"false\" class=\"elementor-element elementor-element-f21341d e-flex e-con-boxed e-con e-parent\" data-id=\"f21341d\" data-element_type=\"container\" data-settings=\"{&quot;background_background&quot;:&quot;classic&quot;}\">\n\t\t\t\t\t<div class=\"e-con-inner\">\n\t\t<div data-particle_enable=\"false\" data-particle-mobile-disabled=\"false\" class=\"elementor-element elementor-element-47812bf8 e-con-full e-flex e-con e-child\" data-id=\"47812bf8\" data-element_type=\"container\">\n\t\t\t\t<div class=\"elementor-element elementor-element-2c2e00b7 elementor-widget elementor-widget-text-editor\" data-id=\"2c2e00b7\" data-element_type=\"widget\" data-widget_type=\"text-editor.default\">\n\t\t\t\t<div class=\"elementor-widget-container\">\n\t\t\t\t\t\t\t\t\t<p>\u00a0<\/p><h3><span style=\"color: #ffffff;\"><strong>Onda en las Redes<\/strong><\/span><\/h3><p><span style=\"color: #ffffff;\"><em>Comparte con nosotros la actualidad de Onda:<\/em><\/span><\/p>\t\t\t\t\t\t\t\t<\/div>\n\t\t\t\t<\/div>\n\t\t\t\t<div class=\"elementor-element elementor-element-154a1b73 e-grid-align-left elementor-shape-rounded elementor-grid-0 elementor-widget elementor-widget-social-icons\" data-id=\"154a1b73\" data-element_type=\"widget\" data-widget_type=\"social-icons.default\">\n\t\t\t\t<div class=\"elementor-widget-container\">\n\t\t\t\t\t\t\t<div class=\"elementor-social-icons-wrapper elementor-grid\">\n\t\t\t\t\t\t\t<span class=\"elementor-grid-item\">\n\t\t\t\t\t<a class=\"elementor-icon elementor-social-icon elementor-social-icon-facebook elementor-repeater-item-69c90de\" href=\"https:\/\/www.facebook.com\/OndaAjuntament\/\" target=\"_blank\">\n\t\t\t\t\t\t<span class=\"elementor-screen-only\">Facebook<\/span>\n\t\t\t\t\t\t<svg class=\"e-font-icon-svg e-fab-facebook\" viewBox=\"0 0 512 512\" xmlns=\"http:\/\/www.w3.org\/2000\/svg\"><path d=\"M504 256C504 119 393 8 256 8S8 119 8 256c0 123.78 90.69 226.38 209.25 245V327.69h-63V256h63v-54.64c0-62.15 37-96.48 93.67-96.48 27.14 0 55.52 4.84 55.52 4.84v61h-31.28c-30.8 0-40.41 19.12-40.41 38.73V256h68.78l-11 71.69h-57.78V501C413.31 482.38 504 379.78 504 256z\"><\/path><\/svg>\t\t\t\t\t<\/a>\n\t\t\t\t<\/span>\n\t\t\t\t\t\t\t<span class=\"elementor-grid-item\">\n\t\t\t\t\t<a class=\"elementor-icon elementor-social-icon elementor-social-icon-twitter elementor-repeater-item-95df075\" href=\"https:\/\/x.com\/ondaajuntament\" target=\"_blank\">\n\t\t\t\t\t\t<span class=\"elementor-screen-only\">Twitter<\/span>\n\t\t\t\t\t\t<svg class=\"e-font-icon-svg e-fab-twitter\" viewBox=\"0 0 512 512\" xmlns=\"http:\/\/www.w3.org\/2000\/svg\"><path d=\"M459.37 151.716c.325 4.548.325 9.097.325 13.645 0 138.72-105.583 298.558-298.558 298.558-59.452 0-114.68-17.219-161.137-47.106 8.447.974 16.568 1.299 25.34 1.299 49.055 0 94.213-16.568 130.274-44.832-46.132-.975-84.792-31.188-98.112-72.772 6.498.974 12.995 1.624 19.818 1.624 9.421 0 18.843-1.3 27.614-3.573-48.081-9.747-84.143-51.98-84.143-102.985v-1.299c13.969 7.797 30.214 12.67 47.431 13.319-28.264-18.843-46.781-51.005-46.781-87.391 0-19.492 5.197-37.36 14.294-52.954 51.655 63.675 129.3 105.258 216.365 109.807-1.624-7.797-2.599-15.918-2.599-24.04 0-57.828 46.782-104.934 104.934-104.934 30.213 0 57.502 12.67 76.67 33.137 23.715-4.548 46.456-13.32 66.599-25.34-7.798 24.366-24.366 44.833-46.132 57.827 21.117-2.273 41.584-8.122 60.426-16.243-14.292 20.791-32.161 39.308-52.628 54.253z\"><\/path><\/svg>\t\t\t\t\t<\/a>\n\t\t\t\t<\/span>\n\t\t\t\t\t\t\t<span class=\"elementor-grid-item\">\n\t\t\t\t\t<a class=\"elementor-icon elementor-social-icon elementor-social-icon-youtube elementor-repeater-item-98fb40c\" href=\"https:\/\/www.youtube.com\/user\/OndaAyuntamiento\" target=\"_blank\">\n\t\t\t\t\t\t<span class=\"elementor-screen-only\">Youtube<\/span>\n\t\t\t\t\t\t<svg class=\"e-font-icon-svg e-fab-youtube\" viewBox=\"0 0 576 512\" xmlns=\"http:\/\/www.w3.org\/2000\/svg\"><path d=\"M549.655 124.083c-6.281-23.65-24.787-42.276-48.284-48.597C458.781 64 288 64 288 64S117.22 64 74.629 75.486c-23.497 6.322-42.003 24.947-48.284 48.597-11.412 42.867-11.412 132.305-11.412 132.305s0 89.438 11.412 132.305c6.281 23.65 24.787 41.5 48.284 47.821C117.22 448 288 448 288 448s170.78 0 213.371-11.486c23.497-6.321 42.003-24.171 48.284-47.821 11.412-42.867 11.412-132.305 11.412-132.305s0-89.438-11.412-132.305zm-317.51 213.508V175.185l142.739 81.205-142.739 81.201z\"><\/path><\/svg>\t\t\t\t\t<\/a>\n\t\t\t\t<\/span>\n\t\t\t\t\t\t\t<span class=\"elementor-grid-item\">\n\t\t\t\t\t<a class=\"elementor-icon elementor-social-icon elementor-social-icon-instagram elementor-repeater-item-e3e482e\" href=\"https:\/\/www.instagram.com\/ondaajuntament\" target=\"_blank\">\n\t\t\t\t\t\t<span class=\"elementor-screen-only\">Instagram<\/span>\n\t\t\t\t\t\t<svg class=\"e-font-icon-svg e-fab-instagram\" viewBox=\"0 0 448 512\" xmlns=\"http:\/\/www.w3.org\/2000\/svg\"><path d=\"M224.1 141c-63.6 0-114.9 51.3-114.9 114.9s51.3 114.9 114.9 114.9S339 319.5 339 255.9 287.7 141 224.1 141zm0 189.6c-41.1 0-74.7-33.5-74.7-74.7s33.5-74.7 74.7-74.7 74.7 33.5 74.7 74.7-33.6 74.7-74.7 74.7zm146.4-194.3c0 14.9-12 26.8-26.8 26.8-14.9 0-26.8-12-26.8-26.8s12-26.8 26.8-26.8 26.8 12 26.8 26.8zm76.1 27.2c-1.7-35.9-9.9-67.7-36.2-93.9-26.2-26.2-58-34.4-93.9-36.2-37-2.1-147.9-2.1-184.9 0-35.8 1.7-67.6 9.9-93.9 36.1s-34.4 58-36.2 93.9c-2.1 37-2.1 147.9 0 184.9 1.7 35.9 9.9 67.7 36.2 93.9s58 34.4 93.9 36.2c37 2.1 147.9 2.1 184.9 0 35.9-1.7 67.7-9.9 93.9-36.2 26.2-26.2 34.4-58 36.2-93.9 2.1-37 2.1-147.8 0-184.8zM398.8 388c-7.8 19.6-22.9 34.7-42.6 42.6-29.5 11.7-99.5 9-132.1 9s-102.7 2.6-132.1-9c-19.6-7.8-34.7-22.9-42.6-42.6-11.7-29.5-9-99.5-9-132.1s-2.6-102.7 9-132.1c7.8-19.6 22.9-34.7 42.6-42.6 29.5-11.7 99.5-9 132.1-9s102.7-2.6 132.1 9c19.6 7.8 34.7 22.9 42.6 42.6 11.7 29.5 9 99.5 9 132.1s2.7 102.7-9 132.1z\"><\/path><\/svg>\t\t\t\t\t<\/a>\n\t\t\t\t<\/span>\n\t\t\t\t\t\t\t<span class=\"elementor-grid-item\">\n\t\t\t\t\t<a class=\"elementor-icon elementor-social-icon elementor-social-icon-linkedin elementor-repeater-item-a9deeb8\" href=\"https:\/\/www.linkedin.com\/in\/ajuntament-d-onda-24a5111b4\/\" target=\"_blank\">\n\t\t\t\t\t\t<span class=\"elementor-screen-only\">Linkedin<\/span>\n\t\t\t\t\t\t<svg class=\"e-font-icon-svg e-fab-linkedin\" viewBox=\"0 0 448 512\" xmlns=\"http:\/\/www.w3.org\/2000\/svg\"><path d=\"M416 32H31.9C14.3 32 0 46.5 0 64.3v383.4C0 465.5 14.3 480 31.9 480H416c17.6 0 32-14.5 32-32.3V64.3c0-17.8-14.4-32.3-32-32.3zM135.4 416H69V202.2h66.5V416zm-33.2-243c-21.3 0-38.5-17.3-38.5-38.5S80.9 96 102.2 96c21.2 0 38.5 17.3 38.5 38.5 0 21.3-17.2 38.5-38.5 38.5zm282.1 243h-66.4V312c0-24.8-.5-56.7-34.5-56.7-34.6 0-39.9 27-39.9 54.9V416h-66.4V202.2h63.7v29.2h.9c8.9-16.8 30.6-34.5 62.9-34.5 67.2 0 79.7 44.3 79.7 101.9V416z\"><\/path><\/svg>\t\t\t\t\t<\/a>\n\t\t\t\t<\/span>\n\t\t\t\t\t<\/div>\n\t\t\t\t\t\t<\/div>\n\t\t\t\t<\/div>\n\t\t\t\t<div class=\"elementor-element elementor-element-29435ac5 elementor-widget elementor-widget-text-editor\" data-id=\"29435ac5\" data-element_type=\"widget\" data-widget_type=\"text-editor.default\">\n\t\t\t\t<div class=\"elementor-widget-container\">\n\t\t\t\t\t\t\t\t\t<h3><span style=\"color: #ffffff;\"><strong>Ajuntament de Onda<\/strong><\/span><\/h3><p><span style=\"color: #ffffff;\"><em>El Pla, 1 &#8211; C.P.: 12200 &#8211; CIF: P1208400J &#8211; Tel\u00e9fono: 964 60 00 50 &#8211;\u00a0<\/em><\/span><\/p><p><span style=\"color: #ffffff;\"><em>N\u00ba Reg. Entidad Local 01120846<\/em><\/span><\/p><p><span style=\"color: #ffffff;\"><a style=\"color: #ffffff;\" href=\"https:\/\/elsalvador.onda.es\/?page_id=546\">Aviso Legal.<\/a> \u2022 <a style=\"color: #ffffff;\" href=\"https:\/\/elsalvador.onda.es\/?page_id=3\">Pol\u00edtica de privacidad.<\/a><\/span><\/p>\t\t\t\t\t\t\t\t<\/div>\n\t\t\t\t<\/div>\n\t\t\t\t<\/div>\n\t\t<div data-particle_enable=\"false\" data-particle-mobile-disabled=\"false\" class=\"elementor-element elementor-element-3681fd65 e-con-full e-flex e-con e-child\" data-id=\"3681fd65\" data-element_type=\"container\">\n\t\t\t\t<div class=\"elementor-element elementor-element-c553dfc elementor-widget elementor-widget-heading\" data-id=\"c553dfc\" data-element_type=\"widget\" data-widget_type=\"heading.default\">\n\t\t\t\t<div class=\"elementor-widget-container\">\n\t\t\t\t\t<h3 class=\"elementor-heading-title elementor-size-default\">Ubicaci\u00f3n<\/h3>\t\t\t\t<\/div>\n\t\t\t\t<\/div>\n\t\t\t\t<div class=\"elementor-element elementor-element-b63e238 elementor-widget elementor-widget-google_maps\" data-id=\"b63e238\" data-element_type=\"widget\" data-widget_type=\"google_maps.default\">\n\t\t\t\t<div class=\"elementor-widget-container\">\n\t\t\t\t\t\t\t<div class=\"elementor-custom-embed\">\n\t\t\t<iframe loading=\"lazy\"\n\t\t\t\t\tsrc=\"https:\/\/maps.google.com\/maps?q=Salvador%20Onda&#038;t=m&#038;z=16&#038;output=embed&#038;iwloc=near\"\n\t\t\t\t\ttitle=\"Salvador Onda\"\n\t\t\t\t\taria-label=\"Salvador Onda\"\n\t\t\t><\/iframe>\n\t\t<\/div>\n\t\t\t\t\t\t<\/div>\n\t\t\t\t<\/div>\n\t\t\t\t<\/div>\n\t\t\t\t\t<\/div>\n\t\t\t\t<\/div>\n\t\t\t\t<\/div>\n\t\t","protected":false},"excerpt":{"rendered":"<p>Inicio Historia El Ermitorio La Imagen del Salvador Los Gozos al Salvador Tradiciones Tradiciones populares y otras curiosidades Las manifestaciones de la religiosidad popular son muy variadas, pero entre los principales ejemplos, destacaremos los tres siguientes: Ofrendas La tradici\u00f3n m\u00e1s antigua consiste en llevar al ermitorio del Salvador exvotos de cera moldeados en distintas formas [&hellip;]<\/p>\n","protected":false},"author":2,"featured_media":0,"parent":0,"menu_order":0,"comment_status":"closed","ping_status":"closed","template":"elementor_canvas","meta":{"footnotes":""},"class_list":["post-344","page","type-page","status-publish","hentry"],"yoast_head":"<!-- This site is optimized with the Yoast SEO plugin v24.9 - https:\/\/yoast.com\/wordpress\/plugins\/seo\/ -->\n<title>Tradiciones - El Salvador<\/title>\n<meta name=\"robots\" content=\"index, follow, max-snippet:-1, max-image-preview:large, max-video-preview:-1\" \/>\n<link rel=\"canonical\" href=\"https:\/\/elsalvador.onda.es\/?page_id=344\" \/>\n<meta property=\"og:locale\" content=\"es_ES\" \/>\n<meta property=\"og:type\" content=\"article\" \/>\n<meta property=\"og:title\" content=\"Tradiciones - El Salvador\" \/>\n<meta property=\"og:description\" content=\"Inicio Historia El Ermitorio La Imagen del Salvador Los Gozos al Salvador Tradiciones Tradiciones populares y otras curiosidades Las manifestaciones de la religiosidad popular son muy variadas, pero entre los principales ejemplos, destacaremos los tres siguientes: Ofrendas La tradici\u00f3n m\u00e1s antigua consiste en llevar al ermitorio del Salvador exvotos de cera moldeados en distintas formas [&hellip;]\" \/>\n<meta property=\"og:url\" content=\"https:\/\/elsalvador.onda.es\/?page_id=344\" \/>\n<meta property=\"og:site_name\" content=\"El Salvador\" \/>\n<meta property=\"article:modified_time\" content=\"2025-06-02T08:40:25+00:00\" \/>\n<meta property=\"og:image\" content=\"https:\/\/elsalvador.onda.es\/wp-content\/uploads\/2025\/05\/AJUNTAMENT-ONDA-BLANC-1.png\" \/>\n\t<meta property=\"og:image:width\" content=\"888\" \/>\n\t<meta property=\"og:image:height\" content=\"404\" \/>\n\t<meta property=\"og:image:type\" content=\"image\/png\" \/>\n<meta name=\"twitter:card\" content=\"summary_large_image\" \/>\n<meta name=\"twitter:label1\" content=\"Tiempo de lectura\" \/>\n\t<meta name=\"twitter:data1\" content=\"5 minutos\" \/>\n<script type=\"application\/ld+json\" class=\"yoast-schema-graph\">{\"@context\":\"https:\/\/schema.org\",\"@graph\":[{\"@type\":\"WebPage\",\"@id\":\"https:\/\/elsalvador.onda.es\/?page_id=344\",\"url\":\"https:\/\/elsalvador.onda.es\/?page_id=344\",\"name\":\"Tradiciones - El Salvador\",\"isPartOf\":{\"@id\":\"https:\/\/elsalvador.onda.es\/#website\"},\"primaryImageOfPage\":{\"@id\":\"https:\/\/elsalvador.onda.es\/?page_id=344#primaryimage\"},\"image\":{\"@id\":\"https:\/\/elsalvador.onda.es\/?page_id=344#primaryimage\"},\"thumbnailUrl\":\"https:\/\/elsalvador.onda.es\/wp-content\/uploads\/2025\/05\/AJUNTAMENT-ONDA-BLANC-1.png\",\"datePublished\":\"2025-05-08T12:15:33+00:00\",\"dateModified\":\"2025-06-02T08:40:25+00:00\",\"breadcrumb\":{\"@id\":\"https:\/\/elsalvador.onda.es\/?page_id=344#breadcrumb\"},\"inLanguage\":\"es\",\"potentialAction\":[{\"@type\":\"ReadAction\",\"target\":[\"https:\/\/elsalvador.onda.es\/?page_id=344\"]}]},{\"@type\":\"ImageObject\",\"inLanguage\":\"es\",\"@id\":\"https:\/\/elsalvador.onda.es\/?page_id=344#primaryimage\",\"url\":\"https:\/\/elsalvador.onda.es\/wp-content\/uploads\/2025\/05\/AJUNTAMENT-ONDA-BLANC-1.png\",\"contentUrl\":\"https:\/\/elsalvador.onda.es\/wp-content\/uploads\/2025\/05\/AJUNTAMENT-ONDA-BLANC-1.png\",\"width\":888,\"height\":404},{\"@type\":\"BreadcrumbList\",\"@id\":\"https:\/\/elsalvador.onda.es\/?page_id=344#breadcrumb\",\"itemListElement\":[{\"@type\":\"ListItem\",\"position\":1,\"name\":\"Portada\",\"item\":\"https:\/\/elsalvador.onda.es\/\"},{\"@type\":\"ListItem\",\"position\":2,\"name\":\"Tradiciones\"}]},{\"@type\":\"WebSite\",\"@id\":\"https:\/\/elsalvador.onda.es\/#website\",\"url\":\"https:\/\/elsalvador.onda.es\/\",\"name\":\"El Salvador\",\"description\":\"\",\"potentialAction\":[{\"@type\":\"SearchAction\",\"target\":{\"@type\":\"EntryPoint\",\"urlTemplate\":\"https:\/\/elsalvador.onda.es\/?s={search_term_string}\"},\"query-input\":{\"@type\":\"PropertyValueSpecification\",\"valueRequired\":true,\"valueName\":\"search_term_string\"}}],\"inLanguage\":\"es\"}]}<\/script>\n<!-- \/ Yoast SEO plugin. -->","yoast_head_json":{"title":"Tradiciones - El Salvador","robots":{"index":"index","follow":"follow","max-snippet":"max-snippet:-1","max-image-preview":"max-image-preview:large","max-video-preview":"max-video-preview:-1"},"canonical":"https:\/\/elsalvador.onda.es\/?page_id=344","og_locale":"es_ES","og_type":"article","og_title":"Tradiciones - El Salvador","og_description":"Inicio Historia El Ermitorio La Imagen del Salvador Los Gozos al Salvador Tradiciones Tradiciones populares y otras curiosidades Las manifestaciones de la religiosidad popular son muy variadas, pero entre los principales ejemplos, destacaremos los tres siguientes: Ofrendas La tradici\u00f3n m\u00e1s antigua consiste en llevar al ermitorio del Salvador exvotos de cera moldeados en distintas formas [&hellip;]","og_url":"https:\/\/elsalvador.onda.es\/?page_id=344","og_site_name":"El Salvador","article_modified_time":"2025-06-02T08:40:25+00:00","og_image":[{"width":888,"height":404,"url":"https:\/\/elsalvador.onda.es\/wp-content\/uploads\/2025\/05\/AJUNTAMENT-ONDA-BLANC-1.png","type":"image\/png"}],"twitter_card":"summary_large_image","twitter_misc":{"Tiempo de lectura":"5 minutos"},"schema":{"@context":"https:\/\/schema.org","@graph":[{"@type":"WebPage","@id":"https:\/\/elsalvador.onda.es\/?page_id=344","url":"https:\/\/elsalvador.onda.es\/?page_id=344","name":"Tradiciones - El Salvador","isPartOf":{"@id":"https:\/\/elsalvador.onda.es\/#website"},"primaryImageOfPage":{"@id":"https:\/\/elsalvador.onda.es\/?page_id=344#primaryimage"},"image":{"@id":"https:\/\/elsalvador.onda.es\/?page_id=344#primaryimage"},"thumbnailUrl":"https:\/\/elsalvador.onda.es\/wp-content\/uploads\/2025\/05\/AJUNTAMENT-ONDA-BLANC-1.png","datePublished":"2025-05-08T12:15:33+00:00","dateModified":"2025-06-02T08:40:25+00:00","breadcrumb":{"@id":"https:\/\/elsalvador.onda.es\/?page_id=344#breadcrumb"},"inLanguage":"es","potentialAction":[{"@type":"ReadAction","target":["https:\/\/elsalvador.onda.es\/?page_id=344"]}]},{"@type":"ImageObject","inLanguage":"es","@id":"https:\/\/elsalvador.onda.es\/?page_id=344#primaryimage","url":"https:\/\/elsalvador.onda.es\/wp-content\/uploads\/2025\/05\/AJUNTAMENT-ONDA-BLANC-1.png","contentUrl":"https:\/\/elsalvador.onda.es\/wp-content\/uploads\/2025\/05\/AJUNTAMENT-ONDA-BLANC-1.png","width":888,"height":404},{"@type":"BreadcrumbList","@id":"https:\/\/elsalvador.onda.es\/?page_id=344#breadcrumb","itemListElement":[{"@type":"ListItem","position":1,"name":"Portada","item":"https:\/\/elsalvador.onda.es\/"},{"@type":"ListItem","position":2,"name":"Tradiciones"}]},{"@type":"WebSite","@id":"https:\/\/elsalvador.onda.es\/#website","url":"https:\/\/elsalvador.onda.es\/","name":"El Salvador","description":"","potentialAction":[{"@type":"SearchAction","target":{"@type":"EntryPoint","urlTemplate":"https:\/\/elsalvador.onda.es\/?s={search_term_string}"},"query-input":{"@type":"PropertyValueSpecification","valueRequired":true,"valueName":"search_term_string"}}],"inLanguage":"es"}]}},"_links":{"self":[{"href":"https:\/\/elsalvador.onda.es\/index.php?rest_route=\/wp\/v2\/pages\/344","targetHints":{"allow":["GET"]}}],"collection":[{"href":"https:\/\/elsalvador.onda.es\/index.php?rest_route=\/wp\/v2\/pages"}],"about":[{"href":"https:\/\/elsalvador.onda.es\/index.php?rest_route=\/wp\/v2\/types\/page"}],"author":[{"embeddable":true,"href":"https:\/\/elsalvador.onda.es\/index.php?rest_route=\/wp\/v2\/users\/2"}],"replies":[{"embeddable":true,"href":"https:\/\/elsalvador.onda.es\/index.php?rest_route=%2Fwp%2Fv2%2Fcomments&post=344"}],"version-history":[{"count":18,"href":"https:\/\/elsalvador.onda.es\/index.php?rest_route=\/wp\/v2\/pages\/344\/revisions"}],"predecessor-version":[{"id":616,"href":"https:\/\/elsalvador.onda.es\/index.php?rest_route=\/wp\/v2\/pages\/344\/revisions\/616"}],"wp:attachment":[{"href":"https:\/\/elsalvador.onda.es\/index.php?rest_route=%2Fwp%2Fv2%2Fmedia&parent=344"}],"curies":[{"name":"wp","href":"https:\/\/api.w.org\/{rel}","templated":true}]}}