{"id":546,"date":"2025-05-29T09:26:46","date_gmt":"2025-05-29T09:26:46","guid":{"rendered":"https:\/\/elsalvador.onda.es\/?page_id=546"},"modified":"2025-05-29T09:28:35","modified_gmt":"2025-05-29T09:28:35","slug":"privacy-policy-2","status":"publish","type":"page","link":"https:\/\/elsalvador.onda.es\/?page_id=546","title":{"rendered":"Aviso Legal"},"content":{"rendered":"\t\t<div data-elementor-type=\"wp-page\" data-elementor-id=\"546\" class=\"elementor elementor-546\">\n\t\t\t\t<div data-particle_enable=\"false\" data-particle-mobile-disabled=\"false\" class=\"elementor-element elementor-element-572ee12a e-flex e-con-boxed e-con e-parent\" data-id=\"572ee12a\" data-element_type=\"container\">\n\t\t\t\t\t<div class=\"e-con-inner\">\n\t\t\t\t<div class=\"elementor-element elementor-element-3839eb34 elementor-widget elementor-widget-text-editor\" data-id=\"3839eb34\" data-element_type=\"widget\" data-widget_type=\"text-editor.default\">\n\t\t\t\t<div class=\"elementor-widget-container\">\n\t\t\t\t\t\t\t\t\t\n<p><b>AVISO LEGAL\u00a0<\/b><\/p>\n<p><b>1. Introducci\u00f3n.<span class=\"Apple-converted-space\">\u00a0<\/span><\/b><\/p>\n<p>A trav\u00e9s del presente, el Ayuntamiento informa de las Condiciones y T\u00e9rminos Generales que regulan el acceso, navegaci\u00f3n y uso del Portal de Internet del Ajuntament d\u2019Onda. En particular, informa y regula el acceso y uso de los siguientes sitios Web:<span class=\"Apple-converted-space\">\u00a0<\/span><\/p>\n<p><strong>Portal de Internet<\/strong><\/p>\n<p>De conformidad con el art\u00edculo 39 de la<span class=\"Apple-converted-space\">\u00a0\u00a0<\/span>Ley 40\/2015, de 1 de octubre, de R\u00e9gimen Jur\u00eddico del Sector P\u00fablico, se entiende por portal de internet el punto de acceso electr\u00f3nico, en este caso\u00a0<a href=\"http:\/\/ajuntament.onda.es\/\">http:\/\/ajuntament.onda.es\/<\/a>\u00a0(as\u00ed como,<span class=\"Apple-converted-space\">\u00a0\u00a0<\/span>cualquiera de sus subdominios, microsites y\/o aplicaciones m\u00f3viles) cuya titularidad corresponde, en este caso, al Ajuntament d\u2019Onda, el cual permite el acceso a trav\u00e9s de internet a la informaci\u00f3n publicada y a la Sede Electr\u00f3nica\u00a0<a href=\"http:\/\/ajuntament.onda.es\/web\/sede-electronica\/solicitudes-procedimientos\">http:\/\/ajuntament.onda.es\/web\/sede-electronica\/solicitudes-procedimientos<\/a>.<\/p>\n<p>El Ajuntament d\u2019Onda cuenta con los siguientes subdominios, que tambi\u00e9n se regulan por el presente Aviso Legal:<\/p>\n<ul>\n<li><a href=\"https:\/\/trasparencia.onda.es\/\">https:\/\/trasparencia.onda.es<\/a><span class=\"Apple-converted-space\"><br \/><\/span><\/li>\n<li><a href=\"https:\/\/govenobert.onda.es\/\">https:\/\/govenobert.onda.es<\/a><\/li>\n<\/ul>\n<p><strong>Sede Electr\u00f3nica<\/strong><\/p>\n<p>De conformidad\u00a0con el art\u00edculo 38 de la Ley 40\/2015, de 1 de octubre, de R\u00e9gimen Jur\u00eddico del Sector P\u00fablico, en\u00a0la direcci\u00f3n (URL)\u00a0<a href=\"http:\/\/www.onda.es\/ond\/web_php\/index.php?contenido=subapartados_woden&amp;id_boto=135\">http:\/\/www.onda.es\/ond\/web_php\/index.php?contenido=subapartados_woden&amp;id_boto=135<\/a>\u00a0se ha ubicado en Internet la sede electr\u00f3nica del Ajuntament d\u2019Onda.\u00a0<span class=\"Apple-converted-space\">\u00a0<\/span><\/p>\n<p>La sede electr\u00f3nica del Ayuntamiento es la direcci\u00f3n electr\u00f3nica disponible a trav\u00e9s de la cual los ciudadanos acceden a la informaci\u00f3n y a los servicios y tr\u00e1mites electr\u00f3nicos a trav\u00e9s de redes de telecomunicaciones cuya titularidad, gesti\u00f3n y administraci\u00f3n corresponde al Ayuntamiento en el ejercicio de sus competencias.<\/p>\n<p>La Sede Electr\u00f3nica es, en general, de libre acceso y no exige la previa suscripci\u00f3n o registro de la persona usuaria. No obstante, por razones de seguridad y de privacidad, el acceso a algunas \u00e1reas y servicios de la sede electr\u00f3nica pueden estar sujetos a condiciones espec\u00edficas de autenticaci\u00f3n que quedan establecidos en la informaci\u00f3n de detalle correspondiente a cada servicio en particular.<\/p>\n<p>Esta Sede Electr\u00f3nica permite realizar actuaciones, procedimientos y servicios que precisen el acceso electr\u00f3nico a trav\u00e9s de Internet de los ciudadanos a los servicios p\u00fablicos del Ajuntament d\u2019Onda de forma segura, eficaz y con la accesibilidad y calidad requeridas.<\/p>\n<p>Es por esto que, se recomienda que antes de iniciar la navegaci\u00f3n, lea atentamente el presente \u2018Aviso Legal\u2019.<\/p>\n<p><b><\/b><b>2. Car\u00e1cter de la informaci\u00f3n publicada en el Portal<span class=\"Apple-converted-space\">\u00a0<\/span><\/b><\/p>\n<p>Las informaciones ofrecidas\u00a0mediante este medio tienen exclusivamente car\u00e1cter ilustrativo\u00a0y no originan derechos ni\u00a0expectativas de derechos y no se hace responsable de los contenidos accesibles mediante enlaces o\u00a0documentos existentes en otros dominios.<\/p>\n<p>El Ajuntament d\u2019Onda procura que esta informaci\u00f3n sea exacta y precisa, y procede a su\u00a0actualizaci\u00f3n con la m\u00e1xima celeridad posible, tratando de evitar errores y corrigi\u00e9ndolos tan pronto como los detecta. No obstante, el Ajuntament d\u2019Onda no puede garantizar la inexistencia de errores ni que el contenido de la informaci\u00f3n se encuentre permanentemente actualizado.<\/p>\n<p>La informaci\u00f3n contenida en el Portal puede\u00a0ser modificada\u00a0y actualizada por el Ajuntament d\u2019Onda, sin\u00a0necesidad de aviso previo, tanto en lo relativo a su contenido como a su dise\u00f1o y presentaci\u00f3n.<\/p>\n<p>La\u00a0informaci\u00f3n\u00a0proporcionada en respuesta a cualquier consulta o petici\u00f3n de informaci\u00f3n tiene\u00a0car\u00e1cter meramente orientativo\u00a0y en ning\u00fan caso resultar\u00e1 vinculante para la resoluci\u00f3n de los procedimientos administrativos, los cuales se hallan estrictamente sujetos a las normas legales o reglamentarias que les sean de aplicaci\u00f3n.<\/p>\n<p>Con car\u00e1cter general, la informaci\u00f3n disponible en este Portal tiene que ser entendida como una gu\u00eda sin prop\u00f3sito de validez legal. La informaci\u00f3n administrativa facilitada a trav\u00e9s del mismo no sustituye la publicidad legal de las leyes, de las disposiciones generales y de los actos que tengan que ser publicados formalmente a los diarios o boletines oficiales de las administraciones p\u00fablicas. En el caso de cualquier discrepancia entre la versi\u00f3n de documentos e informaci\u00f3n obtenida en este sitio Web y la versi\u00f3n considerada oficial, la versi\u00f3n oficial de las administraciones es la \u00fanica legalmente v\u00e1lida.<\/p>\n<p>El Ayuntamiento procura que la informaci\u00f3n sea exacta y precisa, y proceder\u00e1n a su actualizaci\u00f3n con la m\u00e1xima celeridad posible, tratando de evitar errores y corrigi\u00e9ndolos tan pronto como los detecten. El Ajuntament d\u2019Onda no puede garantizar la inexistencia de errores, ni que el contenido de la informaci\u00f3n se encuentre, permanentemente, actualizado.<\/p>\n<p><b>3. Condiciones y t\u00e9rminos generales de uso del Portal<span class=\"Apple-converted-space\">\u00a0<\/span><\/b><\/p>\n<p>Por el acceso, navegaci\u00f3n por el Portal de Internet del Ajuntament d\u2019Onda y\/o por la utilizaci\u00f3n de los servicios incluidos en el mismo, Vd. adquiere la condici\u00f3n de Usuario, sin reservas de ninguna clase, a todas y cada una de las presentes Condiciones y T\u00e9rminos Generales de Uso y<span class=\"Apple-converted-space\">\u00a0\u00a0<\/span>de las Condiciones Particulares, que en su caso rijan la prestaci\u00f3n de los servicios que se dispusieran en el sitio Web, sin perjuicio de la atenci\u00f3n y cumplimiento por parte del Usuario de las condiciones fijadas y previstas por los sitios Web hipervinculados desde\u00a0<a href=\"http:\/\/ajuntament.onda.es\/\">http:\/\/ajuntament.onda.es\/<\/a>, de las cuales no responde el Ajuntament d\u2019Onda.<span class=\"Apple-converted-space\">\u00a0<\/span><\/p>\n<p>El Ajuntament d\u2019Onda podr\u00e1, en todo momento y sin previo aviso, modificar las Condiciones y T\u00e9rminos Generales de Uso, as\u00ed como las Condiciones Particulares, que se establecieran.<span class=\"Apple-converted-space\">\u00a0<\/span><\/p>\n<p>En todo caso, el Usuario se compromete a hacer un uso adecuado de los contenidos y servicios que el Ajuntament d\u2019Onda ofrece a trav\u00e9s del Portal y, con car\u00e1cter enunciativo, pero no limitativo:<\/p>\n<p><b>(i)<\/b>\u00a0No incurrir en actividades il\u00edcitas, ilegales o contrarias a la buena fe y al orden p\u00fablico.<span class=\"Apple-converted-space\">\u00a0<\/span><\/p>\n<p><b>(ii)<\/b>\u00a0No introducir, almacenar o difundir en o desde el Portal, cualquier informaci\u00f3n o material que, expl\u00edcita o impl\u00edcitamente, fuera difamatorio, injurioso, obsceno, amenazador, xen\u00f3fobo, de apolog\u00eda del terrorismo, pornogr\u00e1fico o incite a la violencia, a la discriminaci\u00f3n por raz\u00f3n de raza, sexo, ideolog\u00eda, religi\u00f3n o que de cualquier forma atente contra la moral, el orden p\u00fablico, los derechos fundamentales, las libertas p\u00fablicas, con especial atenci\u00f3n al honor, la intimidad o la imagen de terceros y, en general, contra los derechos humanos.<\/p>\n<p><b>(iii)<\/b>\u00a0No utilizar identidades falsas, ni suplantar la identidad de otros en la utilizaci\u00f3n del Portal o en la utilizaci\u00f3n de cualquiera de los servicios dispuestos, incluyendo la utilizaci\u00f3n en su caso de contrase\u00f1as o claves de acceso de terceros o de cualquier otra forma.<\/p>\n<p>En consecuencia, el Usuario no podr\u00e1 intentar acceder y, en su caso, utilizar las claves de otros usuarios y modificar o manipular sus mensajes.<\/p>\n<p><b>(iv)<\/b>\u00a0No introducir, almacenar o difundir mediante el Portal ning\u00fan programa de ordenador, datos, virus, c\u00f3digo, equipo de hardware o de telecomunicaciones o cualquier otro instrumento o dispositivo electr\u00f3nico o f\u00edsico que sea susceptible de causar da\u00f1os en el Portal, en cualquiera de los servicios, o en cualquiera de los equipos, sistemas o redes del Ajuntament d\u2019Onda o, en general, de cualquier tercero, o que de cualquier otra forma sea capaz de causarles cualquier tipo de alteraci\u00f3n o impedir el normal funcionamiento de los mismos.<span class=\"Apple-converted-space\">\u00a0<\/span><\/p>\n<p><b>(v)<\/b>\u00a0No destruir, alterar, utilizar para su uso, inutilizar o da\u00f1ar los datos, informaciones, programas o documentos electr\u00f3nicos del Ajuntament d\u2019Onda o cualesquiera terceros.<\/p>\n<p><b>(vi)<\/b>\u00a0No introducir, almacenar o difundir mediante el Portal cualquier contenido que infrinja derechos de propiedad intelectual, industrial o secretos empresariales de terceros, ni en general ning\u00fan contenido del cual no ostentara, de conformidad con la ley, el derecho a ponerlo a disposici\u00f3n de tercero.<\/p>\n<p><b><span class=\"Apple-converted-space\">\u00a0<\/span>(vii)<\/b>\u00a0No utilizar los servicios ofrecidos en el Portal con el objetivo de promocionar empresas y servicios externos, otras p\u00e1ginas web y hacer campa\u00f1as de publicidad o comerciales, ni para actuar en beneficio de personas jur\u00eddicas.<\/p>\n<p>En caso de contravenir las condiciones anteriores, el Ajuntament d\u2019Onda se reserva la facultad y estar\u00e1 legitimado para bloquear, suspender o cancelar, de forma inmediata y sin previo aviso, el acceso y uso del Portal y, en su caso, para retirar los contenidos presunta o declaradamente ilegales, ya lo realice a su exclusivo criterio, y a petici\u00f3n de tercero afectado o de autoridad competente.<span class=\"Apple-converted-space\">\u00a0<\/span><\/p>\n<p>\u00a0<\/p>\n<p><b>4. Responsabilidad.<span class=\"Apple-converted-space\">\u00a0<\/span><\/b><\/p>\n<p>El Ajuntament d\u2019Onda no se hace responsable de los da\u00f1os y perjuicios que se pudieran derivar de, con car\u00e1cter meramente enunciativo y no limitativo:<\/p>\n<p><b>(i)<\/b>\u00a0Inferencias, omisiones, interrupciones, virus inform\u00e1ticos, aver\u00edas y\/o desconexiones en el funcionamiento operativo de este sistema electr\u00f3nico o en los aparatos y equipos inform\u00e1ticos de los Usuarios, motivadas por causas ajenas a el Ajuntament d\u2019Onda, que impidan o retrasen la prestaci\u00f3n de los servicios o la navegaci\u00f3n por el Sistema.<\/p>\n<p><b>(ii)<\/b>\u00a0Retrasos o bloqueos en el uso causados por deficiencias o sobrecargas de Internet o en otros sistemas electr\u00f3nicos.<span class=\"Apple-converted-space\">\u00a0<\/span><\/p>\n<p><b>(iii)<\/b>\u00a0Que puedan ser causados por terceras personas mediante intromisiones ileg\u00edtimas fuera del control y que no sean atribuibles al Ajuntament d\u2019Onda.<span class=\"Apple-converted-space\">\u00a0<\/span><\/p>\n<p><b>(iv)<\/b>\u00a0De la imposibilidad de dar el servicio o permitir el acceso por causas no imputables al Ajuntament d\u2019Onda, debidas al Usuario, a terceros, o a supuestos de fuerza mayor.<span class=\"Apple-converted-space\">\u00a0<\/span><\/p>\n<p><b>(v)\u00a0<\/b>El Portal<b>\u00a0<\/b>del Ajuntament d\u2019Onda puede contener enlaces\u00a0a las sedes electr\u00f3nicas de otras Administraciones p\u00fablicas o a\u00a0p\u00e1ginas web de otros \u00f3rganos, empresas o instituciones, con el objetivo de facilitar a los ciudadanos la b\u00fasqueda de\u00a0informaci\u00f3n y recursos\u00a0a trav\u00e9s de Internet. No obstante, dichas p\u00e1ginas\u00a0no son de su titularidad y, por tanto,\u00a0el Ajuntament d\u2019Onda no es responsable de sus contenidos, funcionamiento o de las posibles consecuencias que\u00a0puedan derivarse del acceso o uso de las mismas. Puede indicarse, a trav\u00e9s de mensajes sobre los enlaces, si accediendo a ellos se abandona o no el Portal del Ajuntament d\u2019Onda. En todo caso, al salir de la direcci\u00f3n\u00a0<a href=\"http:\/\/www.onda.es\/\">http:\/\/www.onda.es\/<\/a>, la informaci\u00f3n o los servicios a los que se acceda quedan fuera del \u00e1mbito de responsabilidad del titular de la sede electr\u00f3nica del Ajuntament d\u2019Onda.<span class=\"Apple-converted-space\">\u00a0<\/span><\/p>\n<p><b>5. Propiedad intelectual e industrial.<span class=\"Apple-converted-space\">\u00a0<\/span><\/b><\/p>\n<p>El c\u00f3digo fuente, los dise\u00f1os gr\u00e1ficos, las im\u00e1genes, las fotograf\u00edas, los sonidos, las animaciones, el software, los textos, los nombres de dominio, las marcas, as\u00ed como la informaci\u00f3n y los contenidos recogidos a lo largo de todo el Portal est\u00e1n protegidos por la legislaci\u00f3n espa\u00f1ola, a favor del Ajuntament d\u2019Onda.<\/p>\n<p>Su uso, reproducci\u00f3n, distribuci\u00f3n, comunicaci\u00f3n p\u00fablica, transformaci\u00f3n o cualquier otra actividad similar o an\u00e1loga, queda totalmente prohibida salvo que medie autorizaci\u00f3n expresa del Ajuntament d\u2019Onda.<span class=\"Apple-converted-space\">\u00a0<\/span><\/p>\n<p>La licencia de uso de cualquier contenido de esta sede, otorgada al Usuario, se limita a la descarga de dicho contenido y el uso privado del mismo. De conformidad con el art\u00edculo 8 de la Ley 37\/2007, de 16 de noviembre, sobre reutilizaci\u00f3n de la informaci\u00f3n del sector p\u00fablico, la<b>\u00a0<\/b>reutilizaci\u00f3n de la informaci\u00f3n de las Administraciones y de los organismos del sector p\u00fablico estar\u00e1 sometida, entre otras, a las siguientes condiciones generales: (a) Que el contenido de la informaci\u00f3n no sea alterado.(b) Que no se desnaturalice el sentido de la informaci\u00f3n (c) Que se cite la fuente y (d) Que se mencione la fecha de la \u00faltima actualizaci\u00f3n.<\/p>\n\t\t\t\t\t\t\t\t<\/div>\n\t\t\t\t<\/div>\n\t\t\t\t\t<\/div>\n\t\t\t\t<\/div>\n\t\t\t\t<\/div>\n\t\t","protected":false},"excerpt":{"rendered":"<p>AVISO LEGAL\u00a0 1. Introducci\u00f3n.\u00a0 A trav\u00e9s del presente, el Ayuntamiento informa de las Condiciones y T\u00e9rminos Generales que regulan el acceso, navegaci\u00f3n y uso del Portal de Internet del Ajuntament d\u2019Onda. En particular, informa y regula el acceso y uso de los siguientes sitios Web:\u00a0 Portal de Internet De conformidad con el art\u00edculo 39 de [&hellip;]<\/p>\n","protected":false},"author":2,"featured_media":0,"parent":0,"menu_order":0,"comment_status":"closed","ping_status":"open","template":"elementor_canvas","meta":{"footnotes":""},"class_list":["post-546","page","type-page","status-publish","hentry"],"yoast_head":"<!-- This site is optimized with the Yoast SEO plugin v24.9 - https:\/\/yoast.com\/wordpress\/plugins\/seo\/ -->\n<title>Aviso Legal - El Salvador<\/title>\n<meta name=\"robots\" content=\"index, follow, max-snippet:-1, max-image-preview:large, max-video-preview:-1\" \/>\n<link rel=\"canonical\" href=\"https:\/\/elsalvador.onda.es\/?page_id=546\" \/>\n<meta property=\"og:locale\" content=\"es_ES\" \/>\n<meta property=\"og:type\" content=\"article\" \/>\n<meta property=\"og:title\" content=\"Aviso Legal - El Salvador\" \/>\n<meta property=\"og:description\" content=\"AVISO LEGAL\u00a0 1. Introducci\u00f3n.\u00a0 A trav\u00e9s del presente, el Ayuntamiento informa de las Condiciones y T\u00e9rminos Generales que regulan el acceso, navegaci\u00f3n y uso del Portal de Internet del Ajuntament d\u2019Onda. En particular, informa y regula el acceso y uso de los siguientes sitios Web:\u00a0 Portal de Internet De conformidad con el art\u00edculo 39 de [&hellip;]\" \/>\n<meta property=\"og:url\" content=\"https:\/\/elsalvador.onda.es\/?page_id=546\" \/>\n<meta property=\"og:site_name\" content=\"El Salvador\" \/>\n<meta property=\"article:modified_time\" content=\"2025-05-29T09:28:35+00:00\" \/>\n<meta name=\"twitter:card\" content=\"summary_large_image\" \/>\n<meta name=\"twitter:label1\" content=\"Tiempo de lectura\" \/>\n\t<meta name=\"twitter:data1\" content=\"8 minutos\" \/>\n<script type=\"application\/ld+json\" class=\"yoast-schema-graph\">{\"@context\":\"https:\/\/schema.org\",\"@graph\":[{\"@type\":\"WebPage\",\"@id\":\"https:\/\/elsalvador.onda.es\/?page_id=546\",\"url\":\"https:\/\/elsalvador.onda.es\/?page_id=546\",\"name\":\"Aviso Legal - El Salvador\",\"isPartOf\":{\"@id\":\"https:\/\/elsalvador.onda.es\/#website\"},\"datePublished\":\"2025-05-29T09:26:46+00:00\",\"dateModified\":\"2025-05-29T09:28:35+00:00\",\"breadcrumb\":{\"@id\":\"https:\/\/elsalvador.onda.es\/?page_id=546#breadcrumb\"},\"inLanguage\":\"es\",\"potentialAction\":[{\"@type\":\"ReadAction\",\"target\":[\"https:\/\/elsalvador.onda.es\/?page_id=546\"]}]},{\"@type\":\"BreadcrumbList\",\"@id\":\"https:\/\/elsalvador.onda.es\/?page_id=546#breadcrumb\",\"itemListElement\":[{\"@type\":\"ListItem\",\"position\":1,\"name\":\"Portada\",\"item\":\"https:\/\/elsalvador.onda.es\/\"},{\"@type\":\"ListItem\",\"position\":2,\"name\":\"Aviso Legal\"}]},{\"@type\":\"WebSite\",\"@id\":\"https:\/\/elsalvador.onda.es\/#website\",\"url\":\"https:\/\/elsalvador.onda.es\/\",\"name\":\"El Salvador\",\"description\":\"\",\"potentialAction\":[{\"@type\":\"SearchAction\",\"target\":{\"@type\":\"EntryPoint\",\"urlTemplate\":\"https:\/\/elsalvador.onda.es\/?s={search_term_string}\"},\"query-input\":{\"@type\":\"PropertyValueSpecification\",\"valueRequired\":true,\"valueName\":\"search_term_string\"}}],\"inLanguage\":\"es\"}]}<\/script>\n<!-- \/ Yoast SEO plugin. -->","yoast_head_json":{"title":"Aviso Legal - El Salvador","robots":{"index":"index","follow":"follow","max-snippet":"max-snippet:-1","max-image-preview":"max-image-preview:large","max-video-preview":"max-video-preview:-1"},"canonical":"https:\/\/elsalvador.onda.es\/?page_id=546","og_locale":"es_ES","og_type":"article","og_title":"Aviso Legal - El Salvador","og_description":"AVISO LEGAL\u00a0 1. Introducci\u00f3n.\u00a0 A trav\u00e9s del presente, el Ayuntamiento informa de las Condiciones y T\u00e9rminos Generales que regulan el acceso, navegaci\u00f3n y uso del Portal de Internet del Ajuntament d\u2019Onda. En particular, informa y regula el acceso y uso de los siguientes sitios Web:\u00a0 Portal de Internet De conformidad con el art\u00edculo 39 de [&hellip;]","og_url":"https:\/\/elsalvador.onda.es\/?page_id=546","og_site_name":"El Salvador","article_modified_time":"2025-05-29T09:28:35+00:00","twitter_card":"summary_large_image","twitter_misc":{"Tiempo de lectura":"8 minutos"},"schema":{"@context":"https:\/\/schema.org","@graph":[{"@type":"WebPage","@id":"https:\/\/elsalvador.onda.es\/?page_id=546","url":"https:\/\/elsalvador.onda.es\/?page_id=546","name":"Aviso Legal - El Salvador","isPartOf":{"@id":"https:\/\/elsalvador.onda.es\/#website"},"datePublished":"2025-05-29T09:26:46+00:00","dateModified":"2025-05-29T09:28:35+00:00","breadcrumb":{"@id":"https:\/\/elsalvador.onda.es\/?page_id=546#breadcrumb"},"inLanguage":"es","potentialAction":[{"@type":"ReadAction","target":["https:\/\/elsalvador.onda.es\/?page_id=546"]}]},{"@type":"BreadcrumbList","@id":"https:\/\/elsalvador.onda.es\/?page_id=546#breadcrumb","itemListElement":[{"@type":"ListItem","position":1,"name":"Portada","item":"https:\/\/elsalvador.onda.es\/"},{"@type":"ListItem","position":2,"name":"Aviso Legal"}]},{"@type":"WebSite","@id":"https:\/\/elsalvador.onda.es\/#website","url":"https:\/\/elsalvador.onda.es\/","name":"El Salvador","description":"","potentialAction":[{"@type":"SearchAction","target":{"@type":"EntryPoint","urlTemplate":"https:\/\/elsalvador.onda.es\/?s={search_term_string}"},"query-input":{"@type":"PropertyValueSpecification","valueRequired":true,"valueName":"search_term_string"}}],"inLanguage":"es"}]}},"_links":{"self":[{"href":"https:\/\/elsalvador.onda.es\/index.php?rest_route=\/wp\/v2\/pages\/546","targetHints":{"allow":["GET"]}}],"collection":[{"href":"https:\/\/elsalvador.onda.es\/index.php?rest_route=\/wp\/v2\/pages"}],"about":[{"href":"https:\/\/elsalvador.onda.es\/index.php?rest_route=\/wp\/v2\/types\/page"}],"author":[{"embeddable":true,"href":"https:\/\/elsalvador.onda.es\/index.php?rest_route=\/wp\/v2\/users\/2"}],"replies":[{"embeddable":true,"href":"https:\/\/elsalvador.onda.es\/index.php?rest_route=%2Fwp%2Fv2%2Fcomments&post=546"}],"version-history":[{"count":4,"href":"https:\/\/elsalvador.onda.es\/index.php?rest_route=\/wp\/v2\/pages\/546\/revisions"}],"predecessor-version":[{"id":550,"href":"https:\/\/elsalvador.onda.es\/index.php?rest_route=\/wp\/v2\/pages\/546\/revisions\/550"}],"wp:attachment":[{"href":"https:\/\/elsalvador.onda.es\/index.php?rest_route=%2Fwp%2Fv2%2Fmedia&parent=546"}],"curies":[{"name":"wp","href":"https:\/\/api.w.org\/{rel}","templated":true}]}}