{"id":86,"date":"2025-04-25T10:28:42","date_gmt":"2025-04-25T10:28:42","guid":{"rendered":"https:\/\/elsalvador.onda.es\/?page_id=86"},"modified":"2025-05-29T10:28:37","modified_gmt":"2025-05-29T10:28:37","slug":"historia","status":"publish","type":"page","link":"https:\/\/elsalvador.onda.es\/?page_id=86","title":{"rendered":"Historia"},"content":{"rendered":"\t\t<div data-elementor-type=\"wp-page\" data-elementor-id=\"86\" class=\"elementor elementor-86\">\n\t\t\t\t<div data-particle_enable=\"false\" data-particle-mobile-disabled=\"false\" class=\"elementor-element elementor-element-3a27acee e-grid e-con-boxed e-con e-parent\" data-id=\"3a27acee\" data-element_type=\"container\" data-settings=\"{&quot;background_background&quot;:&quot;classic&quot;}\">\n\t\t\t\t\t<div class=\"e-con-inner\">\n\t\t\t\t<div class=\"elementor-element elementor-element-4e6c0d73 elementor-widget elementor-widget-image\" data-id=\"4e6c0d73\" data-element_type=\"widget\" data-widget_type=\"image.default\">\n\t\t\t\t<div class=\"elementor-widget-container\">\n\t\t\t\t\t\t\t\t\t\t\t\t\t\t\t\t<a href=\"https:\/\/elsalvador.onda.es\/\">\n\t\t\t\t\t\t\t<img fetchpriority=\"high\" decoding=\"async\" width=\"888\" height=\"404\" src=\"https:\/\/elsalvador.onda.es\/wp-content\/uploads\/2025\/05\/AJUNTAMENT-ONDA-BLANC-1.png\" class=\"attachment-large size-large wp-image-493\" alt=\"\" srcset=\"https:\/\/elsalvador.onda.es\/wp-content\/uploads\/2025\/05\/AJUNTAMENT-ONDA-BLANC-1.png 888w, https:\/\/elsalvador.onda.es\/wp-content\/uploads\/2025\/05\/AJUNTAMENT-ONDA-BLANC-1-300x136.png 300w, https:\/\/elsalvador.onda.es\/wp-content\/uploads\/2025\/05\/AJUNTAMENT-ONDA-BLANC-1-768x349.png 768w\" sizes=\"(max-width: 888px) 100vw, 888px\" \/>\t\t\t\t\t\t\t\t<\/a>\n\t\t\t\t\t\t\t\t\t\t\t\t\t\t\t<\/div>\n\t\t\t\t<\/div>\n\t\t\t\t<div class=\"elementor-element elementor-element-44f072e4 eael_advanced_menu_hamburger_disable_selected_menu_hide eael-advanced-menu-hamburger-align-center eael-advanced-menu--stretch eael-hamburger--mobile elementor-widget__width-auto elementor-widget elementor-widget-eael-advanced-menu\" data-id=\"44f072e4\" data-element_type=\"widget\" data-widget_type=\"eael-advanced-menu.skin-one\">\n\t\t\t\t<div class=\"elementor-widget-container\">\n\t\t\t\t\t<style>\n                        @media screen and (max-width: 767px) {\n                            .eael-hamburger--mobile {\n                                .eael-advanced-menu-horizontal,\n                                .eael-advanced-menu-vertical {\n                                    display: none;\n                                }\n                            }\n                            .eael-hamburger--mobile {\n                                .eael-advanced-menu-container .eael-advanced-menu-toggle {\n                                    display: block;\n                                }\n                            }\n                        }\n                    <\/style>            <div data-hamburger-icon=\"&lt;svg aria-hidden=&quot;true&quot; class=&quot;e-font-icon-svg e-fas-bars&quot; viewBox=&quot;0 0 448 512&quot; xmlns=&quot;http:\/\/www.w3.org\/2000\/svg&quot;&gt;&lt;path d=&quot;M16 132h416c8.837 0 16-7.163 16-16V76c0-8.837-7.163-16-16-16H16C7.163 60 0 67.163 0 76v40c0 8.837 7.163 16 16 16zm0 160h416c8.837 0 16-7.163 16-16v-40c0-8.837-7.163-16-16-16H16c-8.837 0-16 7.163-16 16v40c0 8.837 7.163 16 16 16zm0 160h416c8.837 0 16-7.163 16-16v-40c0-8.837-7.163-16-16-16H16c-8.837 0-16 7.163-16 16v40c0 8.837 7.163 16 16 16z&quot;&gt;&lt;\/path&gt;&lt;\/svg&gt;\" data-indicator-class=\"\" data-dropdown-indicator-class=\"&lt;svg aria-hidden=&quot;true&quot; class=&quot;e-font-icon-svg e-fas-angle-down&quot; viewBox=&quot;0 0 320 512&quot; xmlns=&quot;http:\/\/www.w3.org\/2000\/svg&quot;&gt;&lt;path d=&quot;M143 352.3L7 216.3c-9.4-9.4-9.4-24.6 0-33.9l22.6-22.6c9.4-9.4 24.6-9.4 33.9 0l96.4 96.4 96.4-96.4c9.4-9.4 24.6-9.4 33.9 0l22.6 22.6c9.4 9.4 9.4 24.6 0 33.9l-136 136c-9.2 9.4-24.4 9.4-33.8 0z&quot;&gt;&lt;\/path&gt;&lt;\/svg&gt;\" class=\"eael-advanced-menu-container eael-advanced-menu-align-center eael-advanced-menu-dropdown-align-left\" data-hamburger-breakpoints=\"{&quot;mobile&quot;:&quot;M\\u00f3vil vertical (&gt; 767px)&quot;,&quot;tablet&quot;:&quot;Tableta vertical (&gt; 1024px)&quot;,&quot;desktop&quot;:&quot;Desktop (&gt; 2400px)&quot;,&quot;none&quot;:&quot;None&quot;}\" data-hamburger-device=\"mobile\">\n                <ul id=\"menu-menu-1\" class=\"eael-advanced-menu eael-advanced-menu-dropdown-animate-fade eael-advanced-menu-indicator eael-advanced-menu-horizontal\"><li id=\"menu-item-413\" class=\"menu-item menu-item-type-post_type menu-item-object-page menu-item-home menu-item-413\"><a href=\"https:\/\/elsalvador.onda.es\/\">Inicio<\/a><\/li>\n<li id=\"menu-item-684\" class=\"menu-item menu-item-type-post_type menu-item-object-page menu-item-684\"><a href=\"https:\/\/elsalvador.onda.es\/?page_id=629\">Festividad<\/a><\/li>\n<li id=\"menu-item-416\" class=\"menu-item menu-item-type-post_type menu-item-object-page menu-item-has-children menu-item-416\"><a href=\"https:\/\/elsalvador.onda.es\/?page_id=86\">Historia<\/a>\n<ul class=\"sub-menu\">\n\t<li id=\"menu-item-415\" class=\"menu-item menu-item-type-post_type menu-item-object-page menu-item-415\"><a href=\"https:\/\/elsalvador.onda.es\/?page_id=128\">El Ermitorio<\/a><\/li>\n\t<li id=\"menu-item-417\" class=\"menu-item menu-item-type-post_type menu-item-object-page menu-item-417\"><a href=\"https:\/\/elsalvador.onda.es\/?page_id=209\">La Imagen del Salvador<\/a><\/li>\n\t<li id=\"menu-item-418\" class=\"menu-item menu-item-type-post_type menu-item-object-page menu-item-418\"><a href=\"https:\/\/elsalvador.onda.es\/?page_id=241\">Los Gozos al Salvador<\/a><\/li>\n<\/ul>\n<\/li>\n<li id=\"menu-item-419\" class=\"menu-item menu-item-type-post_type menu-item-object-page menu-item-419\"><a href=\"https:\/\/elsalvador.onda.es\/?page_id=344\">Tradiciones<\/a><\/li>\n<\/ul>                <button class=\"eael-advanced-menu-toggle\" aria-label=\"Essential Addons Toggle Menu\">\n                    <svg aria-hidden=\"true\" class=\"e-font-icon-svg e-fas-bars\" viewBox=\"0 0 448 512\" xmlns=\"http:\/\/www.w3.org\/2000\/svg\"><path d=\"M16 132h416c8.837 0 16-7.163 16-16V76c0-8.837-7.163-16-16-16H16C7.163 60 0 67.163 0 76v40c0 8.837 7.163 16 16 16zm0 160h416c8.837 0 16-7.163 16-16v-40c0-8.837-7.163-16-16-16H16c-8.837 0-16 7.163-16 16v40c0 8.837 7.163 16 16 16zm0 160h416c8.837 0 16-7.163 16-16v-40c0-8.837-7.163-16-16-16H16c-8.837 0-16 7.163-16 16v40c0 8.837 7.163 16 16 16z\"><\/path><\/svg>                <\/button>\n            <\/div>\n            \t\t\t\t<\/div>\n\t\t\t\t<\/div>\n\t\t\t\t\t<\/div>\n\t\t\t\t<\/div>\n\t\t<div data-particle_enable=\"false\" data-particle-mobile-disabled=\"false\" class=\"elementor-element elementor-element-e7890e4 e-flex e-con-boxed e-con e-parent\" data-id=\"e7890e4\" data-element_type=\"container\" data-settings=\"{&quot;background_background&quot;:&quot;video&quot;}\">\n\t\t\t\t\t<div class=\"e-con-inner\">\n\t\t<div data-particle_enable=\"false\" data-particle-mobile-disabled=\"false\" class=\"elementor-element elementor-element-a0ea98e e-con-full e-flex e-con e-child\" data-id=\"a0ea98e\" data-element_type=\"container\">\n\t\t\t\t<div class=\"elementor-element elementor-element-fd001e1 elementor-widget elementor-widget-spacer\" data-id=\"fd001e1\" data-element_type=\"widget\" data-widget_type=\"spacer.default\">\n\t\t\t\t<div class=\"elementor-widget-container\">\n\t\t\t\t\t\t\t<div class=\"elementor-spacer\">\n\t\t\t<div class=\"elementor-spacer-inner\"><\/div>\n\t\t<\/div>\n\t\t\t\t\t\t<\/div>\n\t\t\t\t<\/div>\n\t\t\t\t<div class=\"elementor-element elementor-element-906975d elementor-widget elementor-widget-image\" data-id=\"906975d\" data-element_type=\"widget\" data-widget_type=\"image.default\">\n\t\t\t\t<div class=\"elementor-widget-container\">\n\t\t\t\t\t\t\t\t\t\t\t\t\t\t\t<img decoding=\"async\" width=\"663\" height=\"429\" src=\"https:\/\/elsalvador.onda.es\/wp-content\/uploads\/2025\/04\/CRO_1963-copy.jpg\" class=\"attachment-large size-large wp-image-35\" alt=\"\" srcset=\"https:\/\/elsalvador.onda.es\/wp-content\/uploads\/2025\/04\/CRO_1963-copy.jpg 663w, https:\/\/elsalvador.onda.es\/wp-content\/uploads\/2025\/04\/CRO_1963-copy-300x194.jpg 300w\" sizes=\"(max-width: 663px) 100vw, 663px\" \/>\t\t\t\t\t\t\t\t\t\t\t\t\t\t\t<\/div>\n\t\t\t\t<\/div>\n\t\t\t\t<div class=\"elementor-element elementor-element-8b4c3b0 elementor-widget elementor-widget-spacer\" data-id=\"8b4c3b0\" data-element_type=\"widget\" data-widget_type=\"spacer.default\">\n\t\t\t\t<div class=\"elementor-widget-container\">\n\t\t\t\t\t\t\t<div class=\"elementor-spacer\">\n\t\t\t<div class=\"elementor-spacer-inner\"><\/div>\n\t\t<\/div>\n\t\t\t\t\t\t<\/div>\n\t\t\t\t<\/div>\n\t\t\t\t<\/div>\n\t\t<div data-particle_enable=\"false\" data-particle-mobile-disabled=\"false\" class=\"elementor-element elementor-element-e0ab7cc e-con-full e-flex e-con e-child\" data-id=\"e0ab7cc\" data-element_type=\"container\">\n\t\t\t\t<div class=\"elementor-element elementor-element-9d7a129 elementor-widget elementor-widget-spacer\" data-id=\"9d7a129\" data-element_type=\"widget\" data-widget_type=\"spacer.default\">\n\t\t\t\t<div class=\"elementor-widget-container\">\n\t\t\t\t\t\t\t<div class=\"elementor-spacer\">\n\t\t\t<div class=\"elementor-spacer-inner\"><\/div>\n\t\t<\/div>\n\t\t\t\t\t\t<\/div>\n\t\t\t\t<\/div>\n\t\t\t\t<div class=\"elementor-element elementor-element-956c155 elementor-widget elementor-widget-spacer\" data-id=\"956c155\" data-element_type=\"widget\" data-widget_type=\"spacer.default\">\n\t\t\t\t<div class=\"elementor-widget-container\">\n\t\t\t\t\t\t\t<div class=\"elementor-spacer\">\n\t\t\t<div class=\"elementor-spacer-inner\"><\/div>\n\t\t<\/div>\n\t\t\t\t\t\t<\/div>\n\t\t\t\t<\/div>\n\t\t\t\t<div class=\"elementor-element elementor-element-02f172b elementor-widget elementor-widget-heading\" data-id=\"02f172b\" data-element_type=\"widget\" data-widget_type=\"heading.default\">\n\t\t\t\t<div class=\"elementor-widget-container\">\n\t\t\t\t\t<h3 class=\"elementor-heading-title elementor-size-default\">Cronolog\u00eda del Culto al Sant\u00edsimo Salvador en Onda<\/h3>\t\t\t\t<\/div>\n\t\t\t\t<\/div>\n\t\t\t\t<div class=\"elementor-element elementor-element-864eb4f elementor-widget elementor-widget-text-editor\" data-id=\"864eb4f\" data-element_type=\"widget\" data-widget_type=\"text-editor.default\">\n\t\t\t\t<div class=\"elementor-widget-container\">\n\t\t\t\t\t\t\t\t\t<p>A continuaci\u00f3n se presenta <strong>una l\u00ednea de tiempo que recorre m\u00e1s de siete siglos de historia<\/strong> alrededor del culto y las transformaciones del ermitorio y la parroquia del Sant\u00edsimo Salvador en Onda.<\/p><p>Partiendo de la conquista cristiana del siglo XIII, esta cronolog\u00eda recoge los hitos fundamentales \u2014fundaciones, construcciones, ampliaciones, reformas art\u00edsticas y avatares b\u00e9licos\u2014 que han marcado la evoluci\u00f3n de este c\u00e9ntrico enclave devocional.<\/p>\t\t\t\t\t\t\t\t<\/div>\n\t\t\t\t<\/div>\n\t\t\t\t<div class=\"elementor-element elementor-element-582743e elementor-widget elementor-widget-spacer\" data-id=\"582743e\" data-element_type=\"widget\" data-widget_type=\"spacer.default\">\n\t\t\t\t<div class=\"elementor-widget-container\">\n\t\t\t\t\t\t\t<div class=\"elementor-spacer\">\n\t\t\t<div class=\"elementor-spacer-inner\"><\/div>\n\t\t<\/div>\n\t\t\t\t\t\t<\/div>\n\t\t\t\t<\/div>\n\t\t\t\t<\/div>\n\t\t\t\t\t<\/div>\n\t\t\t\t<\/div>\n\t\t<div data-particle_enable=\"false\" data-particle-mobile-disabled=\"false\" class=\"elementor-element elementor-element-ae9d214 e-con-full e-flex e-con e-parent\" data-id=\"ae9d214\" data-element_type=\"container\">\n\t\t<div data-particle_enable=\"false\" data-particle-mobile-disabled=\"false\" class=\"elementor-element elementor-element-afa8a8d e-flex e-con-boxed e-con e-child\" data-id=\"afa8a8d\" data-element_type=\"container\">\n\t\t\t\t\t<div class=\"e-con-inner\">\n\t\t<div data-particle_enable=\"false\" data-particle-mobile-disabled=\"false\" class=\"elementor-element elementor-element-03ce5fa e-grid e-con-full e-con e-child\" data-id=\"03ce5fa\" data-element_type=\"container\">\n\t\t\t\t<\/div>\n\t\t\t\t\t<\/div>\n\t\t\t\t<\/div>\n\t\t\t\t<div class=\"elementor-element elementor-element-669b960 elementor-widget elementor-widget-eael-content-timeline\" data-id=\"669b960\" data-element_type=\"widget\" data-widget_type=\"eael-content-timeline.default\">\n\t\t\t\t<div class=\"elementor-widget-container\">\n\t\t\t\t\t\t\t<div id=\"eael-content-timeline-669b960\" class=\"content-timeline-layout-right date-position-inside horizontal-timeline-wrapper\" data-slide_to_scroll=\"{&quot;desktop&quot;:1,&quot;mobile&quot;:1,&quot;tablet&quot;:1}\">\n\t\t\t<div class=\"eael-content-timeline-container\">\n\t\t\t\t<div class=\"eael-content-timeline-container\">\n\t\t\t\t\t\t\t\t\t\t\t\t\t\t\t\t\t\t\t\t\t\t\t<div class=\"eael-content-timeline-block\">\n    <div class=\"eael-content-timeline-line\">\n        <div class=\"eael-content-timeline-inner\"><\/div>\n    <\/div>\n    <div class=\"eael-content-timeline-img eael-picture \"><svg class=\"e-font-icon-svg e-fas-cross\" viewBox=\"0 0 384 512\" xmlns=\"http:\/\/www.w3.org\/2000\/svg\"><path d=\"M352 128h-96V32c0-17.67-14.33-32-32-32h-64c-17.67 0-32 14.33-32 32v96H32c-17.67 0-32 14.33-32 32v64c0 17.67 14.33 32 32 32h96v224c0 17.67 14.33 32 32 32h64c17.67 0 32-14.33 32-32V256h96c17.67 0 32-14.33 32-32v-64c0-17.67-14.33-32-32-32z\"><\/path><\/svg><\/div><div class=\"eael-content-timeline-content\"><span class=\"eael-timeline-title\">SIGLO XIII<\/span><p><strong>1238<\/strong> - <strong>El rey Jaime I funda el reino cristiano de Valencia<\/strong><\/p><p><strong>1241 -<\/strong> <strong>Conquista del castillo y villa de Onda<\/strong><\/p><p>Se establece el culto cristiano, y la antigua mezquita se convierte en<br \/>iglesia dedicada a Santa Mar\u00eda.\u200b<\/p><p><strong>1250-60 - Construcci\u00f3n de la iglesia de Santa Margarita<\/strong><\/p><p>En esos a\u00f1os se construye una iglesia sencilla, dedicada a Santa Margarita, para atender el culto mientras durasen las obras de construcci\u00f3n de la parroquia de Santa Mar\u00eda, que tardar\u00edan muchos a\u00f1os<br \/>en acabarse.\u200b<\/p><span class=\"eael-date\"><\/span><\/div><\/div>\t\t\t\t\t\t\t\t\t\t\t\t\t\t\t\t\t\t<div class=\"eael-content-timeline-block\">\n    <div class=\"eael-content-timeline-line\">\n        <div class=\"eael-content-timeline-inner\"><\/div>\n    <\/div>\n    <div class=\"eael-content-timeline-img eael-picture \"><svg class=\"e-font-icon-svg e-fas-cross\" viewBox=\"0 0 384 512\" xmlns=\"http:\/\/www.w3.org\/2000\/svg\"><path d=\"M352 128h-96V32c0-17.67-14.33-32-32-32h-64c-17.67 0-32 14.33-32 32v96H32c-17.67 0-32 14.33-32 32v64c0 17.67 14.33 32 32 32h96v224c0 17.67 14.33 32 32 32h64c17.67 0 32-14.33 32-32V256h96c17.67 0 32-14.33 32-32v-64c0-17.67-14.33-32-32-32z\"><\/path><\/svg><\/div><div class=\"eael-content-timeline-content\"><span class=\"eael-timeline-title\"><\/span><p><strong>1305-1350 - Uso civil de la iglesia de Santa Margarita<\/strong><\/p><p>En este periodo de tiempo, por estar todav\u00eda en obras, el concejo municipal no ten\u00eda sal\u00f3n para reunirse, por lo que las asambleas generales se celebraban en la iglesia de Santa Margarita.<\/p><p><strong>1393 - El rey Juan I confirma la cofrad\u00eda del Corpus Christi de Onda<\/strong><\/p><p>En la segunda mitad del siglo XIV la devoci\u00f3n en Onda por Cristo Eucar\u00edstico tiene gran importancia, cre\u00e1ndose una cofrad\u00eda en su honor, que muchos a\u00f1os despu\u00e9s el rey aprueba y confirma sus estatutos.<\/p><span class=\"eael-date\">Siglo XIV<\/span><\/div><\/div>\t\t\t\t\t\t\t\t\t\t\t\t\t\t\t\t\t\t<div class=\"eael-content-timeline-block\">\n    <div class=\"eael-content-timeline-line\">\n        <div class=\"eael-content-timeline-inner\"><\/div>\n    <\/div>\n    <div class=\"eael-content-timeline-img eael-picture \"><svg class=\"e-font-icon-svg e-fas-cross\" viewBox=\"0 0 384 512\" xmlns=\"http:\/\/www.w3.org\/2000\/svg\"><path d=\"M352 128h-96V32c0-17.67-14.33-32-32-32h-64c-17.67 0-32 14.33-32 32v96H32c-17.67 0-32 14.33-32 32v64c0 17.67 14.33 32 32 32h96v224c0 17.67 14.33 32 32 32h64c17.67 0 32-14.33 32-32V256h96c17.67 0 32-14.33 32-32v-64c0-17.67-14.33-32-32-32z\"><\/path><\/svg><\/div><div class=\"eael-content-timeline-content\"><span class=\"eael-timeline-title\"><\/span><p><strong>1400-1420 - Primeras noticias sobre el ermitorio del Salvador<\/strong><\/p><p>Fruto de la devoci\u00f3n a Cristo, con su atributo de Salvador del Mundo, se fund\u00f3 una ermita entre finales del siglo XIV y comienzos del XV, de la que \u00fanicamente se sabe que todav\u00eda estaba en obras en 1418.<\/p><p><strong>1400-1450 - Talla de la primera imagen del Sant\u00edsimo Salvador<\/strong><\/p><p>Sabemos c\u00f3mo era la antigua imagen del ermitorio del Salvador, por varias fotograf\u00edas de comienzos del siglo XX: una escultura de bulto, de buena factura y tallada en estilo g\u00f3tico propio de la \u00e9poca.<\/p><span class=\"eael-date\">Siglo XV<\/span><\/div><\/div>\t\t\t\t\t\t\t\t\t\t\t\t\t\t\t\t\t\t<div class=\"eael-content-timeline-block\">\n    <div class=\"eael-content-timeline-line\">\n        <div class=\"eael-content-timeline-inner\"><\/div>\n    <\/div>\n    <div class=\"eael-content-timeline-img eael-picture \"><svg class=\"e-font-icon-svg e-fas-cross\" viewBox=\"0 0 384 512\" xmlns=\"http:\/\/www.w3.org\/2000\/svg\"><path d=\"M352 128h-96V32c0-17.67-14.33-32-32-32h-64c-17.67 0-32 14.33-32 32v96H32c-17.67 0-32 14.33-32 32v64c0 17.67 14.33 32 32 32h96v224c0 17.67 14.33 32 32 32h64c17.67 0 32-14.33 32-32V256h96c17.67 0 32-14.33 32-32v-64c0-17.67-14.33-32-32-32z\"><\/path><\/svg><\/div><div class=\"eael-content-timeline-content\"><span class=\"eael-timeline-title\"><\/span><p><strong>1555 - Repintado de la escultura del Salvador<\/strong><\/p><p>Consta documentalmente, que en 1555 el famoso pintor Juan de Juanes repint\u00f3 la antigua escultura g\u00f3tica del Salvador, pues con el paso del tiempo la pintura primitiva se hab\u00eda ido deteriorando.<\/p><p><strong>1558 - Inauguraci\u00f3n del retablo de Juan de Juanes en Onda <\/strong><\/p><p>El repintado de la escultura del Salvador debi\u00f3 agradar mucho en Onda, y se le encarg\u00f3 al pintor un retablo dedicado a San Antonio y Santa B\u00e1rbara, conservado en la parroquia, en donde tambi\u00e9n figura Cristo en la Cruz.<\/p><p><strong>1564 \u2013 Menci\u00f3n de la existencia del ermitorio<\/strong><\/p><p>El notario Mart\u00edn de Viciana, en 1564 escribi\u00f3 una \u201cHistoria de Valencia\u201d, y en el tomo III, f. 150, dentro del cap\u00edtulo descriptivo de Onda, con letra de la \u00e9poca, dice: <em>\u00aby en el monte ay un hermitorio so t\u00edtulo de Sant Salvador\u00bb<\/em>.<\/p><span class=\"eael-date\">Siglo XVI<\/span><\/div><\/div>\t\t\t\t\t\t\t\t\t\t\t\t\t\t\t\t\t\t<div class=\"eael-content-timeline-block\">\n    <div class=\"eael-content-timeline-line\">\n        <div class=\"eael-content-timeline-inner\"><\/div>\n    <\/div>\n    <div class=\"eael-content-timeline-img eael-picture \"><svg class=\"e-font-icon-svg e-fas-cross\" viewBox=\"0 0 384 512\" xmlns=\"http:\/\/www.w3.org\/2000\/svg\"><path d=\"M352 128h-96V32c0-17.67-14.33-32-32-32h-64c-17.67 0-32 14.33-32 32v96H32c-17.67 0-32 14.33-32 32v64c0 17.67 14.33 32 32 32h96v224c0 17.67 14.33 32 32 32h64c17.67 0 32-14.33 32-32V256h96c17.67 0 32-14.33 32-32v-64c0-17.67-14.33-32-32-32z\"><\/path><\/svg><\/div><div class=\"eael-content-timeline-content\"><span class=\"eael-timeline-title\"><\/span><p><strong>1724 \u2013 Ampliaci\u00f3n del ermitorio<\/strong><\/p><p>Es la fecha de finalizaci\u00f3n de obra para la renovaci\u00f3n completa del interior de la ermita, con decoraci\u00f3n en estilo barroco tard\u00edo conservada actualmente. Al parecer se mantuvo el sencillo altar mayor primitivo.<\/p><p><strong>1734 \u2013 Nuevo altar barroco<\/strong><\/p><p>Se coloc\u00f3 un nuevo altar dorado, de estilo barroco, a juego con la decoraci\u00f3n del interior de la ermita reci\u00e9n renovada, que no se ha<br \/>conservado, pero lo conocemos por fotograf\u00edas de principios del siglo XX\u200b.<\/p><p><strong>1759 \u2013 Reformas en la fuente del ermitorio <\/strong><\/p><p>Se realizaron obras de mejora en la fuente existente en la parte baja del<br \/>ermitorio, e instalaron un ca\u00f1o y una pila para poder llenar los c\u00e1ntaros con mayor comodidad\u200b<\/p><p><strong>A\u00f1o 1792 \u2013 Nuevo frontal de m\u00e1rmol jaspeado en el altar mayor <\/strong><\/p><p>El cantero Miguel March, vecino de Onda, realiz\u00f3 un frontal de distintos colores para el altar mayor de la ermita, con m\u00e1rmoles extra\u00eddos en el t\u00e9rmino de Onda\u200b.<\/p><span class=\"eael-date\">Siglo XVIII<\/span><\/div><\/div>\t\t\t\t\t\t\t\t\t\t\t\t\t\t\t\t\t\t<div class=\"eael-content-timeline-block\">\n    <div class=\"eael-content-timeline-line\">\n        <div class=\"eael-content-timeline-inner\"><\/div>\n    <\/div>\n    <div class=\"eael-content-timeline-img eael-picture \"><svg class=\"e-font-icon-svg e-fas-cross\" viewBox=\"0 0 384 512\" xmlns=\"http:\/\/www.w3.org\/2000\/svg\"><path d=\"M352 128h-96V32c0-17.67-14.33-32-32-32h-64c-17.67 0-32 14.33-32 32v96H32c-17.67 0-32 14.33-32 32v64c0 17.67 14.33 32 32 32h96v224c0 17.67 14.33 32 32 32h64c17.67 0 32-14.33 32-32V256h96c17.67 0 32-14.33 32-32v-64c0-17.67-14.33-32-32-32z\"><\/path><\/svg><\/div><div class=\"eael-content-timeline-content\"><span class=\"eael-timeline-title\"><\/span><p><strong>1873 \u2013 Publicaci\u00f3n de una breve descripci\u00f3n del ermitorio<\/strong><\/p><p>Ese a\u00f1o Bernardo Mundina Milavalle public\u00f3 una Historia de la provincia de Castell\u00f3n, y en su cap\u00edtulo dedicado a Onda se contiene una breve, pero muy interesante descripci\u00f3n con datos in\u00e9ditos del ermitorio del Salvador.<\/p><p><strong>1883 \u2013 Nuevo pavimento de m\u00e1rmol en la ermita<\/strong><\/p><p>Consta documentado que ese a\u00f1o se coloc\u00f3 un nuevo pavimento de m\u00e1rmol en la ermita, que fue costeado por una devota mujer, vecina de<br \/>Onda.<\/p><p><strong>1884 \u2013 Publicaci\u00f3n de un op\u00fasculo sobre la imagen del Salvador<\/strong><\/p><p>Bernardo Mundina public\u00f3 un amplio op\u00fasculo dedicado al Salvador, se\u00f1alando que la antig\u00fcedad legendaria de su imagen en Onda no est\u00e1 contrastada con los datos hist\u00f3ricos reales que conocemos hoy en d\u00eda.<\/p><span class=\"eael-date\">Siglo XIX<\/span><\/div><\/div>\t\t\t\t\t\t\t\t\t\t\t\t\t\t\t\t\t\t<div class=\"eael-content-timeline-block\">\n    <div class=\"eael-content-timeline-line\">\n        <div class=\"eael-content-timeline-inner\"><\/div>\n    <\/div>\n    <div class=\"eael-content-timeline-img eael-picture \"><svg class=\"e-font-icon-svg e-fas-cross\" viewBox=\"0 0 384 512\" xmlns=\"http:\/\/www.w3.org\/2000\/svg\"><path d=\"M352 128h-96V32c0-17.67-14.33-32-32-32h-64c-17.67 0-32 14.33-32 32v96H32c-17.67 0-32 14.33-32 32v64c0 17.67 14.33 32 32 32h96v224c0 17.67 14.33 32 32 32h64c17.67 0 32-14.33 32-32V256h96c17.67 0 32-14.33 32-32v-64c0-17.67-14.33-32-32-32z\"><\/path><\/svg><\/div><div class=\"eael-content-timeline-content\"><span class=\"eael-timeline-title\"><\/span><p><strong>1901 \u2013 Instalaci\u00f3n de z\u00f3calos y cancelas<\/strong><\/p><p>Con el fin de evitar deterioros en el altar mayor, se decidi\u00f3 colocar nuevos z\u00f3calos de azulejo, as\u00ed como cancelas met\u00e1licas de protecci\u00f3n, que frenasen el libre acceso al retablo.<\/p><p><strong>1904 \u2013 Nuevo mural cer\u00e1mico en la fachada<\/strong><\/p><p>Ese a\u00f1o se coloc\u00f3 en la fachada de la hospeder\u00eda\u200b, un nuevo mural de cer\u00e1mica, conmemorativo del dogma de la Inmaculada Concepci\u00f3n.<\/p><p><strong>1906 \u2013 El Vaticano proclama al Salvador como patr\u00f3n principal de Onda<\/strong><\/p><p>A petici\u00f3n del Ayuntamiento, el Papa P\u00edo X declar\u00f3 al Sant\u00edsimo Salvador patr\u00f3n principal de Onda, lo que dio lugar a la celebraci\u00f3n ese a\u00f1o de unas fiestas conmemorativas mucho m\u00e1s solemnes.<\/p><p><strong>1913 \u2013 Celebraci\u00f3n de las Fiestas Constantinianas<\/strong><\/p><p>Se conmemor\u00f3 en el ermitorio el 1700 aniversario del Edicto de Mil\u00e1n, por el que el emperador romano Constantino concedi\u00f3 a los cristianos que pudieran profesar libremente su religi\u00f3n, durante siglos cuestionada.<\/p><p><strong>1936 \u2013 Efectos de la guerra civil en el ermitorio <\/strong><\/p><p>Durante la guerra, el ermitorio fue objeto de saqueo, y se destruy\u00f3 tanto el altar mayor como la antigua imagen del Salvador del siglo XV, pero subsiste toda la decoraci\u00f3n barroca y otros elementos arquitect\u00f3nicos.<\/p><p><strong>1940-1950 \u2013 Restauraci\u00f3n del ermitorio<\/strong><\/p><p>Tras la guerra, se llevaron a cabo trabajos de restauraci\u00f3n, comenzando por la instalaci\u00f3n de un altar mayor provisional, el tallado de una nueva imagen del Salvador, y posteriormente la realizaci\u00f3n del actual retablo dorado.<\/p><p><strong>1949 \u2013 Mural cer\u00e1mico para la fachada principal<\/strong><\/p><p>El ceramista Ismael Mundina Gall\u00e9n (Onda, 1877-1955), realiz\u00f3 un gran mural para la fachada del ermitorio del Salvador, representando la escena de la Transfiguraci\u00f3n de Cristo en el monte Tabor.<\/p><p><strong>1950-2000<\/strong><\/p><p>En este periodo de tiempo, coincidiendo con las \u00faltimas generaciones deondenses, se han hecho numerosas obras de mantenimiento y reforma de los edificios, y potenciado todav\u00eda m\u00e1s la festividad anual del Salvador.<\/p><span class=\"eael-date\">Siglo XX<\/span><\/div><\/div>\t\t\t\t\t\t\t\t\t\t\t\t\t\t\t\t\t\t<div class=\"eael-content-timeline-block\">\n    <div class=\"eael-content-timeline-line\">\n        <div class=\"eael-content-timeline-inner\"><\/div>\n    <\/div>\n    <div class=\"eael-content-timeline-img eael-picture \"><svg class=\"e-font-icon-svg e-fas-cross\" viewBox=\"0 0 384 512\" xmlns=\"http:\/\/www.w3.org\/2000\/svg\"><path d=\"M352 128h-96V32c0-17.67-14.33-32-32-32h-64c-17.67 0-32 14.33-32 32v96H32c-17.67 0-32 14.33-32 32v64c0 17.67 14.33 32 32 32h96v224c0 17.67 14.33 32 32 32h64c17.67 0 32-14.33 32-32V256h96c17.67 0 32-14.33 32-32v-64c0-17.67-14.33-32-32-32z\"><\/path><\/svg><\/div><div class=\"eael-content-timeline-content\"><span class=\"eael-timeline-title\"><\/span><p><strong>2000-2023 \u2013 Etapa actual<\/strong><\/p><p>El ermitorio contin\u00faa siendo un referente permanente para el pueblo de Onda. En 2013 se volvi\u00f3 a celebrar el Centenario Constantiniano. Los actos consistieron en una romer\u00eda hasta el monte Beniparrell, donde se encuentra el basamento de piedra que antiguamente sosten\u00eda una cruz; y despu\u00e9s los participantes se trasladaron al ermitorio del Salvador, donde tuvo lugar una celebraci\u00f3n religiosa.<\/p><p><strong>2024 \u2013 Celebraci\u00f3n del 300 aniversario del actual ermitorio <\/strong><\/p><p>Se cumpl\u00edan tres siglos de la reforma del ermitorio, tal como lo conocemos actualmente, y el Ayuntamiento de Onda llev\u00f3 a cabo numerosos actos de celebraci\u00f3n, en honor de su santo patr\u00f3n principal, el Sant\u00edsimo Salvador; entre los cuales la primera exposici\u00f3n monogr\u00e1fica <em>(en colaboraci\u00f3n con<\/em><br \/><em>la Fundaci\u00f3n Gorriz-Beltr\u00e1n)<\/em> dedicada al patr\u00f3n principal de Onda, con textos, im\u00e1genes, y documentos hist\u00f3ricos: primero en Onda (Casa de Dalt, mes de julio) y despu\u00e9s (mes de agosto) en el propio ermitorio del Salvador.<\/p><p><img decoding=\"async\" class=\"aligncenter wp-image-98 size-large\" src=\"https:\/\/elsalvador.onda.es\/wp-content\/uploads\/2025\/04\/NDP-300-Aniversario-1024x573.jpg\" alt=\"\" width=\"1024\" height=\"573\" srcset=\"https:\/\/elsalvador.onda.es\/wp-content\/uploads\/2025\/04\/NDP-300-Aniversario-1024x573.jpg 1024w, https:\/\/elsalvador.onda.es\/wp-content\/uploads\/2025\/04\/NDP-300-Aniversario-300x168.jpg 300w, https:\/\/elsalvador.onda.es\/wp-content\/uploads\/2025\/04\/NDP-300-Aniversario-768x430.jpg 768w, https:\/\/elsalvador.onda.es\/wp-content\/uploads\/2025\/04\/NDP-300-Aniversario-1536x860.jpg 1536w, https:\/\/elsalvador.onda.es\/wp-content\/uploads\/2025\/04\/NDP-300-Aniversario-2048x1147.jpg 2048w\" sizes=\"(max-width: 1024px) 100vw, 1024px\" \/><\/p><p><strong>A\u00f1o 2025 \u2013 Restauraci\u00f3n del altar mayor<\/strong><\/p><p>Con el apoyo de la Diputaci\u00f3n de Castell\u00f3n, el Ayuntamiento de Onda tiene previsto restaurar el altar mayor dorado de la ermita, y asegurar de ese modo su conservaci\u00f3n para futuras generaciones.<\/p><p><img loading=\"lazy\" decoding=\"async\" class=\"alignnone wp-image-160 size-full\" src=\"https:\/\/elsalvador.onda.es\/wp-content\/uploads\/2025\/04\/Restauracion-Santisimo-Salvador.jpg\" alt=\"\" width=\"2560\" height=\"1433\" srcset=\"https:\/\/elsalvador.onda.es\/wp-content\/uploads\/2025\/04\/Restauracion-Santisimo-Salvador.jpg 2560w, https:\/\/elsalvador.onda.es\/wp-content\/uploads\/2025\/04\/Restauracion-Santisimo-Salvador-300x168.jpg 300w, https:\/\/elsalvador.onda.es\/wp-content\/uploads\/2025\/04\/Restauracion-Santisimo-Salvador-1024x573.jpg 1024w, https:\/\/elsalvador.onda.es\/wp-content\/uploads\/2025\/04\/Restauracion-Santisimo-Salvador-768x430.jpg 768w, https:\/\/elsalvador.onda.es\/wp-content\/uploads\/2025\/04\/Restauracion-Santisimo-Salvador-1536x860.jpg 1536w, https:\/\/elsalvador.onda.es\/wp-content\/uploads\/2025\/04\/Restauracion-Santisimo-Salvador-2048x1146.jpg 2048w\" sizes=\"(max-width: 2560px) 100vw, 2560px\" \/><\/p><span class=\"eael-date\">Siglo XXI<\/span><\/div><\/div>\t\t\t\t<\/div>\n\t\t\t<\/div>\n\t\t<\/div>\n\t\t\t\t\t<\/div>\n\t\t\t\t<\/div>\n\t\t\t\t<\/div>\n\t\t<div data-particle_enable=\"false\" data-particle-mobile-disabled=\"false\" class=\"elementor-element elementor-element-46aa3a4f e-flex e-con-boxed e-con e-parent\" data-id=\"46aa3a4f\" data-element_type=\"container\" data-settings=\"{&quot;background_background&quot;:&quot;classic&quot;}\">\n\t\t\t\t\t<div class=\"e-con-inner\">\n\t\t<div data-particle_enable=\"false\" data-particle-mobile-disabled=\"false\" class=\"elementor-element elementor-element-6ca14bb4 e-con-full e-flex e-con e-child\" data-id=\"6ca14bb4\" data-element_type=\"container\">\n\t\t\t\t<div class=\"elementor-element elementor-element-502026c3 elementor-widget elementor-widget-text-editor\" data-id=\"502026c3\" data-element_type=\"widget\" data-widget_type=\"text-editor.default\">\n\t\t\t\t<div class=\"elementor-widget-container\">\n\t\t\t\t\t\t\t\t\t<p>\u00a0<\/p><h3><span style=\"color: #ffffff;\"><strong>Onda en las Redes<\/strong><\/span><\/h3><p><span style=\"color: #ffffff;\"><em>Comparte con nosotros la actualidad de Onda:<\/em><\/span><\/p>\t\t\t\t\t\t\t\t<\/div>\n\t\t\t\t<\/div>\n\t\t\t\t<div class=\"elementor-element elementor-element-7cee253 e-grid-align-left elementor-shape-rounded elementor-grid-0 elementor-widget elementor-widget-social-icons\" data-id=\"7cee253\" data-element_type=\"widget\" data-widget_type=\"social-icons.default\">\n\t\t\t\t<div class=\"elementor-widget-container\">\n\t\t\t\t\t\t\t<div class=\"elementor-social-icons-wrapper elementor-grid\">\n\t\t\t\t\t\t\t<span class=\"elementor-grid-item\">\n\t\t\t\t\t<a class=\"elementor-icon elementor-social-icon elementor-social-icon-facebook elementor-repeater-item-69c90de\" href=\"https:\/\/www.facebook.com\/OndaAjuntament\/\" target=\"_blank\">\n\t\t\t\t\t\t<span class=\"elementor-screen-only\">Facebook<\/span>\n\t\t\t\t\t\t<svg class=\"e-font-icon-svg e-fab-facebook\" viewBox=\"0 0 512 512\" xmlns=\"http:\/\/www.w3.org\/2000\/svg\"><path d=\"M504 256C504 119 393 8 256 8S8 119 8 256c0 123.78 90.69 226.38 209.25 245V327.69h-63V256h63v-54.64c0-62.15 37-96.48 93.67-96.48 27.14 0 55.52 4.84 55.52 4.84v61h-31.28c-30.8 0-40.41 19.12-40.41 38.73V256h68.78l-11 71.69h-57.78V501C413.31 482.38 504 379.78 504 256z\"><\/path><\/svg>\t\t\t\t\t<\/a>\n\t\t\t\t<\/span>\n\t\t\t\t\t\t\t<span class=\"elementor-grid-item\">\n\t\t\t\t\t<a class=\"elementor-icon elementor-social-icon elementor-social-icon-twitter elementor-repeater-item-95df075\" href=\"https:\/\/x.com\/ondaajuntament\" target=\"_blank\">\n\t\t\t\t\t\t<span class=\"elementor-screen-only\">Twitter<\/span>\n\t\t\t\t\t\t<svg class=\"e-font-icon-svg e-fab-twitter\" viewBox=\"0 0 512 512\" xmlns=\"http:\/\/www.w3.org\/2000\/svg\"><path d=\"M459.37 151.716c.325 4.548.325 9.097.325 13.645 0 138.72-105.583 298.558-298.558 298.558-59.452 0-114.68-17.219-161.137-47.106 8.447.974 16.568 1.299 25.34 1.299 49.055 0 94.213-16.568 130.274-44.832-46.132-.975-84.792-31.188-98.112-72.772 6.498.974 12.995 1.624 19.818 1.624 9.421 0 18.843-1.3 27.614-3.573-48.081-9.747-84.143-51.98-84.143-102.985v-1.299c13.969 7.797 30.214 12.67 47.431 13.319-28.264-18.843-46.781-51.005-46.781-87.391 0-19.492 5.197-37.36 14.294-52.954 51.655 63.675 129.3 105.258 216.365 109.807-1.624-7.797-2.599-15.918-2.599-24.04 0-57.828 46.782-104.934 104.934-104.934 30.213 0 57.502 12.67 76.67 33.137 23.715-4.548 46.456-13.32 66.599-25.34-7.798 24.366-24.366 44.833-46.132 57.827 21.117-2.273 41.584-8.122 60.426-16.243-14.292 20.791-32.161 39.308-52.628 54.253z\"><\/path><\/svg>\t\t\t\t\t<\/a>\n\t\t\t\t<\/span>\n\t\t\t\t\t\t\t<span class=\"elementor-grid-item\">\n\t\t\t\t\t<a class=\"elementor-icon elementor-social-icon elementor-social-icon-youtube elementor-repeater-item-98fb40c\" href=\"https:\/\/www.youtube.com\/user\/OndaAyuntamiento\" target=\"_blank\">\n\t\t\t\t\t\t<span class=\"elementor-screen-only\">Youtube<\/span>\n\t\t\t\t\t\t<svg class=\"e-font-icon-svg e-fab-youtube\" viewBox=\"0 0 576 512\" xmlns=\"http:\/\/www.w3.org\/2000\/svg\"><path d=\"M549.655 124.083c-6.281-23.65-24.787-42.276-48.284-48.597C458.781 64 288 64 288 64S117.22 64 74.629 75.486c-23.497 6.322-42.003 24.947-48.284 48.597-11.412 42.867-11.412 132.305-11.412 132.305s0 89.438 11.412 132.305c6.281 23.65 24.787 41.5 48.284 47.821C117.22 448 288 448 288 448s170.78 0 213.371-11.486c23.497-6.321 42.003-24.171 48.284-47.821 11.412-42.867 11.412-132.305 11.412-132.305s0-89.438-11.412-132.305zm-317.51 213.508V175.185l142.739 81.205-142.739 81.201z\"><\/path><\/svg>\t\t\t\t\t<\/a>\n\t\t\t\t<\/span>\n\t\t\t\t\t\t\t<span class=\"elementor-grid-item\">\n\t\t\t\t\t<a class=\"elementor-icon elementor-social-icon elementor-social-icon-instagram elementor-repeater-item-e3e482e\" href=\"https:\/\/www.instagram.com\/ondaajuntament\" target=\"_blank\">\n\t\t\t\t\t\t<span class=\"elementor-screen-only\">Instagram<\/span>\n\t\t\t\t\t\t<svg class=\"e-font-icon-svg e-fab-instagram\" viewBox=\"0 0 448 512\" xmlns=\"http:\/\/www.w3.org\/2000\/svg\"><path d=\"M224.1 141c-63.6 0-114.9 51.3-114.9 114.9s51.3 114.9 114.9 114.9S339 319.5 339 255.9 287.7 141 224.1 141zm0 189.6c-41.1 0-74.7-33.5-74.7-74.7s33.5-74.7 74.7-74.7 74.7 33.5 74.7 74.7-33.6 74.7-74.7 74.7zm146.4-194.3c0 14.9-12 26.8-26.8 26.8-14.9 0-26.8-12-26.8-26.8s12-26.8 26.8-26.8 26.8 12 26.8 26.8zm76.1 27.2c-1.7-35.9-9.9-67.7-36.2-93.9-26.2-26.2-58-34.4-93.9-36.2-37-2.1-147.9-2.1-184.9 0-35.8 1.7-67.6 9.9-93.9 36.1s-34.4 58-36.2 93.9c-2.1 37-2.1 147.9 0 184.9 1.7 35.9 9.9 67.7 36.2 93.9s58 34.4 93.9 36.2c37 2.1 147.9 2.1 184.9 0 35.9-1.7 67.7-9.9 93.9-36.2 26.2-26.2 34.4-58 36.2-93.9 2.1-37 2.1-147.8 0-184.8zM398.8 388c-7.8 19.6-22.9 34.7-42.6 42.6-29.5 11.7-99.5 9-132.1 9s-102.7 2.6-132.1-9c-19.6-7.8-34.7-22.9-42.6-42.6-11.7-29.5-9-99.5-9-132.1s-2.6-102.7 9-132.1c7.8-19.6 22.9-34.7 42.6-42.6 29.5-11.7 99.5-9 132.1-9s102.7-2.6 132.1 9c19.6 7.8 34.7 22.9 42.6 42.6 11.7 29.5 9 99.5 9 132.1s2.7 102.7-9 132.1z\"><\/path><\/svg>\t\t\t\t\t<\/a>\n\t\t\t\t<\/span>\n\t\t\t\t\t\t\t<span class=\"elementor-grid-item\">\n\t\t\t\t\t<a class=\"elementor-icon elementor-social-icon elementor-social-icon-linkedin elementor-repeater-item-a9deeb8\" href=\"https:\/\/www.linkedin.com\/in\/ajuntament-d-onda-24a5111b4\/\" target=\"_blank\">\n\t\t\t\t\t\t<span class=\"elementor-screen-only\">Linkedin<\/span>\n\t\t\t\t\t\t<svg class=\"e-font-icon-svg e-fab-linkedin\" viewBox=\"0 0 448 512\" xmlns=\"http:\/\/www.w3.org\/2000\/svg\"><path d=\"M416 32H31.9C14.3 32 0 46.5 0 64.3v383.4C0 465.5 14.3 480 31.9 480H416c17.6 0 32-14.5 32-32.3V64.3c0-17.8-14.4-32.3-32-32.3zM135.4 416H69V202.2h66.5V416zm-33.2-243c-21.3 0-38.5-17.3-38.5-38.5S80.9 96 102.2 96c21.2 0 38.5 17.3 38.5 38.5 0 21.3-17.2 38.5-38.5 38.5zm282.1 243h-66.4V312c0-24.8-.5-56.7-34.5-56.7-34.6 0-39.9 27-39.9 54.9V416h-66.4V202.2h63.7v29.2h.9c8.9-16.8 30.6-34.5 62.9-34.5 67.2 0 79.7 44.3 79.7 101.9V416z\"><\/path><\/svg>\t\t\t\t\t<\/a>\n\t\t\t\t<\/span>\n\t\t\t\t\t<\/div>\n\t\t\t\t\t\t<\/div>\n\t\t\t\t<\/div>\n\t\t\t\t<div class=\"elementor-element elementor-element-b7f3978 elementor-widget elementor-widget-text-editor\" data-id=\"b7f3978\" data-element_type=\"widget\" data-widget_type=\"text-editor.default\">\n\t\t\t\t<div class=\"elementor-widget-container\">\n\t\t\t\t\t\t\t\t\t<h3><span style=\"color: #ffffff;\"><strong>Ajuntament de Onda<\/strong><\/span><\/h3><p><span style=\"color: #ffffff;\"><em>El Pla, 1 &#8211; C.P.: 12200 &#8211; CIF: P1208400J &#8211; Tel\u00e9fono: 964 60 00 50 &#8211;\u00a0<\/em><\/span><\/p><p><span style=\"color: #ffffff;\"><em>N\u00ba Reg. Entidad Local 01120846<\/em><\/span><\/p><p><span style=\"color: #ffffff;\"><a style=\"color: #ffffff;\" href=\"https:\/\/elsalvador.onda.es\/?page_id=546\">Aviso Legal.<\/a> \u2022 <a style=\"color: #ffffff;\" href=\"https:\/\/elsalvador.onda.es\/?page_id=3\">Pol\u00edtica de privacidad.<\/a><\/span><\/p>\t\t\t\t\t\t\t\t<\/div>\n\t\t\t\t<\/div>\n\t\t\t\t<\/div>\n\t\t<div data-particle_enable=\"false\" data-particle-mobile-disabled=\"false\" class=\"elementor-element elementor-element-777f6f4c e-con-full e-flex e-con e-child\" data-id=\"777f6f4c\" data-element_type=\"container\">\n\t\t\t\t<div class=\"elementor-element elementor-element-30a91803 elementor-widget elementor-widget-heading\" data-id=\"30a91803\" data-element_type=\"widget\" data-widget_type=\"heading.default\">\n\t\t\t\t<div class=\"elementor-widget-container\">\n\t\t\t\t\t<h3 class=\"elementor-heading-title elementor-size-default\">Ubicaci\u00f3n<\/h3>\t\t\t\t<\/div>\n\t\t\t\t<\/div>\n\t\t\t\t<div class=\"elementor-element elementor-element-79ae8a8c elementor-widget elementor-widget-google_maps\" data-id=\"79ae8a8c\" data-element_type=\"widget\" data-widget_type=\"google_maps.default\">\n\t\t\t\t<div class=\"elementor-widget-container\">\n\t\t\t\t\t\t\t<div class=\"elementor-custom-embed\">\n\t\t\t<iframe loading=\"lazy\"\n\t\t\t\t\tsrc=\"https:\/\/maps.google.com\/maps?q=Salvador%20Onda&#038;t=m&#038;z=16&#038;output=embed&#038;iwloc=near\"\n\t\t\t\t\ttitle=\"Salvador Onda\"\n\t\t\t\t\taria-label=\"Salvador Onda\"\n\t\t\t><\/iframe>\n\t\t<\/div>\n\t\t\t\t\t\t<\/div>\n\t\t\t\t<\/div>\n\t\t\t\t<\/div>\n\t\t\t\t\t<\/div>\n\t\t\t\t<\/div>\n\t\t\t\t<\/div>\n\t\t","protected":false},"excerpt":{"rendered":"<p>Inicio Historia El Ermitorio La Imagen del Salvador Los Gozos al Salvador Tradiciones Cronolog\u00eda del Culto al Sant\u00edsimo Salvador en Onda A continuaci\u00f3n se presenta una l\u00ednea de tiempo que recorre m\u00e1s de siete siglos de historia alrededor del culto y las transformaciones del ermitorio y la parroquia del Sant\u00edsimo Salvador en Onda. Partiendo de [&hellip;]<\/p>\n","protected":false},"author":2,"featured_media":0,"parent":0,"menu_order":0,"comment_status":"closed","ping_status":"closed","template":"elementor_canvas","meta":{"footnotes":""},"class_list":["post-86","page","type-page","status-publish","hentry"],"yoast_head":"<!-- This site is optimized with the Yoast SEO plugin v24.9 - https:\/\/yoast.com\/wordpress\/plugins\/seo\/ -->\n<title>Historia - El Salvador<\/title>\n<meta name=\"robots\" content=\"index, follow, max-snippet:-1, max-image-preview:large, max-video-preview:-1\" \/>\n<link rel=\"canonical\" href=\"https:\/\/elsalvador.onda.es\/?page_id=86\" \/>\n<meta property=\"og:locale\" content=\"es_ES\" \/>\n<meta property=\"og:type\" content=\"article\" \/>\n<meta property=\"og:title\" content=\"Historia - El Salvador\" \/>\n<meta property=\"og:description\" content=\"Inicio Historia El Ermitorio La Imagen del Salvador Los Gozos al Salvador Tradiciones Cronolog\u00eda del Culto al Sant\u00edsimo Salvador en Onda A continuaci\u00f3n se presenta una l\u00ednea de tiempo que recorre m\u00e1s de siete siglos de historia alrededor del culto y las transformaciones del ermitorio y la parroquia del Sant\u00edsimo Salvador en Onda. Partiendo de [&hellip;]\" \/>\n<meta property=\"og:url\" content=\"https:\/\/elsalvador.onda.es\/?page_id=86\" \/>\n<meta property=\"og:site_name\" content=\"El Salvador\" \/>\n<meta property=\"article:modified_time\" content=\"2025-05-29T10:28:37+00:00\" \/>\n<meta property=\"og:image\" content=\"https:\/\/elsalvador.onda.es\/wp-content\/uploads\/2025\/05\/AJUNTAMENT-ONDA-BLANC-1.png\" \/>\n\t<meta property=\"og:image:width\" content=\"888\" \/>\n\t<meta property=\"og:image:height\" content=\"404\" \/>\n\t<meta property=\"og:image:type\" content=\"image\/png\" \/>\n<meta name=\"twitter:card\" content=\"summary_large_image\" \/>\n<meta name=\"twitter:label1\" content=\"Tiempo de lectura\" \/>\n\t<meta name=\"twitter:data1\" content=\"7 minutos\" \/>\n<script type=\"application\/ld+json\" class=\"yoast-schema-graph\">{\"@context\":\"https:\/\/schema.org\",\"@graph\":[{\"@type\":\"WebPage\",\"@id\":\"https:\/\/elsalvador.onda.es\/?page_id=86\",\"url\":\"https:\/\/elsalvador.onda.es\/?page_id=86\",\"name\":\"Historia - El Salvador\",\"isPartOf\":{\"@id\":\"https:\/\/elsalvador.onda.es\/#website\"},\"primaryImageOfPage\":{\"@id\":\"https:\/\/elsalvador.onda.es\/?page_id=86#primaryimage\"},\"image\":{\"@id\":\"https:\/\/elsalvador.onda.es\/?page_id=86#primaryimage\"},\"thumbnailUrl\":\"https:\/\/elsalvador.onda.es\/wp-content\/uploads\/2025\/05\/AJUNTAMENT-ONDA-BLANC-1.png\",\"datePublished\":\"2025-04-25T10:28:42+00:00\",\"dateModified\":\"2025-05-29T10:28:37+00:00\",\"breadcrumb\":{\"@id\":\"https:\/\/elsalvador.onda.es\/?page_id=86#breadcrumb\"},\"inLanguage\":\"es\",\"potentialAction\":[{\"@type\":\"ReadAction\",\"target\":[\"https:\/\/elsalvador.onda.es\/?page_id=86\"]}]},{\"@type\":\"ImageObject\",\"inLanguage\":\"es\",\"@id\":\"https:\/\/elsalvador.onda.es\/?page_id=86#primaryimage\",\"url\":\"https:\/\/elsalvador.onda.es\/wp-content\/uploads\/2025\/05\/AJUNTAMENT-ONDA-BLANC-1.png\",\"contentUrl\":\"https:\/\/elsalvador.onda.es\/wp-content\/uploads\/2025\/05\/AJUNTAMENT-ONDA-BLANC-1.png\",\"width\":888,\"height\":404},{\"@type\":\"BreadcrumbList\",\"@id\":\"https:\/\/elsalvador.onda.es\/?page_id=86#breadcrumb\",\"itemListElement\":[{\"@type\":\"ListItem\",\"position\":1,\"name\":\"Portada\",\"item\":\"https:\/\/elsalvador.onda.es\/\"},{\"@type\":\"ListItem\",\"position\":2,\"name\":\"Historia\"}]},{\"@type\":\"WebSite\",\"@id\":\"https:\/\/elsalvador.onda.es\/#website\",\"url\":\"https:\/\/elsalvador.onda.es\/\",\"name\":\"El Salvador\",\"description\":\"\",\"potentialAction\":[{\"@type\":\"SearchAction\",\"target\":{\"@type\":\"EntryPoint\",\"urlTemplate\":\"https:\/\/elsalvador.onda.es\/?s={search_term_string}\"},\"query-input\":{\"@type\":\"PropertyValueSpecification\",\"valueRequired\":true,\"valueName\":\"search_term_string\"}}],\"inLanguage\":\"es\"}]}<\/script>\n<!-- \/ Yoast SEO plugin. -->","yoast_head_json":{"title":"Historia - El Salvador","robots":{"index":"index","follow":"follow","max-snippet":"max-snippet:-1","max-image-preview":"max-image-preview:large","max-video-preview":"max-video-preview:-1"},"canonical":"https:\/\/elsalvador.onda.es\/?page_id=86","og_locale":"es_ES","og_type":"article","og_title":"Historia - El Salvador","og_description":"Inicio Historia El Ermitorio La Imagen del Salvador Los Gozos al Salvador Tradiciones Cronolog\u00eda del Culto al Sant\u00edsimo Salvador en Onda A continuaci\u00f3n se presenta una l\u00ednea de tiempo que recorre m\u00e1s de siete siglos de historia alrededor del culto y las transformaciones del ermitorio y la parroquia del Sant\u00edsimo Salvador en Onda. Partiendo de [&hellip;]","og_url":"https:\/\/elsalvador.onda.es\/?page_id=86","og_site_name":"El Salvador","article_modified_time":"2025-05-29T10:28:37+00:00","og_image":[{"width":888,"height":404,"url":"https:\/\/elsalvador.onda.es\/wp-content\/uploads\/2025\/05\/AJUNTAMENT-ONDA-BLANC-1.png","type":"image\/png"}],"twitter_card":"summary_large_image","twitter_misc":{"Tiempo de lectura":"7 minutos"},"schema":{"@context":"https:\/\/schema.org","@graph":[{"@type":"WebPage","@id":"https:\/\/elsalvador.onda.es\/?page_id=86","url":"https:\/\/elsalvador.onda.es\/?page_id=86","name":"Historia - El Salvador","isPartOf":{"@id":"https:\/\/elsalvador.onda.es\/#website"},"primaryImageOfPage":{"@id":"https:\/\/elsalvador.onda.es\/?page_id=86#primaryimage"},"image":{"@id":"https:\/\/elsalvador.onda.es\/?page_id=86#primaryimage"},"thumbnailUrl":"https:\/\/elsalvador.onda.es\/wp-content\/uploads\/2025\/05\/AJUNTAMENT-ONDA-BLANC-1.png","datePublished":"2025-04-25T10:28:42+00:00","dateModified":"2025-05-29T10:28:37+00:00","breadcrumb":{"@id":"https:\/\/elsalvador.onda.es\/?page_id=86#breadcrumb"},"inLanguage":"es","potentialAction":[{"@type":"ReadAction","target":["https:\/\/elsalvador.onda.es\/?page_id=86"]}]},{"@type":"ImageObject","inLanguage":"es","@id":"https:\/\/elsalvador.onda.es\/?page_id=86#primaryimage","url":"https:\/\/elsalvador.onda.es\/wp-content\/uploads\/2025\/05\/AJUNTAMENT-ONDA-BLANC-1.png","contentUrl":"https:\/\/elsalvador.onda.es\/wp-content\/uploads\/2025\/05\/AJUNTAMENT-ONDA-BLANC-1.png","width":888,"height":404},{"@type":"BreadcrumbList","@id":"https:\/\/elsalvador.onda.es\/?page_id=86#breadcrumb","itemListElement":[{"@type":"ListItem","position":1,"name":"Portada","item":"https:\/\/elsalvador.onda.es\/"},{"@type":"ListItem","position":2,"name":"Historia"}]},{"@type":"WebSite","@id":"https:\/\/elsalvador.onda.es\/#website","url":"https:\/\/elsalvador.onda.es\/","name":"El Salvador","description":"","potentialAction":[{"@type":"SearchAction","target":{"@type":"EntryPoint","urlTemplate":"https:\/\/elsalvador.onda.es\/?s={search_term_string}"},"query-input":{"@type":"PropertyValueSpecification","valueRequired":true,"valueName":"search_term_string"}}],"inLanguage":"es"}]}},"_links":{"self":[{"href":"https:\/\/elsalvador.onda.es\/index.php?rest_route=\/wp\/v2\/pages\/86","targetHints":{"allow":["GET"]}}],"collection":[{"href":"https:\/\/elsalvador.onda.es\/index.php?rest_route=\/wp\/v2\/pages"}],"about":[{"href":"https:\/\/elsalvador.onda.es\/index.php?rest_route=\/wp\/v2\/types\/page"}],"author":[{"embeddable":true,"href":"https:\/\/elsalvador.onda.es\/index.php?rest_route=\/wp\/v2\/users\/2"}],"replies":[{"embeddable":true,"href":"https:\/\/elsalvador.onda.es\/index.php?rest_route=%2Fwp%2Fv2%2Fcomments&post=86"}],"version-history":[{"count":61,"href":"https:\/\/elsalvador.onda.es\/index.php?rest_route=\/wp\/v2\/pages\/86\/revisions"}],"predecessor-version":[{"id":601,"href":"https:\/\/elsalvador.onda.es\/index.php?rest_route=\/wp\/v2\/pages\/86\/revisions\/601"}],"wp:attachment":[{"href":"https:\/\/elsalvador.onda.es\/index.php?rest_route=%2Fwp%2Fv2%2Fmedia&parent=86"}],"curies":[{"name":"wp","href":"https:\/\/api.w.org\/{rel}","templated":true}]}}